{"id":348,"date":"2022-09-26T08:30:04","date_gmt":"2022-09-26T08:30:04","guid":{"rendered":"https:\/\/die-pension-auw.de\/ueber-die-pension"},"modified":"2024-10-02T12:26:46","modified_gmt":"2024-10-02T12:26:46","slug":"a-propos-pension","status":"publish","type":"page","link":"https:\/\/die-pension-auw.de\/fr\/a-propos-pension","title":{"rendered":"\u00c0 propos de DIE PENSION"},"content":{"rendered":"<p>[et_pb_section fb_built=\u00a0\u00bb1&Prime; admin_label=\u00a0\u00bbHeader\u00a0\u00bb _builder_version=\u00a0\u00bb4.27.0&Prime; use_background_color_gradient=\u00a0\u00bbon\u00a0\u00bb background_color_gradient_type=\u00a0\u00bbcircular\u00a0\u00bb background_color_gradient_direction_radial=\u00a0\u00bbtop left\u00a0\u00bb background_color_gradient_stops=\u00a0\u00bbrgba(255,255,255,0.89) 30%|rgba(255,255,255,0) 80%\u00a0\u00bb background_color_gradient_overlays_image=\u00a0\u00bbon\u00a0\u00bb background_color_gradient_start=\u00a0\u00bbrgba(255,255,255,0.89)\u00a0\u00bb background_color_gradient_start_position=\u00a0\u00bb30%\u00a0\u00bb background_color_gradient_end=\u00a0\u00bbrgba(255,255,255,0)\u00a0\u00bb background_color_gradient_end_position=\u00a0\u00bb80%\u00a0\u00bb background_image=\u00a0\u00bbhttps:\/\/die-pension-auw.de\/wp-content\/uploads\/2024\/09\/highlights-scaled.jpg\u00a0\u00bb custom_margin=\u00a0\u00bb|||\u00a0\u00bb custom_padding=\u00a0\u00bb8vw|0px|0|0px|false|false\u00a0\u00bb locked=\u00a0\u00bboff\u00a0\u00bb global_colors_info=\u00a0\u00bb{}\u00a0\u00bb][et_pb_row _builder_version=\u00a0\u00bb4.16&Prime; global_colors_info=\u00a0\u00bb{}\u00a0\u00bb][et_pb_column type=\u00a0\u00bb4_4&Prime; _builder_version=\u00a0\u00bb4.16&Prime; custom_padding=\u00a0\u00bb|||\u00a0\u00bb global_colors_info=\u00a0\u00bb{}\u00a0\u00bb custom_padding__hover=\u00a0\u00bb|||\u00a0\u00bb][et_pb_text _builder_version=\u00a0\u00bb4.21.0&Prime; text_font=\u00a0\u00bb||||||||\u00a0\u00bb header_font=\u00a0\u00bbRaleway|700|||||||\u00a0\u00bb header_font_size=\u00a0\u00bb80px\u00a0\u00bb header_line_height=\u00a0\u00bb1.2em\u00a0\u00bb header_5_font=\u00a0\u00bbRaleway|700||on|||||\u00a0\u00bb header_5_text_color=\u00a0\u00bb#000000&Prime; header_5_font_size=\u00a0\u00bb20px\u00a0\u00bb header_5_letter_spacing=\u00a0\u00bb0.5em\u00a0\u00bb header_5_line_height=\u00a0\u00bb1.8em\u00a0\u00bb animation_style=\u00a0\u00bbzoom\u00a0\u00bb animation_intensity_zoom=\u00a0\u00bb5%\u00a0\u00bb header_font_size_tablet=\u00a0\u00bb48px\u00a0\u00bb header_font_size_phone=\u00a0\u00bb32px\u00a0\u00bb header_font_size_last_edited=\u00a0\u00bbon|phone\u00a0\u00bb header_5_font_size_tablet=\u00a0\u00bb14px\u00a0\u00bb header_5_font_size_phone=\u00a0\u00bb12px\u00a0\u00bb header_5_font_size_last_edited=\u00a0\u00bbon|desktop\u00a0\u00bb global_colors_info=\u00a0\u00bb{}\u00a0\u00bb]<\/p>\n<h5>Informations<\/h5>\n<h1>\u00c0 propos de La Pension<br \/> la r\u00e9gion<\/h1>\n<p>[\/et_pb_text][\/et_pb_column][\/et_pb_row][et_pb_row column_structure=\u00a0\u00bb1_4,1_4,1_4,1_4&Prime; use_custom_gutter=\u00a0\u00bbon\u00a0\u00bb gutter_width=\u00a0\u00bb2&Prime; make_equal=\u00a0\u00bbon\u00a0\u00bb custom_padding_last_edited=\u00a0\u00bbon|desktop\u00a0\u00bb _builder_version=\u00a0\u00bb4.16&Prime; background_color=\u00a0\u00bb#ffffff\u00a0\u00bb width=\u00a0\u00bb90%\u00a0\u00bb max_width=\u00a0\u00bb90%\u00a0\u00bb module_alignment=\u00a0\u00bbleft\u00a0\u00bb custom_margin=\u00a0\u00bb8vw||||false\u00a0\u00bb custom_padding=\u00a0\u00bb70px|40px|70px|15vw|true|false\u00a0\u00bb custom_padding_tablet=\u00a0\u00bb|||10vw\u00a0\u00bb custom_padding_phone=\u00a0\u00bb\u00a0\u00bb animation_style=\u00a0\u00bbslide\u00a0\u00bb animation_direction=\u00a0\u00bbleft\u00a0\u00bb animation_intensity_slide=\u00a0\u00bb5%\u00a0\u00bb use_custom_width=\u00a0\u00bbon\u00a0\u00bb width_unit=\u00a0\u00bboff\u00a0\u00bb custom_width_percent=\u00a0\u00bb90%\u00a0\u00bb locked=\u00a0\u00bboff\u00a0\u00bb global_colors_info=\u00a0\u00bb{}\u00a0\u00bb][et_pb_column type=\u00a0\u00bb1_4&Prime; _builder_version=\u00a0\u00bb4.16&Prime; custom_padding=\u00a0\u00bb|||\u00a0\u00bb custom_padding_tablet=\u00a0\u00bb40px|||\u00a0\u00bb custom_padding_phone=\u00a0\u00bb20px|||\u00a0\u00bb custom_padding_last_edited=\u00a0\u00bboff|desktop\u00a0\u00bb global_colors_info=\u00a0\u00bb{}\u00a0\u00bb padding_phone=\u00a0\u00bb20px|||\u00a0\u00bb padding_tablet=\u00a0\u00bb40px|||\u00a0\u00bb padding_last_edited=\u00a0\u00bboff|desktop\u00a0\u00bb custom_padding__hover=\u00a0\u00bb|||\u00a0\u00bb][et_pb_blurb title=\u00a0\u00bbAuw pr\u00e8s de Pr\u00fcm\u00a0\u00bb use_icon=\u00a0\u00bbon\u00a0\u00bb font_icon=\u00a0\u00bb&#xe081;||divi||400&Prime; icon_color=\u00a0\u00bb#c3cfd6&Prime; icon_placement=\u00a0\u00bbleft\u00a0\u00bb image_icon_width=\u00a0\u00bb24px\u00a0\u00bb _builder_version=\u00a0\u00bb4.21.0&Prime; header_level=\u00a0\u00bbh5&Prime; header_font=\u00a0\u00bbRaleway|700|||||||\u00a0\u00bb header_line_height=\u00a0\u00bb1.4em\u00a0\u00bb icon_font_size=\u00a0\u00bb24px\u00a0\u00bb global_colors_info=\u00a0\u00bb{}\u00a0\u00bb][\/et_pb_blurb][\/et_pb_column][et_pb_column type=\u00a0\u00bb1_4&Prime; _builder_version=\u00a0\u00bb4.16&Prime; custom_padding=\u00a0\u00bb|||\u00a0\u00bb custom_padding_tablet=\u00a0\u00bb40px|||\u00a0\u00bb custom_padding_phone=\u00a0\u00bb20px|||\u00a0\u00bb custom_padding_last_edited=\u00a0\u00bboff|desktop\u00a0\u00bb global_colors_info=\u00a0\u00bb{}\u00a0\u00bb padding_phone=\u00a0\u00bb20px|||\u00a0\u00bb padding_tablet=\u00a0\u00bb40px|||\u00a0\u00bb padding_last_edited=\u00a0\u00bboff|desktop\u00a0\u00bb custom_padding__hover=\u00a0\u00bb|||\u00a0\u00bb][et_pb_blurb title=\u00a0\u00bbLa maison a 100+ ans\u00a0\u00bb use_icon=\u00a0\u00bbon\u00a0\u00bb font_icon=\u00a0\u00bb&#xe0e1;||divi||400&Prime; icon_color=\u00a0\u00bb#c3cfd6&Prime; icon_placement=\u00a0\u00bbleft\u00a0\u00bb image_icon_width=\u00a0\u00bb24px\u00a0\u00bb _builder_version=\u00a0\u00bb4.27.0&Prime; header_level=\u00a0\u00bbh5&Prime; header_font=\u00a0\u00bbRaleway|700|||||||\u00a0\u00bb header_line_height=\u00a0\u00bb1.4em\u00a0\u00bb icon_font_size=\u00a0\u00bb24px\u00a0\u00bb global_colors_info=\u00a0\u00bb{}\u00a0\u00bb][\/et_pb_blurb][\/et_pb_column][et_pb_column type=\u00a0\u00bb1_4&Prime; _builder_version=\u00a0\u00bb4.16&Prime; custom_padding=\u00a0\u00bb|||\u00a0\u00bb custom_padding_tablet=\u00a0\u00bb40px|||\u00a0\u00bb custom_padding_phone=\u00a0\u00bb20px|||\u00a0\u00bb custom_padding_last_edited=\u00a0\u00bboff|desktop\u00a0\u00bb global_colors_info=\u00a0\u00bb{}\u00a0\u00bb padding_phone=\u00a0\u00bb20px|||\u00a0\u00bb padding_tablet=\u00a0\u00bb40px|||\u00a0\u00bb padding_last_edited=\u00a0\u00bboff|desktop\u00a0\u00bb custom_padding__hover=\u00a0\u00bb|||\u00a0\u00bb][et_pb_blurb title=\u00a0\u00bb4 chambres, 8 h\u00f4tes + Appartement\u00a0\u00bb use_icon=\u00a0\u00bbon\u00a0\u00bb font_icon=\u00a0\u00bb&#xe074;||divi||400&Prime; icon_color=\u00a0\u00bb#c3cfd6&Prime; icon_placement=\u00a0\u00bbleft\u00a0\u00bb image_icon_width=\u00a0\u00bb24px\u00a0\u00bb _builder_version=\u00a0\u00bb4.21.0&Prime; header_level=\u00a0\u00bbh5&Prime; header_font=\u00a0\u00bbRaleway|700|||||||\u00a0\u00bb header_line_height=\u00a0\u00bb1.4em\u00a0\u00bb icon_font_size=\u00a0\u00bb24px\u00a0\u00bb global_colors_info=\u00a0\u00bb{}\u00a0\u00bb][\/et_pb_blurb][\/et_pb_column][et_pb_column type=\u00a0\u00bb1_4&Prime; _builder_version=\u00a0\u00bb4.16&Prime; custom_padding=\u00a0\u00bb|||\u00a0\u00bb custom_padding_tablet=\u00a0\u00bb20px||20px||true\u00a0\u00bb custom_padding_last_edited=\u00a0\u00bboff|desktop\u00a0\u00bb global_colors_info=\u00a0\u00bb{}\u00a0\u00bb padding_tablet=\u00a0\u00bb20px||20px||true\u00a0\u00bb padding_last_edited=\u00a0\u00bboff|desktop\u00a0\u00bb custom_padding__hover=\u00a0\u00bb|||\u00a0\u00bb][et_pb_blurb title=\u00a0\u00bb\u00e0 partir de 65 euros\/nuit\u00a0\u00bb use_icon=\u00a0\u00bbon\u00a0\u00bb font_icon=\u00a0\u00bb&#xe07b;||divi||400&Prime; icon_color=\u00a0\u00bb#c3cfd6&Prime; icon_placement=\u00a0\u00bbleft\u00a0\u00bb image_icon_width=\u00a0\u00bb24px\u00a0\u00bb _builder_version=\u00a0\u00bb4.26.0&Prime; header_level=\u00a0\u00bbh5&Prime; header_font=\u00a0\u00bbRaleway|700|||||||\u00a0\u00bb header_line_height=\u00a0\u00bb1.4em\u00a0\u00bb icon_font_size=\u00a0\u00bb24px\u00a0\u00bb locked=\u00a0\u00bboff\u00a0\u00bb global_colors_info=\u00a0\u00bb{}\u00a0\u00bb][\/et_pb_blurb][\/et_pb_column][\/et_pb_row][\/et_pb_section][et_pb_section fb_built=\u00a0\u00bb1&Prime; admin_label=\u00a0\u00bbHistory\u00a0\u00bb _builder_version=\u00a0\u00bb4.16&Prime; global_colors_info=\u00a0\u00bb{}\u00a0\u00bb][et_pb_row _builder_version=\u00a0\u00bb4.16&Prime; locked=\u00a0\u00bboff\u00a0\u00bb global_colors_info=\u00a0\u00bb{}\u00a0\u00bb][et_pb_column type=\u00a0\u00bb4_4&Prime; _builder_version=\u00a0\u00bb4.16&Prime; custom_padding=\u00a0\u00bb|||\u00a0\u00bb global_colors_info=\u00a0\u00bb{}\u00a0\u00bb custom_padding__hover=\u00a0\u00bb|||\u00a0\u00bb][et_pb_text _builder_version=\u00a0\u00bb4.27.0&Prime; text_font=\u00a0\u00bb||||||||\u00a0\u00bb text_font_size=\u00a0\u00bb16px\u00a0\u00bb text_line_height=\u00a0\u00bb2em\u00a0\u00bb header_font=\u00a0\u00bb||||||||\u00a0\u00bb header_2_font=\u00a0\u00bbRaleway|700|||||||\u00a0\u00bb header_2_font_size=\u00a0\u00bb50px\u00a0\u00bb header_2_line_height=\u00a0\u00bb1.2em\u00a0\u00bb header_6_font=\u00a0\u00bbRaleway|700||on|||||\u00a0\u00bb header_6_font_size=\u00a0\u00bb16px\u00a0\u00bb header_6_letter_spacing=\u00a0\u00bb5px\u00a0\u00bb header_6_line_height=\u00a0\u00bb1.8em\u00a0\u00bb text_orientation=\u00a0\u00bbcenter\u00a0\u00bb max_width=\u00a0\u00bb700px\u00a0\u00bb module_alignment=\u00a0\u00bbcenter\u00a0\u00bb header_2_font_size_tablet=\u00a0\u00bb35px\u00a0\u00bb header_2_font_size_phone=\u00a0\u00bb25px\u00a0\u00bb header_2_font_size_last_edited=\u00a0\u00bbon|phone\u00a0\u00bb global_colors_info=\u00a0\u00bb{}\u00a0\u00bb]<\/p>\n<h6>Auw pr\u00e8s de Pr\u00fcm<\/h6>\n<h2>Les environs<\/h2>\n<div>Bienvenue dans la magnifique r\u00e9gion autour d&rsquo;Auw bei Pr\u00fcm dans la Schneifel ! Plongez dans un paysage idyllique qui vous enchantera par sa beaut\u00e9 naturelle. Vous y trouverez des collines pittoresques, des for\u00eats luxuriantes et des eaux scintillantes qui vous invitent \u00e0 vous attarder et \u00e0 explorer.  <\/div>\n<div><\/div>\n<div>La r\u00e9gion autour d&rsquo;Auw bei Pr\u00fcm offre une multitude de possibilit\u00e9s de loisirs pour les amoureux de la nature et les passionn\u00e9s de plein air. Profitez de longues randonn\u00e9es le long des nombreux sentiers qui vous m\u00e8neront \u00e0 travers des panoramas \u00e0 couper le souffle. Des douces collines au \u00ab Schwarzer Mann \u00bb (le point culminant de la Schneifel), il y en a pour tous les go\u00fbts. D\u00e9couvrez le charmant m\u00e9lange de tradition et de modernit\u00e9 en fl\u00e2nant dans les villages pittoresques et en faisant l&rsquo;exp\u00e9rience de l&rsquo;hospitalit\u00e9 chaleureuse des autochtones.   <\/div>\n<div><\/div>\n<div><span>Ou d\u00e9couvrez le monde fascinant des oiseaux de la r\u00e9gion : partez en excursion d&rsquo;observation des oiseaux et d\u00e9couvrez des esp\u00e8ces comme le majestueux milan, le tr\u00e8s impressionnant h\u00e9ron gris et les innombrables petites esp\u00e8ces d&rsquo;oiseaux. Avec un peu de chance, vous pourrez \u00e9galement apercevoir des oiseaux migrateurs rares pendant leurs p\u00e9riodes de repos et de reproduction. Observez-les au milieu d&rsquo;une nature intacte, \u00e9coutez leur chant et laissez-vous envo\u00fbter par leur beaut\u00e9. Cet endroit vous ravira en tant qu&rsquo;ornithologue avec ses riches populations d&rsquo;oiseaux et la possibilit\u00e9 de faire des observations uniques.   <\/span><\/div>\n<div><\/div>\n<div>Que vous recherchiez le calme de la nature, que vous d\u00e9couvriez des tr\u00e9sors historiques ou que vous souhaitiez simplement profiter de la beaut\u00e9 des environs, la r\u00e9gion autour d&rsquo;Auw bei Pr\u00fcm dans la Schneifel vous enchantera par sa diversit\u00e9 et sa beaut\u00e9. D\u00e9couvrez cette r\u00e9gion extraordinaire et laissez-vous impressionner par sa splendeur naturelle. <\/div>\n<p>[\/et_pb_text][\/et_pb_column][\/et_pb_row][et_pb_row use_custom_gutter=\u00a0\u00bbon\u00a0\u00bb gutter_width=\u00a0\u00bb2&Prime; _builder_version=\u00a0\u00bb4.27.2&Prime; hover_enabled=\u00a0\u00bb0&Prime; global_colors_info=\u00a0\u00bb{}\u00a0\u00bb sticky_enabled=\u00a0\u00bb0&Prime;][et_pb_column type=\u00a0\u00bb4_4&Prime; _builder_version=\u00a0\u00bb4.16&Prime; custom_padding=\u00a0\u00bb|||\u00a0\u00bb global_colors_info=\u00a0\u00bb{}\u00a0\u00bb custom_padding__hover=\u00a0\u00bb|||\u00a0\u00bb][et_pb_gallery _builder_version=\u00a0\u00bb4.27.2&Prime; _module_preset=\u00a0\u00bbdefault\u00a0\u00bb gallery_ids=\u00a0\u00bb1749,1754,1814,1759,1764,1779,1769,1774,1789,1784,1809,1794,1799,1804,1819,1825&Prime; posts_number=\u00a0\u00bb16&Prime; show_title_and_caption=\u00a0\u00bboff\u00a0\u00bb show_pagination=\u00a0\u00bboff\u00a0\u00bb hover_icon=\u00a0\u00bbP||divi||400&Prime; global_colors_info=\u00a0\u00bb{%22gcid-primary-color%22:%91%22hover_overlay_color%22%93}\u00a0\u00bb hover_overlay_color=\u00a0\u00bbgcid-primary-color\u00a0\u00bb box_shadow_style_image=\u00a0\u00bbpreset2&Prime; zoom_icon_color=\u00a0\u00bbrgba(224,153,0,0.15)\u00a0\u00bb mix_blend_mode=\u00a0\u00bbsoft-light\u00a0\u00bb hover_enabled=\u00a0\u00bb0&Prime; sticky_enabled=\u00a0\u00bb0&Prime;][\/et_pb_gallery][\/et_pb_column][\/et_pb_row][et_pb_row _builder_version=\u00a0\u00bb4.27.0&Prime; _module_preset=\u00a0\u00bbdefault\u00a0\u00bb global_colors_info=\u00a0\u00bb{}\u00a0\u00bb][et_pb_column type=\u00a0\u00bb4_4&Prime; _builder_version=\u00a0\u00bb4.27.0&Prime; _module_preset=\u00a0\u00bbdefault\u00a0\u00bb global_colors_info=\u00a0\u00bb{}\u00a0\u00bb][et_pb_text _builder_version=\u00a0\u00bb4.27.0&Prime; text_font=\u00a0\u00bb||||||||\u00a0\u00bb text_font_size=\u00a0\u00bb16px\u00a0\u00bb text_line_height=\u00a0\u00bb2em\u00a0\u00bb header_font=\u00a0\u00bb||||||||\u00a0\u00bb header_2_font=\u00a0\u00bbRaleway|700|||||||\u00a0\u00bb header_2_font_size=\u00a0\u00bb50px\u00a0\u00bb header_2_line_height=\u00a0\u00bb1.2em\u00a0\u00bb header_3_font=\u00a0\u00bb|600|||||||\u00a0\u00bb header_3_font_size=\u00a0\u00bb24px\u00a0\u00bb header_6_font=\u00a0\u00bbRaleway|700||on|||||\u00a0\u00bb header_6_font_size=\u00a0\u00bb16px\u00a0\u00bb header_6_letter_spacing=\u00a0\u00bb5px\u00a0\u00bb header_6_line_height=\u00a0\u00bb1.8em\u00a0\u00bb text_orientation=\u00a0\u00bbcenter\u00a0\u00bb max_width=\u00a0\u00bb700px\u00a0\u00bb module_alignment=\u00a0\u00bbcenter\u00a0\u00bb header_2_font_size_tablet=\u00a0\u00bb35px\u00a0\u00bb header_2_font_size_phone=\u00a0\u00bb25px\u00a0\u00bb header_2_font_size_last_edited=\u00a0\u00bbon|phone\u00a0\u00bb global_colors_info=\u00a0\u00bb{}\u00a0\u00bb]<\/p>\n<h3>Et en cas de pluie ?<\/h3>\n<div>\n<p>M\u00eame s&rsquo;il pleut \u00e0 Auw bei Pr\u00fcm, il y a dans les environs de nombreux buts d&rsquo;excursion et activit\u00e9s int\u00e9ressants que vous pouvez entreprendre en tant que visiteur :<\/p>\n<p><strong>Mus\u00e9es et expositions<\/strong><\/p>\n<p>Dans les environs imm\u00e9diats, vous trouverez quelques mus\u00e9es passionnants qui m\u00e9ritent une visite. Le Lava-Dome &#8211; Deutsches Vulkanmuseum offre un aper\u00e7u fascinant de l&rsquo;histoire volcanique de la r\u00e9gion. Vous pourrez en apprendre davantage sur la g\u00e9ologie et le volcanisme tout en restant au sec. Le mus\u00e9e local de Pr\u00fcm permet de faire un voyage dans le temps et de d\u00e9couvrir le pass\u00e9 de la r\u00e9gion de Pr\u00fcm. Vous pourrez y explorer l&rsquo;histoire vari\u00e9e de la r\u00e9gion.    <\/p>\n<p><strong>Vivre la culture<\/strong><\/p>\n<p>L&rsquo;usine de culture et de loisirs Zikkurat est une autre option int\u00e9ressante pour les jours de pluie. Des \u00e9v\u00e9nements et des expositions y sont r\u00e9guli\u00e8rement organis\u00e9s, offrant un aper\u00e7u de la culture et de l&rsquo;histoire locales. <\/p>\n<p><strong>Piscines<\/strong><\/p>\n<p>Une visite dans l&rsquo;une des piscines couvertes des environs, par exemple au Kurcenter de Pr\u00fcm, peut \u00e9galement \u00eatre une distraction agr\u00e9able par temps de pluie. Vous pouvez y nager, vous d\u00e9tendre et \u00e9chapper au temps maussade \u00e0 l&rsquo;ext\u00e9rieur.  <\/p>\n<p><strong>Mines<\/strong><\/p>\n<p>La mine de M\u00fchlenberger Stollen \u00e0 Bleialf offre un aper\u00e7u fascinant de l&rsquo;histoire de l&rsquo;exploitation mini\u00e8re du plomb dans l&rsquo;Eifel. Depuis 1987, la M\u00fchlenberger Stollen est accessible en tant que mine pour visiteurs. Les visiteurs peuvent participer \u00e0 des visites guid\u00e9es d&rsquo;une heure.  <\/p>\n<p>La mine \u00ab Grube Wohlfahrt \u00bb, \u00e0 Hellenthal, est \u00e9galement un but d&rsquo;excursion int\u00e9ressant, o\u00f9 l&rsquo;on peut voir une plage fossilis\u00e9e de la mer primitive de l&rsquo;Eifel, des gravures rupestres et des min\u00e9raux.<\/p>\n<p><strong>Science<\/strong><\/p>\n<p>L&rsquo;Euro Space Center en Belgique est un mus\u00e9e scientifique fascinant et un centre de d\u00e9couverte d\u00e9di\u00e9 \u00e0 l&rsquo;espace. Il est situ\u00e9 \u00e0 Transinne, en Belgique. On y trouve diff\u00e9rentes expositions et des simulateurs, par exemple le Free Fall Slide.   <\/p>\n<p><strong>Shopping<\/strong><\/p>\n<p>Le centre commercial Massen \u00e0 Wemperhardt, Luxembourg, est la principale destination de shopping dans la r\u00e9gion. Il est ouvert tous les jours de 7h30 \u00e0 19h00. (\u00e9galement le dimanche et la plupart des jours f\u00e9ri\u00e9s).  <\/p>\n<p><strong>Visite de une brasserie<\/strong><\/p>\n<p>La brasserie Bitburger est une brasserie traditionnelle et importante en Allemagne. En plus de la brasserie proprement dite, il y a le Bitburger Erlebniswelt, qui propose des visites guid\u00e9es, permet de d\u00e9couvrir l&rsquo;histoire de l&rsquo;entreprise et le processus de brassage et offre une d\u00e9gustation \u00e0 la fin de la visite. <\/p>\n<p>La c\u00e9l\u00e8bre Brasserie d&rsquo;Achouffe, situ\u00e9e dans les Ardennes belges, est une destination qui vaut la peine d&rsquo;\u00eatre visit\u00e9e par les amateurs de bi\u00e8re. Les visiteurs peuvent y d\u00e9couvrir la production de la fameuse bi\u00e8re La Chouffe et, bien entendu, la d\u00e9guster. <\/p>\n<p>Vous trouverez de nombreuses informations suppl\u00e9mentaires dans notre <strong>dossier d&rsquo;accueil<\/strong> sur place.<\/div>\n<p>[\/et_pb_text][\/et_pb_column][\/et_pb_row][\/et_pb_section][et_pb_section fb_built=\u00a0\u00bb1&Prime; admin_label=\u00a0\u00bbAccommodations\u00a0\u00bb _builder_version=\u00a0\u00bb4.27.0&Prime; use_background_color_gradient=\u00a0\u00bbon\u00a0\u00bb background_color_gradient_direction=\u00a0\u00bb150deg\u00a0\u00bb background_color_gradient_stops=\u00a0\u00bb#2f3a44 25%|rgba(38,46,53,0) 100%\u00a0\u00bb background_color_gradient_overlays_image=\u00a0\u00bbon\u00a0\u00bb background_color_gradient_start=\u00a0\u00bb#2f3a44&Prime; background_color_gradient_start_position=\u00a0\u00bb25%\u00a0\u00bb background_color_gradient_end=\u00a0\u00bbrgba(38,46,53,0)\u00a0\u00bb background_image=\u00a0\u00bbhttps:\/\/die-pension-auw.de\/wp-content\/uploads\/2024\/09\/zimmer_view-scaled.jpg\u00a0\u00bb custom_padding=\u00a0\u00bb8vw|0px|280px|0px|false|false\u00a0\u00bb locked=\u00a0\u00bboff\u00a0\u00bb global_colors_info=\u00a0\u00bb{}\u00a0\u00bb][et_pb_row column_structure=\u00a0\u00bb1_2,1_6,1_6,1_6&Prime; _builder_version=\u00a0\u00bb4.16&Prime; locked=\u00a0\u00bboff\u00a0\u00bb global_colors_info=\u00a0\u00bb{}\u00a0\u00bb][et_pb_column type=\u00a0\u00bb1_2&Prime; _builder_version=\u00a0\u00bb4.16&Prime; custom_padding=\u00a0\u00bb|||\u00a0\u00bb global_colors_info=\u00a0\u00bb{}\u00a0\u00bb custom_padding__hover=\u00a0\u00bb|||\u00a0\u00bb][et_pb_text _builder_version=\u00a0\u00bb4.26.0&Prime; text_font=\u00a0\u00bb||||||||\u00a0\u00bb text_font_size=\u00a0\u00bb16px\u00a0\u00bb text_line_height=\u00a0\u00bb2em\u00a0\u00bb header_font=\u00a0\u00bb||||||||\u00a0\u00bb header_2_font=\u00a0\u00bbRaleway|700|||||||\u00a0\u00bb header_2_font_size=\u00a0\u00bb50px\u00a0\u00bb header_2_line_height=\u00a0\u00bb1.2em\u00a0\u00bb header_6_font=\u00a0\u00bbRaleway|700||on|||||\u00a0\u00bb header_6_font_size=\u00a0\u00bb16px\u00a0\u00bb header_6_letter_spacing=\u00a0\u00bb5px\u00a0\u00bb header_6_line_height=\u00a0\u00bb1.8em\u00a0\u00bb background_layout=\u00a0\u00bbdark\u00a0\u00bb max_width_tablet=\u00a0\u00bb\u00a0\u00bb max_width_phone=\u00a0\u00bb\u00a0\u00bb max_width_last_edited=\u00a0\u00bbon|desktop\u00a0\u00bb header_2_font_size_tablet=\u00a0\u00bb35px\u00a0\u00bb header_2_font_size_phone=\u00a0\u00bb25px\u00a0\u00bb header_2_font_size_last_edited=\u00a0\u00bbon|phone\u00a0\u00bb locked=\u00a0\u00bboff\u00a0\u00bb global_colors_info=\u00a0\u00bb{}\u00a0\u00bb]<\/p>\n<h2>H\u00e9bergement  s\u00e9jour<\/h2>\n<p>Nous proposons diff\u00e9rentes chambres pour une ou deux personnes, nous ne faisons pas de diff\u00e9rence dans le prix de la nuit\u00e9e par chambre et nous esp\u00e9rons pouvoir vous offrir un foyer loin de chez vous.<\/p>\n<p>[\/et_pb_text][\/et_pb_column][et_pb_column type=\u00a0\u00bb1_6&Prime; _builder_version=\u00a0\u00bb4.16&Prime; custom_padding=\u00a0\u00bb|||\u00a0\u00bb global_colors_info=\u00a0\u00bb{}\u00a0\u00bb custom_padding__hover=\u00a0\u00bb|||\u00a0\u00bb][et_pb_number_counter title=\u00a0\u00bbChambre double\u00a0\u00bb number=\u00a0\u00bb4&Prime; percent_sign=\u00a0\u00bboff\u00a0\u00bb _builder_version=\u00a0\u00bb4.21.0&Prime; title_font=\u00a0\u00bb||||||||\u00a0\u00bb title_font_size=\u00a0\u00bb14px\u00a0\u00bb number_font=\u00a0\u00bbRaleway|700|||||||\u00a0\u00bb number_text_color=\u00a0\u00bb#b2b9c4&Prime; number_font_size=\u00a0\u00bb48px\u00a0\u00bb number_line_height=\u00a0\u00bb100px\u00a0\u00bb background_layout=\u00a0\u00bbdark\u00a0\u00bb locked=\u00a0\u00bboff\u00a0\u00bb global_colors_info=\u00a0\u00bb{}\u00a0\u00bb][\/et_pb_number_counter][\/et_pb_column][et_pb_column type=\u00a0\u00bb1_6&Prime; _builder_version=\u00a0\u00bb4.16&Prime; custom_padding=\u00a0\u00bb|||\u00a0\u00bb global_colors_info=\u00a0\u00bb{}\u00a0\u00bb custom_padding__hover=\u00a0\u00bb|||\u00a0\u00bb][et_pb_number_counter title=\u00a0\u00bbSalles de bain\u00a0\u00bb number=\u00a0\u00bb3&Prime; percent_sign=\u00a0\u00bboff\u00a0\u00bb _builder_version=\u00a0\u00bb4.21.0&Prime; title_font=\u00a0\u00bb||||||||\u00a0\u00bb title_font_size=\u00a0\u00bb14px\u00a0\u00bb number_font=\u00a0\u00bbRaleway|700|||||||\u00a0\u00bb number_text_color=\u00a0\u00bb#b2b9c4&Prime; number_font_size=\u00a0\u00bb48px\u00a0\u00bb number_line_height=\u00a0\u00bb100px\u00a0\u00bb background_layout=\u00a0\u00bbdark\u00a0\u00bb locked=\u00a0\u00bboff\u00a0\u00bb global_colors_info=\u00a0\u00bb{}\u00a0\u00bb][\/et_pb_number_counter][\/et_pb_column][et_pb_column type=\u00a0\u00bb1_6&Prime; _builder_version=\u00a0\u00bb4.16&Prime; custom_padding=\u00a0\u00bb|||\u00a0\u00bb global_colors_info=\u00a0\u00bb{}\u00a0\u00bb custom_padding__hover=\u00a0\u00bb|||\u00a0\u00bb][et_pb_number_counter title=\u00a0\u00bbH\u00f4tes\u00a0\u00bb number=\u00a0\u00bb8&Prime; percent_sign=\u00a0\u00bboff\u00a0\u00bb _builder_version=\u00a0\u00bb4.21.0&Prime; title_font=\u00a0\u00bb||||||||\u00a0\u00bb title_font_size=\u00a0\u00bb14px\u00a0\u00bb number_font=\u00a0\u00bbRaleway|700|||||||\u00a0\u00bb number_text_color=\u00a0\u00bb#b2b9c4&Prime; number_font_size=\u00a0\u00bb48px\u00a0\u00bb number_line_height=\u00a0\u00bb100px\u00a0\u00bb background_layout=\u00a0\u00bbdark\u00a0\u00bb locked=\u00a0\u00bboff\u00a0\u00bb global_colors_info=\u00a0\u00bb{}\u00a0\u00bb][\/et_pb_number_counter][\/et_pb_column][\/et_pb_row][\/et_pb_section][et_pb_section fb_built=\u00a0\u00bb1&Prime; disabled_on=\u00a0\u00bbon|off|off\u00a0\u00bb admin_label=\u00a0\u00bbAmenities\u00a0\u00bb _builder_version=\u00a0\u00bb4.27.0&Prime; background_color=\u00a0\u00bb#ffffff\u00a0\u00bb max_width=\u00a0\u00bb90%\u00a0\u00bb max_width_tablet=\u00a0\u00bb\u00a0\u00bb max_width_phone=\u00a0\u00bb100%\u00a0\u00bb max_width_last_edited=\u00a0\u00bbon|phone\u00a0\u00bb custom_margin=\u00a0\u00bb-160px|||\u00a0\u00bb border_color_all=\u00a0\u00bb#ffffff\u00a0\u00bb border_width_left=\u00a0\u00bb10vw\u00a0\u00bb locked=\u00a0\u00bboff\u00a0\u00bb global_colors_info=\u00a0\u00bb{}\u00a0\u00bb][et_pb_row _builder_version=\u00a0\u00bb4.16&Prime; custom_margin=\u00a0\u00bb||60px|\u00a0\u00bb locked=\u00a0\u00bboff\u00a0\u00bb global_colors_info=\u00a0\u00bb{}\u00a0\u00bb][et_pb_column type=\u00a0\u00bb4_4&Prime; _builder_version=\u00a0\u00bb4.16&Prime; custom_padding=\u00a0\u00bb|||\u00a0\u00bb global_colors_info=\u00a0\u00bb{}\u00a0\u00bb custom_padding__hover=\u00a0\u00bb|||\u00a0\u00bb][et_pb_text _builder_version=\u00a0\u00bb4.26.0&Prime; text_font=\u00a0\u00bb||||||||\u00a0\u00bb text_font_size=\u00a0\u00bb16px\u00a0\u00bb text_line_height=\u00a0\u00bb2em\u00a0\u00bb header_font=\u00a0\u00bb||||||||\u00a0\u00bb header_2_font=\u00a0\u00bbRaleway|700|||||||\u00a0\u00bb header_2_font_size=\u00a0\u00bb50px\u00a0\u00bb header_2_line_height=\u00a0\u00bb1.2em\u00a0\u00bb header_6_font=\u00a0\u00bbRaleway|700||on|||||\u00a0\u00bb header_6_font_size=\u00a0\u00bb16px\u00a0\u00bb header_6_letter_spacing=\u00a0\u00bb5px\u00a0\u00bb header_6_line_height=\u00a0\u00bb1.8em\u00a0\u00bb text_orientation=\u00a0\u00bbcenter\u00a0\u00bb max_width=\u00a0\u00bb700px\u00a0\u00bb module_alignment=\u00a0\u00bbcenter\u00a0\u00bb header_2_font_size_tablet=\u00a0\u00bb35px\u00a0\u00bb header_2_font_size_phone=\u00a0\u00bb25px\u00a0\u00bb header_2_font_size_last_edited=\u00a0\u00bbon|phone\u00a0\u00bb global_colors_info=\u00a0\u00bb{}\u00a0\u00bb]<\/p>\n<h6> \u00c0 propos de nous<\/h6>\n<h2>La maison  la pension<\/h2>\n<p>La maison est une ancienne ferme, situ\u00e9e dans une rue lat\u00e9rale du village. Au fil des ann\u00e9es, la ferme a \u00e9t\u00e9 transform\u00e9e \u00e0 plusieurs reprises, a re\u00e7u de nouvelles orientations d&rsquo;utilisation &#8211; de l&rsquo;\u00e9levage de bovins au ranch d&rsquo;inspiration am\u00e9ricaine &#8211; et a \u00e9t\u00e9 adapt\u00e9e et r\u00e9nov\u00e9e de mani\u00e8re contemporaine. Elle dispose par exemple d&rsquo;un chauffage \u00e0 pellets et d&rsquo;une installation photovolta\u00efque qui, \u00e0 son tour, soutient le syst\u00e8me de chauffage, afin de faire face aux influences ext\u00e9rieures de la mani\u00e8re la plus \u00e9cologique possible et en \u00e9conomisant l&rsquo;\u00e9nergie.  <\/p>\n<p>Depuis l&rsquo;acquisition de la propri\u00e9t\u00e9, nous nous sommes donn\u00e9 beaucoup de mal pour cr\u00e9er quelque chose d&rsquo;unique dans lequel, nous l&rsquo;esp\u00e9rons, tous nos h\u00f4tes pourront se sentir \u00e0 l&rsquo;aise et chez eux. L&rsquo;amour du d\u00e9tail, du pratique, de l&rsquo;ancien et du nouveau se retrouve dans de nombreuses petites et grandes choses. Laissez-vous surprendre !   <\/p>\n<p>[\/et_pb_text][\/et_pb_column][\/et_pb_row][\/et_pb_section][et_pb_section fb_built=\u00a0\u00bb1&Prime; disabled_on=\u00a0\u00bboff|on|on\u00a0\u00bb admin_label=\u00a0\u00bbAmenities\u00a0\u00bb _builder_version=\u00a0\u00bb4.27.0&Prime; background_color=\u00a0\u00bb#ffffff\u00a0\u00bb max_width=\u00a0\u00bb90%\u00a0\u00bb max_width_tablet=\u00a0\u00bb\u00a0\u00bb max_width_phone=\u00a0\u00bb\u00a0\u00bb max_width_last_edited=\u00a0\u00bbon|phone\u00a0\u00bb custom_margin=\u00a0\u00bb||||false|false\u00a0\u00bb border_color_all=\u00a0\u00bb#ffffff\u00a0\u00bb border_width_left=\u00a0\u00bb10vw\u00a0\u00bb locked=\u00a0\u00bboff\u00a0\u00bb global_colors_info=\u00a0\u00bb{}\u00a0\u00bb][et_pb_row _builder_version=\u00a0\u00bb4.16&Prime; custom_margin=\u00a0\u00bb||60px|\u00a0\u00bb locked=\u00a0\u00bboff\u00a0\u00bb global_colors_info=\u00a0\u00bb{}\u00a0\u00bb][et_pb_column type=\u00a0\u00bb4_4&Prime; _builder_version=\u00a0\u00bb4.16&Prime; custom_padding=\u00a0\u00bb|||\u00a0\u00bb global_colors_info=\u00a0\u00bb{}\u00a0\u00bb custom_padding__hover=\u00a0\u00bb|||\u00a0\u00bb][et_pb_text _builder_version=\u00a0\u00bb4.26.0&Prime; text_font=\u00a0\u00bb||||||||\u00a0\u00bb text_font_size=\u00a0\u00bb16px\u00a0\u00bb text_line_height=\u00a0\u00bb2em\u00a0\u00bb header_font=\u00a0\u00bb||||||||\u00a0\u00bb header_2_font=\u00a0\u00bbRaleway|700|||||||\u00a0\u00bb header_2_font_size=\u00a0\u00bb50px\u00a0\u00bb header_2_line_height=\u00a0\u00bb1.2em\u00a0\u00bb header_6_font=\u00a0\u00bbRaleway|700||on|||||\u00a0\u00bb header_6_font_size=\u00a0\u00bb16px\u00a0\u00bb header_6_letter_spacing=\u00a0\u00bb5px\u00a0\u00bb header_6_line_height=\u00a0\u00bb1.8em\u00a0\u00bb text_orientation=\u00a0\u00bbcenter\u00a0\u00bb max_width=\u00a0\u00bb700px\u00a0\u00bb module_alignment=\u00a0\u00bbcenter\u00a0\u00bb header_2_font_size_tablet=\u00a0\u00bb35px\u00a0\u00bb header_2_font_size_phone=\u00a0\u00bb25px\u00a0\u00bb header_2_font_size_last_edited=\u00a0\u00bbon|phone\u00a0\u00bb global_colors_info=\u00a0\u00bb{}\u00a0\u00bb]<\/p>\n<h6> \u00c0 propos de nous<\/h6>\n<h2>La maison  la pension<\/h2>\n<p>La maison est une ancienne ferme, situ\u00e9e dans une rue lat\u00e9rale du village. Au fil des ann\u00e9es, la ferme a \u00e9t\u00e9 transform\u00e9e \u00e0 plusieurs reprises, a re\u00e7u de nouvelles orientations d&rsquo;utilisation &#8211; de l&rsquo;\u00e9levage de bovins au ranch d&rsquo;inspiration am\u00e9ricaine &#8211; et a \u00e9t\u00e9 adapt\u00e9e et r\u00e9nov\u00e9e de mani\u00e8re contemporaine. Elle dispose par exemple d&rsquo;un chauffage \u00e0 pellets et d&rsquo;une installation photovolta\u00efque qui, \u00e0 son tour, soutient le syst\u00e8me de chauffage, afin de faire face aux influences ext\u00e9rieures de la mani\u00e8re la plus \u00e9cologique possible et en \u00e9conomisant l&rsquo;\u00e9nergie.  <\/p>\n<p>Depuis l&rsquo;acquisition de la propri\u00e9t\u00e9, nous nous sommes donn\u00e9 beaucoup de mal pour cr\u00e9er quelque chose d&rsquo;unique dans lequel, nous l&rsquo;esp\u00e9rons, tous nos h\u00f4tes pourront se sentir \u00e0 l&rsquo;aise et chez eux. L&rsquo;amour du d\u00e9tail, du pratique, de l&rsquo;ancien et du nouveau se retrouve dans de nombreuses petites et grandes choses. Laissez-vous surprendre !   <\/p>\n<p>[\/et_pb_text][\/et_pb_column][\/et_pb_row][\/et_pb_section][et_pb_section fb_built=\u00a0\u00bb1&Prime; admin_label=\u00a0\u00bbContact\u00a0\u00bb _builder_version=\u00a0\u00bb4.16&Prime; use_background_color_gradient=\u00a0\u00bbon\u00a0\u00bb background_color_gradient_stops=\u00a0\u00bbrgba(106,125,140,0.5) 0%|#6a7d8c 100%\u00a0\u00bb background_color_gradient_overlays_image=\u00a0\u00bbon\u00a0\u00bb background_color_gradient_start=\u00a0\u00bbrgba(106,125,140,0.5)\u00a0\u00bb background_color_gradient_end=\u00a0\u00bb#6a7d8c\u00a0\u00bb background_image=\u00a0\u00bbhttps:\/\/die-pension-auw.de\/wp-content\/uploads\/2022\/09\/bed-and-breakfast-18.jpg\u00a0\u00bb custom_padding=\u00a0\u00bb8vw|0px|280px|0px|false|false\u00a0\u00bb locked=\u00a0\u00bboff\u00a0\u00bb global_colors_info=\u00a0\u00bb{}\u00a0\u00bb][et_pb_row _builder_version=\u00a0\u00bb4.16&Prime; custom_margin=\u00a0\u00bb|||\u00a0\u00bb global_colors_info=\u00a0\u00bb{}\u00a0\u00bb][et_pb_column type=\u00a0\u00bb4_4&Prime; _builder_version=\u00a0\u00bb4.16&Prime; custom_padding=\u00a0\u00bb|||\u00a0\u00bb global_colors_info=\u00a0\u00bb{}\u00a0\u00bb custom_padding__hover=\u00a0\u00bb|||\u00a0\u00bb][et_pb_text _builder_version=\u00a0\u00bb4.21.0&Prime; text_font=\u00a0\u00bb||||||||\u00a0\u00bb text_font_size=\u00a0\u00bb16px\u00a0\u00bb text_line_height=\u00a0\u00bb2em\u00a0\u00bb header_font=\u00a0\u00bb||||||||\u00a0\u00bb header_2_font=\u00a0\u00bbRaleway|700|||||||\u00a0\u00bb header_2_font_size=\u00a0\u00bb50px\u00a0\u00bb header_2_line_height=\u00a0\u00bb1.2em\u00a0\u00bb header_6_font=\u00a0\u00bbRaleway|700||on|||||\u00a0\u00bb header_6_font_size=\u00a0\u00bb16px\u00a0\u00bb header_6_letter_spacing=\u00a0\u00bb5px\u00a0\u00bb header_6_line_height=\u00a0\u00bb1.8em\u00a0\u00bb background_layout=\u00a0\u00bbdark\u00a0\u00bb max_width_tablet=\u00a0\u00bb\u00a0\u00bb max_width_phone=\u00a0\u00bb\u00a0\u00bb max_width_last_edited=\u00a0\u00bbon|desktop\u00a0\u00bb header_2_font_size_tablet=\u00a0\u00bb35px\u00a0\u00bb header_2_font_size_phone=\u00a0\u00bb25px\u00a0\u00bb header_2_font_size_last_edited=\u00a0\u00bbon|phone\u00a0\u00bb global_colors_info=\u00a0\u00bb{}\u00a0\u00bb]<\/p>\n<h6>Vous avez une question ?<\/h6>\n<h2>Infos sur la pension  FAQ<\/h2>\n<p>[\/et_pb_text][et_pb_button button_url=\u00a0\u00bb@ET-DC@eyJkeW5hbWljIjp0cnVlLCJjb250ZW50IjoicG9zdF9saW5rX3VybF9wYWdlIiwic2V0dGluZ3MiOnsicG9zdF9pZCI6IjkyIn19@\u00a0\u00bb button_text=\u00a0\u00bbDemandez-nous\u00a0\u00bb button_alignment=\u00a0\u00bbcenter\u00a0\u00bb _builder_version=\u00a0\u00bb4.21.0&Prime; _dynamic_attributes=\u00a0\u00bbbutton_url\u00a0\u00bb custom_button=\u00a0\u00bbon\u00a0\u00bb button_text_color=\u00a0\u00bb#828c91&Prime; button_bg_color=\u00a0\u00bb#ffffff\u00a0\u00bb button_border_width=\u00a0\u00bb10px\u00a0\u00bb button_border_color=\u00a0\u00bbrgba(0,0,0,0)\u00a0\u00bb button_border_radius=\u00a0\u00bb0px\u00a0\u00bb button_font=\u00a0\u00bbRaleway|700|||||||\u00a0\u00bb button_border_radius_hover=\u00a0\u00bb0px\u00a0\u00bb locked=\u00a0\u00bboff\u00a0\u00bb global_colors_info=\u00a0\u00bb{}\u00a0\u00bb button_text_size__hover_enabled=\u00a0\u00bboff\u00a0\u00bb button_one_text_size__hover_enabled=\u00a0\u00bboff\u00a0\u00bb button_two_text_size__hover_enabled=\u00a0\u00bboff\u00a0\u00bb button_text_color__hover_enabled=\u00a0\u00bboff\u00a0\u00bb button_one_text_color__hover_enabled=\u00a0\u00bboff\u00a0\u00bb button_two_text_color__hover_enabled=\u00a0\u00bboff\u00a0\u00bb button_border_width__hover_enabled=\u00a0\u00bboff\u00a0\u00bb button_one_border_width__hover_enabled=\u00a0\u00bboff\u00a0\u00bb button_two_border_width__hover_enabled=\u00a0\u00bboff\u00a0\u00bb button_border_color__hover_enabled=\u00a0\u00bboff\u00a0\u00bb button_one_border_color__hover_enabled=\u00a0\u00bboff\u00a0\u00bb button_two_border_color__hover_enabled=\u00a0\u00bboff\u00a0\u00bb button_border_radius__hover_enabled=\u00a0\u00bbon\u00a0\u00bb button_border_radius__hover=\u00a0\u00bb0px\u00a0\u00bb button_one_border_radius__hover_enabled=\u00a0\u00bboff\u00a0\u00bb button_two_border_radius__hover_enabled=\u00a0\u00bboff\u00a0\u00bb button_letter_spacing__hover_enabled=\u00a0\u00bboff\u00a0\u00bb button_one_letter_spacing__hover_enabled=\u00a0\u00bboff\u00a0\u00bb button_two_letter_spacing__hover_enabled=\u00a0\u00bboff\u00a0\u00bb button_bg_color__hover_enabled=\u00a0\u00bboff\u00a0\u00bb button_one_bg_color__hover_enabled=\u00a0\u00bboff\u00a0\u00bb button_two_bg_color__hover_enabled=\u00a0\u00bboff\u00a0\u00bb][\/et_pb_button][\/et_pb_column][\/et_pb_row][\/et_pb_section][et_pb_section fb_built=\u00a0\u00bb1&Prime; admin_label=\u00a0\u00bbAttractions\u00a0\u00bb _builder_version=\u00a0\u00bb4.16&Prime; background_color=\u00a0\u00bb#ffffff\u00a0\u00bb max_width=\u00a0\u00bb90%\u00a0\u00bb max_width_tablet=\u00a0\u00bb\u00a0\u00bb max_width_phone=\u00a0\u00bb100%\u00a0\u00bb max_width_last_edited=\u00a0\u00bbon|phone\u00a0\u00bb module_alignment=\u00a0\u00bbright\u00a0\u00bb custom_margin=\u00a0\u00bb-160px|||\u00a0\u00bb border_color_all=\u00a0\u00bb#ffffff\u00a0\u00bb border_width_right=\u00a0\u00bb10vw\u00a0\u00bb global_colors_info=\u00a0\u00bb{}\u00a0\u00bb][et_pb_row column_structure=\u00a0\u00bb1_2,1_2&Prime; _builder_version=\u00a0\u00bb4.16&Prime; global_colors_info=\u00a0\u00bb{}\u00a0\u00bb][et_pb_column type=\u00a0\u00bb1_2&Prime; _builder_version=\u00a0\u00bb4.16&Prime; custom_padding=\u00a0\u00bb|||\u00a0\u00bb global_colors_info=\u00a0\u00bb{}\u00a0\u00bb custom_padding__hover=\u00a0\u00bb|||\u00a0\u00bb][et_pb_toggle title=\u00a0\u00bbRestaurants\u00a0\u00bb open=\u00a0\u00bbon\u00a0\u00bb closed_toggle_background_color=\u00a0\u00bb#f5f5f5&Prime; icon_color=\u00a0\u00bb#b2b9c4&Prime; open_icon_color=\u00a0\u00bb#b2b9c4&Prime; _builder_version=\u00a0\u00bb4.27.0&Prime; title_font=\u00a0\u00bbRaleway|700|||||||\u00a0\u00bb title_line_height=\u00a0\u00bb1.4em\u00a0\u00bb body_font=\u00a0\u00bb||||||||\u00a0\u00bb body_line_height=\u00a0\u00bb2em\u00a0\u00bb border_width_all=\u00a0\u00bb2px\u00a0\u00bb border_color_all=\u00a0\u00bb#f5f5f5&Prime; global_colors_info=\u00a0\u00bb{}\u00a0\u00bb]<\/p>\n<p>Actuellement, Auw dispose de 2 restaurants, tous deux accessibles \u00e0 pied, mais ouverts seulement certains jours. En outre, il existe plusieurs restaurants dans les environs imm\u00e9diats (distance en voiture jusqu&rsquo;\u00e0 10 km) que nous vous recommandons volontiers sur demande.  <\/p>\n<p>[\/et_pb_toggle][et_pb_toggle title=\u00a0\u00bbV\u00e9los\u00a0\u00bb closed_toggle_background_color=\u00a0\u00bb#f5f5f5&Prime; icon_color=\u00a0\u00bb#b2b9c4&Prime; open_icon_color=\u00a0\u00bb#b2b9c4&Prime; _builder_version=\u00a0\u00bb4.27.0&Prime; title_font=\u00a0\u00bbRaleway|700|||||||\u00a0\u00bb title_line_height=\u00a0\u00bb1.4em\u00a0\u00bb body_font=\u00a0\u00bb||||||||\u00a0\u00bb body_line_height=\u00a0\u00bb2em\u00a0\u00bb border_width_all=\u00a0\u00bb2px\u00a0\u00bb border_color_all=\u00a0\u00bb#f5f5f5&Prime; global_colors_info=\u00a0\u00bb{}\u00a0\u00bb]<\/p>\n<p>Vous pouvez volontiers recharger gratuitement la batterie de votre e-bike chez nous. N&rsquo;h\u00e9sitez pas \u00e0 nous le demander. Nous disposons \u00e9galement d&rsquo;un support \u00e0 v\u00e9lo sur le terrain pour attacher votre v\u00e9lo. Nous vous fournirons une cl\u00e9 pour le portail sur demande. Pour des raisons de s\u00e9curit\u00e9 et de protection contre les incendies, vous ne pouvez malheureusement pas garer votre v\u00e9lo dans la maison. Devant l&rsquo;appartement de vacances, il y a en plus un cadenas ancr\u00e9 dans le sol pour les v\u00e9los et les motos.      <\/p>\n<p>[\/et_pb_toggle][et_pb_toggle title=\u00a0\u00bbEnfants\u00a0\u00bb closed_toggle_background_color=\u00a0\u00bb#f5f5f5&Prime; icon_color=\u00a0\u00bb#b2b9c4&Prime; open_icon_color=\u00a0\u00bb#b2b9c4&Prime; _builder_version=\u00a0\u00bb4.26.0&Prime; title_font=\u00a0\u00bbRaleway|700|||||||\u00a0\u00bb title_line_height=\u00a0\u00bb1.4em\u00a0\u00bb body_font=\u00a0\u00bb||||||||\u00a0\u00bb body_line_height=\u00a0\u00bb2em\u00a0\u00bb border_width_all=\u00a0\u00bb2px\u00a0\u00bb border_color_all=\u00a0\u00bb#f5f5f5&Prime; locked=\u00a0\u00bboff\u00a0\u00bb global_colors_info=\u00a0\u00bb{}\u00a0\u00bb]Les enfants de moins de 4 ans s\u00e9journent gratuitement dans le lit des parents, les enfants de 4 \u00e0 12 ans b\u00e9n\u00e9ficient d&rsquo;une r\u00e9duction de 50% dans la chambre des parents. Pour les b\u00e9b\u00e9s, nous pouvons mettre \u00e0 disposition gratuitement un lit b\u00e9b\u00e9, pour les enfants de 4 \u00e0 12 ans, nous avons un lit d&rsquo;appoint. Par respect pour les autres h\u00f4tes et pour la tranquillit\u00e9 de l&rsquo;\u00e9tablissement, nous vous demandons toutefois de toujours surveiller les enfants.[\/et_pb_toggle][et_pb_toggle title=\u00a0\u00bbChiens | Animaux de compagnie\u00a0\u00bb closed_toggle_background_color=\u00a0\u00bb#f5f5f5&Prime; icon_color=\u00a0\u00bb#b2b9c4&Prime; open_icon_color=\u00a0\u00bb#b2b9c4&Prime; _builder_version=\u00a0\u00bb4.26.0&Prime; title_font=\u00a0\u00bbRaleway|700|||||||\u00a0\u00bb title_line_height=\u00a0\u00bb1.4em\u00a0\u00bb body_font=\u00a0\u00bb||||||||\u00a0\u00bb body_line_height=\u00a0\u00bb2em\u00a0\u00bb border_width_all=\u00a0\u00bb2px\u00a0\u00bb border_color_all=\u00a0\u00bb#f5f5f5&Prime; global_colors_info=\u00a0\u00bb{}\u00a0\u00bb]Les chiens et\/ou autres animaux domestiques ne sont malheureusement pas autoris\u00e9s dans la pension. Cela n&rsquo;a rien \u00e0 voir avec le fait que nous n&rsquo;aimons pas les animaux, mais plut\u00f4t avec le fait que nous en avons nous-m\u00eames.[\/et_pb_toggle][et_pb_toggle title=\u00a0\u00bbArriv\u00e9e et d\u00e9part\u00a0\u00bb closed_toggle_background_color=\u00a0\u00bb#f5f5f5&Prime; icon_color=\u00a0\u00bb#b2b9c4&Prime; open_icon_color=\u00a0\u00bb#b2b9c4&Prime; _builder_version=\u00a0\u00bb4.27.0&Prime; title_font=\u00a0\u00bbRaleway|700|||||||\u00a0\u00bb title_line_height=\u00a0\u00bb1.4em\u00a0\u00bb body_font=\u00a0\u00bb||||||||\u00a0\u00bb body_line_height=\u00a0\u00bb2em\u00a0\u00bb border_width_all=\u00a0\u00bb2px\u00a0\u00bb border_color_all=\u00a0\u00bb#f5f5f5&Prime; global_colors_info=\u00a0\u00bb{}\u00a0\u00bb]<\/p>\n<p>Le check-in est possible \u00e0 partir de 15 heures le jour de l&rsquo;arriv\u00e9e et le check-out doit \u00eatre effectu\u00e9 avant 11 heures le jour du d\u00e9part.<\/p>\n<p>N&rsquo;h\u00e9sitez pas \u00e0 nous demander d&rsquo;autres horaires.<\/p>\n<p>[\/et_pb_toggle][et_pb_toggle title=\u00a0\u00bbParking\u00a0\u00bb closed_toggle_background_color=\u00a0\u00bb#f5f5f5&Prime; icon_color=\u00a0\u00bb#b2b9c4&Prime; open_icon_color=\u00a0\u00bb#b2b9c4&Prime; _builder_version=\u00a0\u00bb4.26.0&Prime; title_font=\u00a0\u00bbRaleway|700|||||||\u00a0\u00bb title_line_height=\u00a0\u00bb1.4em\u00a0\u00bb body_font=\u00a0\u00bb||||||||\u00a0\u00bb body_line_height=\u00a0\u00bb2em\u00a0\u00bb border_width_all=\u00a0\u00bb2px\u00a0\u00bb border_color_all=\u00a0\u00bb#f5f5f5&Prime; locked=\u00a0\u00bboff\u00a0\u00bb global_colors_info=\u00a0\u00bb{}\u00a0\u00bb]Le stationnement est gratuit pour nos h\u00f4tes directement devant la maison sur les places de parking et l&rsquo;appartement de vacances. [\/et_pb_toggle][\/et_pb_column][et_pb_column type=\u00a0\u00bb1_2&Prime; _builder_version=\u00a0\u00bb4.16&Prime; custom_padding=\u00a0\u00bb|||\u00a0\u00bb global_colors_info=\u00a0\u00bb{}\u00a0\u00bb custom_padding__hover=\u00a0\u00bb|||\u00a0\u00bb][et_pb_toggle title=\u00a0\u00bb\u00e9quipement | am\u00e9nagement\u00a0\u00bb closed_toggle_background_color=\u00a0\u00bb#f5f5f5&Prime; icon_color=\u00a0\u00bb#b2b9c4&Prime; open_icon_color=\u00a0\u00bb#b2b9c4&Prime; _builder_version=\u00a0\u00bb4.26.0&Prime; title_font=\u00a0\u00bbRaleway|700|||||||\u00a0\u00bb title_line_height=\u00a0\u00bb1.4em\u00a0\u00bb body_font=\u00a0\u00bb||||||||\u00a0\u00bb body_line_height=\u00a0\u00bb2em\u00a0\u00bb border_width_all=\u00a0\u00bb2px\u00a0\u00bb border_color_all=\u00a0\u00bb#f5f5f5&Prime; locked=\u00a0\u00bboff\u00a0\u00bb global_colors_info=\u00a0\u00bb{}\u00a0\u00bb]Nous avons un faible pour le fait de ne pas jeter les choses, mais de les r\u00e9utiliser, dans la mesure du possible, et de leur donner une seconde vie. Nous avons fait de gros efforts pour trouver un bon m\u00e9lange d&rsquo;ancien et de nouveau dans l&rsquo;am\u00e9nagement. Beaucoup de choses ont \u00e9t\u00e9 restaur\u00e9es. Si quelque chose devait manquer, n&rsquo;h\u00e9sitez pas \u00e0 nous contacter.  [\/et_pb_toggle][et_pb_toggle title=\u00a0\u00bbFumer\u00a0\u00bb closed_toggle_background_color=\u00a0\u00bb#f5f5f5&Prime; icon_color=\u00a0\u00bb#b2b9c4&Prime; open_icon_color=\u00a0\u00bb#b2b9c4&Prime; _builder_version=\u00a0\u00bb4.26.0&Prime; title_font=\u00a0\u00bbRaleway|700|||||||\u00a0\u00bb title_line_height=\u00a0\u00bb1.4em\u00a0\u00bb body_font=\u00a0\u00bb||||||||\u00a0\u00bb body_line_height=\u00a0\u00bb2em\u00a0\u00bb border_width_all=\u00a0\u00bb2px\u00a0\u00bb border_color_all=\u00a0\u00bb#f5f5f5&Prime; locked=\u00a0\u00bboff\u00a0\u00bb global_colors_info=\u00a0\u00bb{}\u00a0\u00bb]Tout l&rsquo;int\u00e9rieur de la maison est non-fumeur. Si l&rsquo;on fume malgr\u00e9 tout \u00e0 l&rsquo;int\u00e9rieur des chambres, des salles de bains, des couloirs ou de la grange, une alarme peut \u00eatre d\u00e9clench\u00e9e aupr\u00e8s des pompiers locaux gr\u00e2ce aux d\u00e9tecteurs de fum\u00e9e install\u00e9s. [\/et_pb_toggle][et_pb_toggle title=\u00a0\u00bbDossiers pour h\u00f4tes\u00a0\u00bb closed_toggle_background_color=\u00a0\u00bb#f5f5f5&Prime; icon_color=\u00a0\u00bb#b2b9c4&Prime; open_icon_color=\u00a0\u00bb#b2b9c4&Prime; _builder_version=\u00a0\u00bb4.27.0&Prime; title_font=\u00a0\u00bbRaleway|700|||||||\u00a0\u00bb title_line_height=\u00a0\u00bb1.4em\u00a0\u00bb body_font=\u00a0\u00bb||||||||\u00a0\u00bb body_line_height=\u00a0\u00bb2em\u00a0\u00bb border_width_all=\u00a0\u00bb2px\u00a0\u00bb border_color_all=\u00a0\u00bb#f5f5f5&Prime; locked=\u00a0\u00bboff\u00a0\u00bb global_colors_info=\u00a0\u00bb{}\u00a0\u00bb]<\/p>\n<p>Dans chaque chambre et dans l&rsquo;appartement de vacances, vous trouverez un dossier d&rsquo;h\u00f4tes dans lequel vous pourrez obtenir des informations utiles sur la maison, les environs et les destinations d&rsquo;excursions. En outre, nous mettons \u00e0 disposition chaque semaine les informations de l&rsquo;office de tourisme de Pr\u00fcm sur les manifestations actuelles.<\/p>\n<p>[\/et_pb_toggle][et_pb_toggle title=\u00a0\u00bbR\u00e8glement int\u00e9rieur\u00a0\u00bb closed_toggle_background_color=\u00a0\u00bb#f5f5f5&Prime; icon_color=\u00a0\u00bb#b2b9c4&Prime; open_icon_color=\u00a0\u00bb#b2b9c4&Prime; _builder_version=\u00a0\u00bb4.27.0&Prime; title_font=\u00a0\u00bbRaleway|700|||||||\u00a0\u00bb title_line_height=\u00a0\u00bb1.4em\u00a0\u00bb body_font=\u00a0\u00bb||||||||\u00a0\u00bb body_line_height=\u00a0\u00bb2em\u00a0\u00bb border_width_all=\u00a0\u00bb2px\u00a0\u00bb border_color_all=\u00a0\u00bb#f5f5f5&Prime; locked=\u00a0\u00bboff\u00a0\u00bb global_colors_info=\u00a0\u00bb{}\u00a0\u00bb]<\/p>\n<p>Comme notre pension est un b\u00e2timent \u00e0 usage mixte, nous demandons \u00e0 tous nos h\u00f4tes de respecter le r\u00e8glement affich\u00e9 dans la maison. Vous pouvez \u00e9galement les t\u00e9l\u00e9charger \u00e0 l&rsquo;avance. <br \/><a href=\"https:\/\/die-pension-auw.de\/wp-content\/uploads\/2024\/09\/Hausordnung_DiePension.pdf\" target=\"_blank\" rel=\"noopener\">T\u00e9l\u00e9charger le r\u00e8glement int\u00e9rieur<\/a><\/p>\n<p>[\/et_pb_toggle][et_pb_toggle title=\u00a0\u00bbAnnulation\u00a0\u00bb closed_toggle_background_color=\u00a0\u00bb#f5f5f5&Prime; icon_color=\u00a0\u00bb#b2b9c4&Prime; open_icon_color=\u00a0\u00bb#b2b9c4&Prime; _builder_version=\u00a0\u00bb4.27.0&Prime; title_font=\u00a0\u00bbRaleway|700|||||||\u00a0\u00bb title_line_height=\u00a0\u00bb1.4em\u00a0\u00bb body_font=\u00a0\u00bb||||||||\u00a0\u00bb body_line_height=\u00a0\u00bb2em\u00a0\u00bb border_width_all=\u00a0\u00bb2px\u00a0\u00bb border_color_all=\u00a0\u00bb#f5f5f5&Prime; locked=\u00a0\u00bboff\u00a0\u00bb global_colors_info=\u00a0\u00bb{}\u00a0\u00bb]<\/p>\n<p>Les frais d&rsquo;annulation\/de r\u00e9siliation suivants s&rsquo;appliquent \u00e0 La Pension Auw :<\/p>\n<ul>\n<li>jusqu&rsquo;\u00e0 1 mois avant l&rsquo;arriv\u00e9e, pas de frais d&rsquo;annulation<\/li>\n<li>jusqu&rsquo;\u00e0 1 semaine avant l&rsquo;arriv\u00e9e 50% du tarif<\/li>\n<li>\u00e0 moins d&rsquo;une semaine de l&rsquo;arriv\u00e9e 75% du tarif<\/li>\n<li>apr\u00e8s l&rsquo;arriv\u00e9e 100% du tarif<\/li>\n<\/ul>\n<p>Une r\u00e9servation n&rsquo;est valable que si nous disposons de l&rsquo;adresse compl\u00e8te et du num\u00e9ro de t\u00e9l\u00e9phone du client !<\/p>\n<p>Vous trouverez toutes les informations compl\u00e9mentaires dans nos <a href=\"https:\/\/die-pension-auw.de\/fr\/cgv\" target=\"_blank\" rel=\"noopener\">conditions g\u00e9n\u00e9rales de vente<\/a>.<\/p>\n<p>[\/et_pb_toggle][et_pb_toggle title=\u00a0\u00bbAnimations en soir\u00e9e\u00a0\u00bb closed_toggle_background_color=\u00a0\u00bb#f5f5f5&Prime; icon_color=\u00a0\u00bb#b2b9c4&Prime; open_icon_color=\u00a0\u00bb#b2b9c4&Prime; _builder_version=\u00a0\u00bb4.26.0&Prime; title_font=\u00a0\u00bbRaleway|700|||||||\u00a0\u00bb title_line_height=\u00a0\u00bb1.4em\u00a0\u00bb body_font=\u00a0\u00bb||||||||\u00a0\u00bb body_line_height=\u00a0\u00bb2em\u00a0\u00bb border_width_all=\u00a0\u00bb2px\u00a0\u00bb border_color_all=\u00a0\u00bb#f5f5f5&Prime; locked=\u00a0\u00bboff\u00a0\u00bb global_colors_info=\u00a0\u00bb{}\u00a0\u00bb]\u00c0 Pr\u00fcm, il y a le cin\u00e9ma Eifelkino (www.eifel-kino.de). D&rsquo;autres manifestations  concerts ont lieu dans les environs, vous trouverez des informations \u00e0 ce sujet dans les offices de tourisme. [\/et_pb_toggle][\/et_pb_column][\/et_pb_row][\/et_pb_section][et_pb_section fb_built=\u00a0\u00bb1&Prime; disabled_on=\u00a0\u00bboff|off|off\u00a0\u00bb admin_label=\u00a0\u00bbReservations\u00a0\u00bb _builder_version=\u00a0\u00bb4.27.0&Prime; use_background_color_gradient=\u00a0\u00bbon\u00a0\u00bb background_color_gradient_direction=\u00a0\u00bb150deg\u00a0\u00bb background_color_gradient_stops=\u00a0\u00bb#2f3a44 25%|rgba(38,46,53,0) 100%\u00a0\u00bb background_color_gradient_overlays_image=\u00a0\u00bbon\u00a0\u00bb background_color_gradient_start=\u00a0\u00bb#2f3a44&Prime; background_color_gradient_start_position=\u00a0\u00bb25%\u00a0\u00bb background_color_gradient_end=\u00a0\u00bbrgba(38,46,53,0)\u00a0\u00bb background_image=\u00a0\u00bbhttps:\/\/die-pension-auw.de\/wp-content\/uploads\/2022\/10\/iStock-1317323736-scaled.jpg\u00a0\u00bb positioning=\u00a0\u00bbnone\u00a0\u00bb custom_padding=\u00a0\u00bb8vw|0px|280px|0px|false|false\u00a0\u00bb global_colors_info=\u00a0\u00bb{}\u00a0\u00bb][et_pb_row column_structure=\u00a0\u00bb1_2,1_2&Prime; use_custom_gutter=\u00a0\u00bbon\u00a0\u00bb make_equal=\u00a0\u00bbon\u00a0\u00bb _builder_version=\u00a0\u00bb4.16&Prime; global_colors_info=\u00a0\u00bb{}\u00a0\u00bb][et_pb_column type=\u00a0\u00bb1_2&Prime; _builder_version=\u00a0\u00bb4.16&Prime; custom_padding=\u00a0\u00bb|||\u00a0\u00bb global_colors_info=\u00a0\u00bb{}\u00a0\u00bb custom_padding__hover=\u00a0\u00bb|||\u00a0\u00bb][et_pb_text _builder_version=\u00a0\u00bb4.27.0&Prime; text_font=\u00a0\u00bb||||||||\u00a0\u00bb text_font_size=\u00a0\u00bb16px\u00a0\u00bb text_line_height=\u00a0\u00bb2em\u00a0\u00bb header_font=\u00a0\u00bb||||||||\u00a0\u00bb header_2_font=\u00a0\u00bbRaleway|700|||||||\u00a0\u00bb header_2_font_size=\u00a0\u00bb50px\u00a0\u00bb header_2_line_height=\u00a0\u00bb1.2em\u00a0\u00bb header_6_font=\u00a0\u00bbRaleway|700||on|||||\u00a0\u00bb header_6_font_size=\u00a0\u00bb16px\u00a0\u00bb header_6_letter_spacing=\u00a0\u00bb5px\u00a0\u00bb header_6_line_height=\u00a0\u00bb1.8em\u00a0\u00bb background_layout=\u00a0\u00bbdark\u00a0\u00bb max_width_tablet=\u00a0\u00bb\u00a0\u00bb max_width_phone=\u00a0\u00bb\u00a0\u00bb max_width_last_edited=\u00a0\u00bbon|desktop\u00a0\u00bb header_2_font_size_tablet=\u00a0\u00bb35px\u00a0\u00bb header_2_font_size_phone=\u00a0\u00bb25px\u00a0\u00bb header_2_font_size_last_edited=\u00a0\u00bbon|phone\u00a0\u00bb locked=\u00a0\u00bboff\u00a0\u00bb global_colors_info=\u00a0\u00bb{}\u00a0\u00bb]<\/p>\n<h6>Visitez Auw bei Pr\u00fcm<\/h6>\n<h2>Et r\u00e9servez votre chambre d\u00e8s aujourd&rsquo;hui !<\/h2>\n<p>Vous pouvez r\u00e9server une chambre directement chez nous, ou l&rsquo;appartement de vacances via l&rsquo;un des moteurs de r\u00e9servation.<\/p>\n<p>[\/et_pb_text][\/et_pb_column][et_pb_column type=\u00a0\u00bb1_2&Prime; _builder_version=\u00a0\u00bb4.16&Prime; custom_padding=\u00a0\u00bb|||\u00a0\u00bb custom_padding_tablet=\u00a0\u00bb0px||0px||true\u00a0\u00bb global_colors_info=\u00a0\u00bb{}\u00a0\u00bb padding_tablet=\u00a0\u00bb0px||0px||true\u00a0\u00bb custom_padding__hover=\u00a0\u00bb|||\u00a0\u00bb][et_pb_button button_url=\u00a0\u00bb@ET-DC@eyJkeW5hbWljIjp0cnVlLCJjb250ZW50IjoicG9zdF9saW5rX3VybF9wYWdlIiwic2V0dGluZ3MiOnsicG9zdF9pZCI6IjkyIn19@\u00a0\u00bb button_text=\u00a0\u00bbDemander une chambre directement\u00a0\u00bb button_alignment=\u00a0\u00bbright\u00a0\u00bb _builder_version=\u00a0\u00bb4.21.0&Prime; _dynamic_attributes=\u00a0\u00bbbutton_url\u00a0\u00bb custom_button=\u00a0\u00bbon\u00a0\u00bb button_text_color=\u00a0\u00bb#000000&Prime; button_bg_color=\u00a0\u00bb#ffffff\u00a0\u00bb button_border_width=\u00a0\u00bb10px\u00a0\u00bb button_border_color=\u00a0\u00bbrgba(0,0,0,0)\u00a0\u00bb button_border_radius=\u00a0\u00bb0px\u00a0\u00bb button_font=\u00a0\u00bbRaleway|700|||||||\u00a0\u00bb button_border_radius_hover=\u00a0\u00bb0px\u00a0\u00bb locked=\u00a0\u00bboff\u00a0\u00bb global_colors_info=\u00a0\u00bb{}\u00a0\u00bb button_text_size__hover_enabled=\u00a0\u00bboff\u00a0\u00bb button_one_text_size__hover_enabled=\u00a0\u00bboff\u00a0\u00bb button_two_text_size__hover_enabled=\u00a0\u00bboff\u00a0\u00bb button_text_color__hover_enabled=\u00a0\u00bboff\u00a0\u00bb button_one_text_color__hover_enabled=\u00a0\u00bboff\u00a0\u00bb button_two_text_color__hover_enabled=\u00a0\u00bboff\u00a0\u00bb button_border_width__hover_enabled=\u00a0\u00bboff\u00a0\u00bb button_one_border_width__hover_enabled=\u00a0\u00bboff\u00a0\u00bb button_two_border_width__hover_enabled=\u00a0\u00bboff\u00a0\u00bb button_border_color__hover_enabled=\u00a0\u00bboff\u00a0\u00bb button_one_border_color__hover_enabled=\u00a0\u00bboff\u00a0\u00bb button_two_border_color__hover_enabled=\u00a0\u00bboff\u00a0\u00bb button_border_radius__hover_enabled=\u00a0\u00bbon\u00a0\u00bb button_border_radius__hover=\u00a0\u00bb0px\u00a0\u00bb button_one_border_radius__hover_enabled=\u00a0\u00bboff\u00a0\u00bb button_two_border_radius__hover_enabled=\u00a0\u00bboff\u00a0\u00bb button_letter_spacing__hover_enabled=\u00a0\u00bboff\u00a0\u00bb button_one_letter_spacing__hover_enabled=\u00a0\u00bboff\u00a0\u00bb button_two_letter_spacing__hover_enabled=\u00a0\u00bboff\u00a0\u00bb button_bg_color__hover_enabled=\u00a0\u00bboff\u00a0\u00bb button_one_bg_color__hover_enabled=\u00a0\u00bboff\u00a0\u00bb button_two_bg_color__hover_enabled=\u00a0\u00bboff\u00a0\u00bb][\/et_pb_button][\/et_pb_column][\/et_pb_row][\/et_pb_section][et_pb_section fb_built=\u00a0\u00bb1&Prime; disabled_on=\u00a0\u00bbon|off|off\u00a0\u00bb admin_label=\u00a0\u00bbContact Info\u00a0\u00bb _builder_version=\u00a0\u00bb4.27.0&Prime; background_color=\u00a0\u00bb#ffffff\u00a0\u00bb max_width=\u00a0\u00bb90%\u00a0\u00bb max_width_tablet=\u00a0\u00bb\u00a0\u00bb max_width_phone=\u00a0\u00bb100%\u00a0\u00bb max_width_last_edited=\u00a0\u00bbon|phone\u00a0\u00bb custom_margin=\u00a0\u00bb-160px|||\u00a0\u00bb border_color_all=\u00a0\u00bb#ffffff\u00a0\u00bb border_width_left=\u00a0\u00bb10vw\u00a0\u00bb global_colors_info=\u00a0\u00bb{}\u00a0\u00bb][et_pb_row _builder_version=\u00a0\u00bb4.16&Prime; custom_width_px=\u00a0\u00bb800px\u00a0\u00bb global_colors_info=\u00a0\u00bb{}\u00a0\u00bb][et_pb_column type=\u00a0\u00bb4_4&Prime; _builder_version=\u00a0\u00bb4.16&Prime; custom_padding=\u00a0\u00bb|||\u00a0\u00bb global_colors_info=\u00a0\u00bb{}\u00a0\u00bb custom_padding__hover=\u00a0\u00bb|||\u00a0\u00bb][et_pb_text _builder_version=\u00a0\u00bb4.27.0&Prime; _module_preset=\u00a0\u00bbdefault\u00a0\u00bb global_colors_info=\u00a0\u00bb{}\u00a0\u00bb]<\/p>\n<p>Vous pouvez \u00e9galement r\u00e9server notre appartement de vacances via les moteurs de r\u00e9servation suivants. Il se peut toutefois que le prix des moteurs de r\u00e9servation diff\u00e8re de notre prix d&rsquo;offre, car ils demandent des commissions d&rsquo;agence diff\u00e9rentes. <\/p>\n<p>[\/et_pb_text][\/et_pb_column][\/et_pb_row][et_pb_row column_structure=\u00a0\u00bb1_3,1_3,1_3&Prime; _builder_version=\u00a0\u00bb4.21.0&Prime; _module_preset=\u00a0\u00bbdefault\u00a0\u00bb global_colors_info=\u00a0\u00bb{}\u00a0\u00bb][et_pb_column type=\u00a0\u00bb1_3&Prime; _builder_version=\u00a0\u00bb4.21.0&Prime; _module_preset=\u00a0\u00bbdefault\u00a0\u00bb global_colors_info=\u00a0\u00bb{}\u00a0\u00bb][et_pb_image src=\u00a0\u00bbhttps:\/\/die-pension-auw.de\/wp-content\/uploads\/2023\/05\/Logos_Buchungsmaschinen_0002_booking.png\u00a0\u00bb title_text=\u00a0\u00bbLogos_Buchungsmaschinen_0002_booking\u00a0\u00bb url=\u00a0\u00bbhttps:\/\/www.booking.com\/hotel\/de\/ferienwohnung-fur-2-personen-mit-direktem-zugang.de.html?aid=318615&amp;label=New_German_DE_DE_21481145425-jvXCyzzIAQBNyAyWH9DevwS640874806528%3Apl%3Ata%3Ap1%3Ap2%3Aac%3Aap%3Aneg&amp;sid=c57eb92c8f1b4f42c90a39cccb30909b&amp;all_sr_blocks=968266101_369257317_2_0_0;checkin=2023-06-15;checkout=2023-06-22;dest_id=-1742692;dest_type=city;dist=0;group_adults=2;group_children=0;hapos=1;highlighted_blocks=968266101_369257317_2_0_0;hpos=1;matching_block_id=968266101_369257317_2_0_0;no_rooms=1;req_adults=2;req_children=0;room1=A%2CA;sb_price_type=total;sr_order=popularity;sr_pri_blocks=968266101_369257317_2_0_0__49625;srepoch=1685526687;srpvid=2bd0454f96d404cd;type=total;ucfs=1&amp;#hotelTmpl\u00a0\u00bb url_new_window=\u00a0\u00bbon\u00a0\u00bb _builder_version=\u00a0\u00bb4.21.0&Prime; _module_preset=\u00a0\u00bbdefault\u00a0\u00bb global_colors_info=\u00a0\u00bb{}\u00a0\u00bb][\/et_pb_image][\/et_pb_column][et_pb_column type=\u00a0\u00bb1_3&Prime; _builder_version=\u00a0\u00bb4.21.0&Prime; _module_preset=\u00a0\u00bbdefault\u00a0\u00bb global_colors_info=\u00a0\u00bb{}\u00a0\u00bb][et_pb_image src=\u00a0\u00bbhttps:\/\/die-pension-auw.de\/wp-content\/uploads\/2023\/05\/Logos_Buchungsmaschinen_0001_airbnb.png\u00a0\u00bb title_text=\u00a0\u00bbLogos_Buchungsmaschinen_0001_airbnb\u00a0\u00bb url=\u00a0\u00bbhttps:\/\/www.airbnb.de\/rooms\/736572542768507678?adults=2&amp;children=0&amp;enable_m3_private_room=true&amp;infants=0&amp;pets=0&amp;check_in=2023-06-04&amp;check_out=2023-06-09&amp;federated_search_id=58cdffcc-c64b-46ea-a2df-f537b32ffc00&amp;source_impression_id=p3_1685526814_MU4yxItCTIsb%2FhZg\u00a0\u00bb url_new_window=\u00a0\u00bbon\u00a0\u00bb _builder_version=\u00a0\u00bb4.21.0&Prime; _module_preset=\u00a0\u00bbdefault\u00a0\u00bb global_colors_info=\u00a0\u00bb{}\u00a0\u00bb][\/et_pb_image][\/et_pb_column][et_pb_column type=\u00a0\u00bb1_3&Prime; _builder_version=\u00a0\u00bb4.21.0&Prime; _module_preset=\u00a0\u00bbdefault\u00a0\u00bb global_colors_info=\u00a0\u00bb{}\u00a0\u00bb][et_pb_image src=\u00a0\u00bbhttps:\/\/die-pension-auw.de\/wp-content\/uploads\/2023\/05\/Logos_Buchungsmaschinen_0000_fewodirekt.png\u00a0\u00bb title_text=\u00a0\u00bbLogos_Buchungsmaschinen_0000_fewodirekt\u00a0\u00bb url=\u00a0\u00bbhttps:\/\/www.fewo-direkt.de\/ferienwohnung-ferienhaus\/p5332264?adultsCount=2&amp;noDates=true&amp;uni_id=3883073&Prime; url_new_window=\u00a0\u00bbon\u00a0\u00bb _builder_version=\u00a0\u00bb4.21.0&Prime; _module_preset=\u00a0\u00bbdefault\u00a0\u00bb global_colors_info=\u00a0\u00bb{}\u00a0\u00bb][\/et_pb_image][\/et_pb_column][\/et_pb_row][\/et_pb_section][et_pb_section fb_built=\u00a0\u00bb1&Prime; disabled_on=\u00a0\u00bboff|on|on\u00a0\u00bb admin_label=\u00a0\u00bbContact Info\u00a0\u00bb _builder_version=\u00a0\u00bb4.27.0&Prime; background_color=\u00a0\u00bb#ffffff\u00a0\u00bb max_width=\u00a0\u00bb90%\u00a0\u00bb max_width_tablet=\u00a0\u00bb\u00a0\u00bb max_width_phone=\u00a0\u00bb\u00a0\u00bb max_width_last_edited=\u00a0\u00bbon|phone\u00a0\u00bb custom_margin=\u00a0\u00bb-160px|||\u00a0\u00bb border_color_all=\u00a0\u00bb#ffffff\u00a0\u00bb border_width_left=\u00a0\u00bb10vw\u00a0\u00bb global_colors_info=\u00a0\u00bb{}\u00a0\u00bb][et_pb_row _builder_version=\u00a0\u00bb4.16&Prime; custom_width_px=\u00a0\u00bb800px\u00a0\u00bb global_colors_info=\u00a0\u00bb{}\u00a0\u00bb][et_pb_column type=\u00a0\u00bb4_4&Prime; _builder_version=\u00a0\u00bb4.16&Prime; custom_padding=\u00a0\u00bb|||\u00a0\u00bb global_colors_info=\u00a0\u00bb{}\u00a0\u00bb custom_padding__hover=\u00a0\u00bb|||\u00a0\u00bb][et_pb_text _builder_version=\u00a0\u00bb4.27.0&Prime; _module_preset=\u00a0\u00bbdefault\u00a0\u00bb global_colors_info=\u00a0\u00bb{}\u00a0\u00bb]<\/p>\n<p>Vous pouvez \u00e9galement r\u00e9server notre appartement de vacances via les moteurs de r\u00e9servation suivants. Il se peut toutefois que le prix des moteurs de r\u00e9servation diff\u00e8re de notre prix d&rsquo;offre, car ils demandent des commissions d&rsquo;agence diff\u00e9rentes. <\/p>\n<p>[\/et_pb_text][\/et_pb_column][\/et_pb_row][et_pb_row column_structure=\u00a0\u00bb1_3,1_3,1_3&Prime; use_custom_gutter=\u00a0\u00bbon\u00a0\u00bb gutter_width=\u00a0\u00bb1&Prime; _builder_version=\u00a0\u00bb4.27.0&Prime; _module_preset=\u00a0\u00bbdefault\u00a0\u00bb global_colors_info=\u00a0\u00bb{}\u00a0\u00bb][et_pb_column type=\u00a0\u00bb1_3&Prime; _builder_version=\u00a0\u00bb4.21.0&Prime; _module_preset=\u00a0\u00bbdefault\u00a0\u00bb global_colors_info=\u00a0\u00bb{}\u00a0\u00bb][et_pb_image src=\u00a0\u00bbhttps:\/\/die-pension-auw.de\/wp-content\/uploads\/2023\/05\/Logos_Buchungsmaschinen_0002_booking.png\u00a0\u00bb title_text=\u00a0\u00bbLogos_Buchungsmaschinen_0002_booking\u00a0\u00bb url=\u00a0\u00bbhttps:\/\/www.booking.com\/hotel\/de\/ferienwohnung-fur-2-personen-mit-direktem-zugang.de.html?aid=318615&amp;label=New_German_DE_DE_21481145425-jvXCyzzIAQBNyAyWH9DevwS640874806528%3Apl%3Ata%3Ap1%3Ap2%3Aac%3Aap%3Aneg&amp;sid=c57eb92c8f1b4f42c90a39cccb30909b&amp;all_sr_blocks=968266101_369257317_2_0_0;checkin=2023-06-15;checkout=2023-06-22;dest_id=-1742692;dest_type=city;dist=0;group_adults=2;group_children=0;hapos=1;highlighted_blocks=968266101_369257317_2_0_0;hpos=1;matching_block_id=968266101_369257317_2_0_0;no_rooms=1;req_adults=2;req_children=0;room1=A%2CA;sb_price_type=total;sr_order=popularity;sr_pri_blocks=968266101_369257317_2_0_0__49625;srepoch=1685526687;srpvid=2bd0454f96d404cd;type=total;ucfs=1&amp;#hotelTmpl\u00a0\u00bb url_new_window=\u00a0\u00bbon\u00a0\u00bb align=\u00a0\u00bbcenter\u00a0\u00bb _builder_version=\u00a0\u00bb4.27.0&Prime; _module_preset=\u00a0\u00bbdefault\u00a0\u00bb width=\u00a0\u00bb70%\u00a0\u00bb max_width=\u00a0\u00bb70%\u00a0\u00bb global_colors_info=\u00a0\u00bb{}\u00a0\u00bb][\/et_pb_image][\/et_pb_column][et_pb_column type=\u00a0\u00bb1_3&Prime; _builder_version=\u00a0\u00bb4.21.0&Prime; _module_preset=\u00a0\u00bbdefault\u00a0\u00bb global_colors_info=\u00a0\u00bb{}\u00a0\u00bb][et_pb_image src=\u00a0\u00bbhttps:\/\/die-pension-auw.de\/wp-content\/uploads\/2023\/05\/Logos_Buchungsmaschinen_0001_airbnb.png\u00a0\u00bb title_text=\u00a0\u00bbLogos_Buchungsmaschinen_0001_airbnb\u00a0\u00bb url=\u00a0\u00bbhttps:\/\/www.airbnb.de\/rooms\/736572542768507678?adults=2&amp;children=0&amp;enable_m3_private_room=true&amp;infants=0&amp;pets=0&amp;check_in=2023-06-04&amp;check_out=2023-06-09&amp;federated_search_id=58cdffcc-c64b-46ea-a2df-f537b32ffc00&amp;source_impression_id=p3_1685526814_MU4yxItCTIsb%2FhZg\u00a0\u00bb url_new_window=\u00a0\u00bbon\u00a0\u00bb align=\u00a0\u00bbcenter\u00a0\u00bb _builder_version=\u00a0\u00bb4.27.0&Prime; _module_preset=\u00a0\u00bbdefault\u00a0\u00bb width=\u00a0\u00bb70%\u00a0\u00bb max_width=\u00a0\u00bb70%\u00a0\u00bb global_colors_info=\u00a0\u00bb{}\u00a0\u00bb][\/et_pb_image][\/et_pb_column][et_pb_column type=\u00a0\u00bb1_3&Prime; _builder_version=\u00a0\u00bb4.21.0&Prime; _module_preset=\u00a0\u00bbdefault\u00a0\u00bb global_colors_info=\u00a0\u00bb{}\u00a0\u00bb][et_pb_image src=\u00a0\u00bbhttps:\/\/die-pension-auw.de\/wp-content\/uploads\/2023\/05\/Logos_Buchungsmaschinen_0000_fewodirekt.png\u00a0\u00bb title_text=\u00a0\u00bbLogos_Buchungsmaschinen_0000_fewodirekt\u00a0\u00bb url=\u00a0\u00bbhttps:\/\/www.fewo-direkt.de\/ferienwohnung-ferienhaus\/p5332264?adultsCount=2&amp;noDates=true&amp;uni_id=3883073&Prime; url_new_window=\u00a0\u00bbon\u00a0\u00bb align=\u00a0\u00bbcenter\u00a0\u00bb _builder_version=\u00a0\u00bb4.27.0&Prime; _module_preset=\u00a0\u00bbdefault\u00a0\u00bb width=\u00a0\u00bb70%\u00a0\u00bb max_width=\u00a0\u00bb70%\u00a0\u00bb global_colors_info=\u00a0\u00bb{}\u00a0\u00bb][\/et_pb_image][\/et_pb_column][\/et_pb_row][\/et_pb_section][et_pb_section fb_built=\u00a0\u00bb1&Prime; _builder_version=\u00a0\u00bb4.27.0&Prime; _module_preset=\u00a0\u00bbdefault\u00a0\u00bb global_colors_info=\u00a0\u00bb{}\u00a0\u00bb][\/et_pb_section]<\/p>\n","protected":false},"excerpt":{"rendered":"<p>Informations \u00c0 propos de La Pension la r\u00e9gionAuw pr\u00e8s de Pr\u00fcm Les environs Bienvenue dans la magnifique r\u00e9gion autour d&rsquo;Auw bei Pr\u00fcm dans la Schneifel ! Plongez dans un paysage idyllique qui vous enchantera par sa beaut\u00e9 naturelle. Vous y trouverez des collines pittoresques, des for\u00eats luxuriantes et des eaux scintillantes qui vous invitent \u00e0 [&hellip;]<\/p>\n","protected":false},"author":1,"featured_media":0,"parent":0,"menu_order":0,"comment_status":"closed","ping_status":"closed","template":"","meta":{"_et_pb_use_builder":"on","_et_pb_old_content":"","_et_gb_content_width":"","footnotes":""},"class_list":["post-348","page","type-page","status-publish","hentry"],"_links":{"self":[{"href":"https:\/\/die-pension-auw.de\/fr\/wp-json\/wp\/v2\/pages\/348","targetHints":{"allow":["GET"]}}],"collection":[{"href":"https:\/\/die-pension-auw.de\/fr\/wp-json\/wp\/v2\/pages"}],"about":[{"href":"https:\/\/die-pension-auw.de\/fr\/wp-json\/wp\/v2\/types\/page"}],"author":[{"embeddable":true,"href":"https:\/\/die-pension-auw.de\/fr\/wp-json\/wp\/v2\/users\/1"}],"replies":[{"embeddable":true,"href":"https:\/\/die-pension-auw.de\/fr\/wp-json\/wp\/v2\/comments?post=348"}],"version-history":[{"count":38,"href":"https:\/\/die-pension-auw.de\/fr\/wp-json\/wp\/v2\/pages\/348\/revisions"}],"predecessor-version":[{"id":1848,"href":"https:\/\/die-pension-auw.de\/fr\/wp-json\/wp\/v2\/pages\/348\/revisions\/1848"}],"wp:attachment":[{"href":"https:\/\/die-pension-auw.de\/fr\/wp-json\/wp\/v2\/media?parent=348"}],"curies":[{"name":"wp","href":"https:\/\/api.w.org\/{rel}","templated":true}]}}