{"id":335,"date":"2022-09-26T08:23:59","date_gmt":"2022-09-26T08:23:59","guid":{"rendered":"https:\/\/die-pension-auw.de\/die-zimmer"},"modified":"2024-11-08T13:51:57","modified_gmt":"2024-11-08T13:51:57","slug":"las-habitaciones","status":"publish","type":"page","link":"https:\/\/die-pension-auw.de\/es\/las-habitaciones","title":{"rendered":"Las habitaciones"},"content":{"rendered":"<p>[et_pb_section fb_built=\u00bb1&#8243; admin_label=\u00bbHeader\u00bb _builder_version=\u00bb4.27.0&#8243; use_background_color_gradient=\u00bbon\u00bb background_color_gradient_type=\u00bbcircular\u00bb background_color_gradient_direction_radial=\u00bbtop left\u00bb background_color_gradient_stops=\u00bbrgba(255,255,255,0.89) 30%|rgba(255,255,255,0) 80%\u00bb background_color_gradient_overlays_image=\u00bbon\u00bb background_color_gradient_start=\u00bbrgba(255,255,255,0.89)\u00bb background_color_gradient_start_position=\u00bb30%\u00bb background_color_gradient_end=\u00bbrgba(255,255,255,0)\u00bb background_color_gradient_end_position=\u00bb80%\u00bb background_image=\u00bbhttps:\/\/die-pension-auw.de\/wp-content\/uploads\/2024\/09\/zimmer2_view-scaled.jpg\u00bb custom_margin=\u00bb|||\u00bb custom_padding=\u00bb8vw||8vw||true\u00bb global_colors_info=\u00bb{}\u00bb][et_pb_row _builder_version=\u00bb4.16&#8243; global_colors_info=\u00bb{}\u00bb][et_pb_column type=\u00bb4_4&#8243; _builder_version=\u00bb4.16&#8243; custom_padding=\u00bb|||\u00bb global_colors_info=\u00bb{}\u00bb custom_padding__hover=\u00bb|||\u00bb][et_pb_text _builder_version=\u00bb4.26.0&#8243; text_font=\u00bb||||||||\u00bb header_font=\u00bbRaleway|700|||||||\u00bb header_font_size=\u00bb80px\u00bb header_line_height=\u00bb1.2em\u00bb header_5_font=\u00bbRaleway|700||on|||||\u00bb header_5_text_color=\u00bb#000000&#8243; header_5_font_size=\u00bb20px\u00bb header_5_letter_spacing=\u00bb0.5em\u00bb header_5_line_height=\u00bb1.8em\u00bb animation_style=\u00bbzoom\u00bb animation_intensity_zoom=\u00bb5%\u00bb header_font_size_tablet=\u00bb48px\u00bb header_font_size_phone=\u00bb32px\u00bb header_font_size_last_edited=\u00bbon|phone\u00bb header_5_font_size_tablet=\u00bb14px\u00bb header_5_font_size_phone=\u00bb12px\u00bb header_5_font_size_last_edited=\u00bbon|desktop\u00bb global_colors_info=\u00bb{}\u00bb]<\/p>\n<h5>Pasar la noche en el Eifel<\/h5>\n<h1>Nuestras habitaciones<\/h1>\n<p>[\/et_pb_text][\/et_pb_column][\/et_pb_row][\/et_pb_section][et_pb_section fb_built=\u00bb1&#8243; admin_label=\u00bbAbout\u00bb _builder_version=\u00bb4.16&#8243; global_colors_info=\u00bb{}\u00bb][et_pb_row custom_padding_last_edited=\u00bbon|desktop\u00bb _builder_version=\u00bb4.16&#8243; custom_padding=\u00bb27px|100px|27px|100px|false|false\u00bb custom_padding_tablet=\u00bb|0px||0px||true\u00bb custom_padding_phone=\u00bb\u00bb global_colors_info=\u00bb{}\u00bb][et_pb_column type=\u00bb4_4&#8243; _builder_version=\u00bb4.16&#8243; custom_padding=\u00bb|||\u00bb global_colors_info=\u00bb{}\u00bb custom_padding__hover=\u00bb|||\u00bb][et_pb_text _builder_version=\u00bb4.27.0&#8243; text_font=\u00bb||||||||\u00bb text_font_size=\u00bb16px\u00bb text_line_height=\u00bb2em\u00bb header_font=\u00bb||||||||\u00bb header_2_font=\u00bbRaleway|700|||||||\u00bb header_2_font_size=\u00bb50px\u00bb header_2_line_height=\u00bb1.2em\u00bb header_6_font=\u00bbRaleway|700||on|||||\u00bb header_6_font_size=\u00bb16px\u00bb header_6_letter_spacing=\u00bb5px\u00bb header_6_line_height=\u00bb1.8em\u00bb text_orientation=\u00bbcenter\u00bb max_width=\u00bb700px\u00bb max_width_last_edited=\u00bboff|desktop\u00bb module_alignment=\u00bbcenter\u00bb header_2_font_size_tablet=\u00bb35px\u00bb header_2_font_size_phone=\u00bb25px\u00bb header_2_font_size_last_edited=\u00bbon|phone\u00bb global_colors_info=\u00bb{}\u00bb]<\/p>\n<h2>Die Pension<\/h2>\n<p>Ofrecemos 4 habitaciones en la 1\u00aa planta &#8211; tambi\u00e9n la planta superior de nuestra casa &#8211; para un total de hasta 8 personas. Cada habitaci\u00f3n est\u00e1 amueblada individualmente, 3 habitaciones tienen &#8211; adem\u00e1s de los cuartos de ba\u00f1o &#8211; su propio lavabo en la habitaci\u00f3n. S\u00f3lo una de nuestras habitaciones tiene ba\u00f1o en suite. A pesar de la estructura de la casa antigua, nos esforzamos por ofrecer a nuestros hu\u00e9spedes el mayor confort posible. Alquilamos un m\u00e1ximo de 3 habitaciones a la vez, ya que la zona de habitaciones s\u00f3lo dispone de 3 cuartos de ba\u00f1o. Sin embargo, la cuarta habitaci\u00f3n puede reservarse en combinaci\u00f3n con una de las otras, por ejemplo como habitaci\u00f3n familiar, de modo que una familia pueda compartir un cuarto de ba\u00f1o.     <\/p>\n<p>[\/et_pb_text][\/et_pb_column][\/et_pb_row][et_pb_row column_structure=\u00bb1_3,1_3,1_3&#8243; _builder_version=\u00bb4.16&#8243; max_width=\u00bb510px\u00bb use_custom_width=\u00bbon\u00bb custom_width_px=\u00bb510px\u00bb global_colors_info=\u00bb{}\u00bb][et_pb_column type=\u00bb1_3&#8243; _builder_version=\u00bb4.16&#8243; custom_padding=\u00bb|||\u00bb global_colors_info=\u00bb{}\u00bb custom_padding__hover=\u00bb|||\u00bb][et_pb_number_counter title=\u00bbHabitaci\u00f3nes dobles\u00bb number=\u00bb4&#8243; percent_sign=\u00bboff\u00bb _builder_version=\u00bb4.19.1&#8243; title_font=\u00bb||||||||\u00bb title_text_color=\u00bb#666666&#8243; title_font_size=\u00bb14px\u00bb number_font=\u00bbRaleway|700|||||||\u00bb number_text_color=\u00bb#b2b9c4&#8243; number_font_size=\u00bb48px\u00bb number_line_height=\u00bb100px\u00bb locked=\u00bboff\u00bb global_colors_info=\u00bb{}\u00bb][\/et_pb_number_counter][\/et_pb_column][et_pb_column type=\u00bb1_3&#8243; _builder_version=\u00bb4.16&#8243; custom_padding=\u00bb|||\u00bb global_colors_info=\u00bb{}\u00bb custom_padding__hover=\u00bb|||\u00bb][et_pb_number_counter title=\u00bbCuartos de ba\u00f1o\u00bb number=\u00bb3&#8243; percent_sign=\u00bboff\u00bb _builder_version=\u00bb4.19.1&#8243; title_font=\u00bb||||||||\u00bb title_text_color=\u00bb#666666&#8243; title_font_size=\u00bb14px\u00bb number_font=\u00bbRaleway|700|||||||\u00bb number_text_color=\u00bb#b2b9c4&#8243; number_font_size=\u00bb48px\u00bb number_line_height=\u00bb100px\u00bb locked=\u00bboff\u00bb global_colors_info=\u00bb{}\u00bb][\/et_pb_number_counter][\/et_pb_column][et_pb_column type=\u00bb1_3&#8243; _builder_version=\u00bb4.16&#8243; custom_padding=\u00bb|||\u00bb global_colors_info=\u00bb{}\u00bb custom_padding__hover=\u00bb|||\u00bb][et_pb_number_counter title=\u00bbHu\u00e9spedes\u00bb number=\u00bb8&#8243; percent_sign=\u00bboff\u00bb _builder_version=\u00bb4.19.1&#8243; title_font=\u00bb||||||||\u00bb title_text_color=\u00bb#666666&#8243; title_font_size=\u00bb14px\u00bb number_font=\u00bbRaleway|700|||||||\u00bb number_text_color=\u00bb#b2b9c4&#8243; number_font_size=\u00bb48px\u00bb number_line_height=\u00bb100px\u00bb locked=\u00bboff\u00bb global_colors_info=\u00bb{}\u00bb][\/et_pb_number_counter][\/et_pb_column][\/et_pb_row][et_pb_row _builder_version=\u00bb4.16&#8243; global_colors_info=\u00bb{}\u00bb][et_pb_column type=\u00bb4_4&#8243; _builder_version=\u00bb4.16&#8243; custom_padding=\u00bb|||\u00bb global_colors_info=\u00bb{}\u00bb custom_padding__hover=\u00bb|||\u00bb][et_pb_image src=\u00bbhttps:\/\/die-pension-auw.de\/wp-content\/uploads\/2024\/09\/scheune_komplett-scaled.jpg\u00bb title_text=\u00bbscheune_komplett\u00bb force_fullwidth=\u00bbon\u00bb _builder_version=\u00bb4.27.0&#8243; _module_preset=\u00bbdefault\u00bb global_colors_info=\u00bb{}\u00bb][\/et_pb_image][\/et_pb_column][\/et_pb_row][\/et_pb_section][et_pb_section fb_built=\u00bb1&#8243; specialty=\u00bbon\u00bb disabled_on=\u00bbon|off|off\u00bb admin_label=\u00bbRoom 1 &#8211; desktop\u00bb _builder_version=\u00bb4.27.0&#8243; global_colors_info=\u00bb{}\u00bb][et_pb_column type=\u00bb1_2&#8243; specialty_columns=\u00bb2&#8243; _builder_version=\u00bb4.16&#8243; custom_padding=\u00bb|||\u00bb global_colors_info=\u00bb{}\u00bb custom_padding__hover=\u00bb|||\u00bb][et_pb_row_inner _builder_version=\u00bb4.16&#8243; global_colors_info=\u00bb{}\u00bb][et_pb_column_inner saved_specialty_column_type=\u00bb1_2&#8243; _builder_version=\u00bb4.16&#8243; custom_padding=\u00bb|||\u00bb global_colors_info=\u00bb{}\u00bb custom_padding__hover=\u00bb|||\u00bb][et_pb_image src=\u00bbhttps:\/\/die-pension-auw.de\/wp-content\/uploads\/2024\/09\/Pension_Zimmer1_Sicht3.jpg\u00bb title_text=\u00bbPension_Zimmer1_Sicht3&#8243; show_in_lightbox=\u00bbon\u00bb align_tablet=\u00bbcenter\u00bb align_phone=\u00bbcenter\u00bb align_last_edited=\u00bbon|desktop\u00bb _builder_version=\u00bb4.27.0&#8243; locked=\u00bboff\u00bb global_colors_info=\u00bb{}\u00bb][\/et_pb_image][\/et_pb_column_inner][\/et_pb_row_inner][et_pb_row_inner column_structure=\u00bb1_2,1_2&#8243; use_custom_gutter=\u00bbon\u00bb gutter_width=\u00bb2&#8243; _builder_version=\u00bb4.16&#8243; custom_padding=\u00bb0|0px|29.6875px|0px|false|false\u00bb global_colors_info=\u00bb{}\u00bb][et_pb_column_inner type=\u00bb1_2&#8243; saved_specialty_column_type=\u00bb1_2&#8243; _builder_version=\u00bb4.16&#8243; custom_padding=\u00bb|||\u00bb global_colors_info=\u00bb{}\u00bb custom_padding__hover=\u00bb|||\u00bb][et_pb_image src=\u00bbhttps:\/\/die-pension-auw.de\/wp-content\/uploads\/2024\/09\/Pension_Zimmer1_Sicht2.jpg\u00bb title_text=\u00bbPension_Zimmer1_Sicht2&#8243; show_in_lightbox=\u00bbon\u00bb use_overlay=\u00bbon\u00bb overlay_icon_color=\u00bb#b2b9c4&#8243; align_tablet=\u00bbcenter\u00bb align_phone=\u00bbcenter\u00bb align_last_edited=\u00bbon|desktop\u00bb _builder_version=\u00bb4.27.0&#8243; locked=\u00bboff\u00bb global_colors_info=\u00bb{}\u00bb][\/et_pb_image][\/et_pb_column_inner][et_pb_column_inner type=\u00bb1_2&#8243; saved_specialty_column_type=\u00bb1_2&#8243; _builder_version=\u00bb4.16&#8243; custom_padding=\u00bb|||\u00bb global_colors_info=\u00bb{}\u00bb custom_padding__hover=\u00bb|||\u00bb][et_pb_image src=\u00bbhttps:\/\/die-pension-auw.de\/wp-content\/uploads\/2024\/09\/Pension_Zimmer1_Uebersicht.jpg\u00bb title_text=\u00bbPension_Zimmer1_Uebersicht\u00bb show_in_lightbox=\u00bbon\u00bb use_overlay=\u00bbon\u00bb overlay_icon_color=\u00bb#b2b9c4&#8243; align_tablet=\u00bbcenter\u00bb align_phone=\u00bbcenter\u00bb align_last_edited=\u00bbon|desktop\u00bb _builder_version=\u00bb4.27.0&#8243; locked=\u00bboff\u00bb global_colors_info=\u00bb{}\u00bb][\/et_pb_image][\/et_pb_column_inner][\/et_pb_row_inner][\/et_pb_column][et_pb_column type=\u00bb1_2&#8243; _builder_version=\u00bb4.16&#8243; custom_padding=\u00bb|||\u00bb global_colors_info=\u00bb{}\u00bb custom_padding__hover=\u00bb|||\u00bb][et_pb_text _builder_version=\u00bb4.27.0&#8243; text_font=\u00bb||||||||\u00bb text_font_size=\u00bb16px\u00bb text_line_height=\u00bb2em\u00bb ul_font=\u00bb||||||||\u00bb ul_line_height=\u00bb2em\u00bb header_font=\u00bb||||||||\u00bb header_3_font=\u00bbRaleway|700|||||||\u00bb header_3_font_size=\u00bb40px\u00bb header_3_line_height=\u00bb1.4em\u00bb header_6_line_height=\u00bb1.8em\u00bb header_3_font_size_tablet=\u00bb35px\u00bb header_3_font_size_phone=\u00bb25px\u00bb header_3_font_size_last_edited=\u00bbon|phone\u00bb locked=\u00bboff\u00bb global_colors_info=\u00bb{}\u00bb]<\/p>\n<h3>Habitaci\u00f3n 1<\/h3>\n<p>Esta habitaci\u00f3n es una de las m\u00e1s grandes y puede reservarse en combinaci\u00f3n con la habitaci\u00f3n 2 como habitaci\u00f3n familiar. La habitaci\u00f3n 1 tiene 2 camas de 1&#215;2 metros cada una, que se unen para formar una cama doble. <\/p>\n<p>[\/et_pb_text][et_pb_text _builder_version=\u00bb4.27.0&#8243; text_font=\u00bbRaleway|700|||||||\u00bb text_text_color=\u00bb#333333&#8243; text_font_size=\u00bb34px\u00bb text_line_height=\u00bb1.4em\u00bb header_font=\u00bb||||||||\u00bb header_5_font=\u00bb||||||||\u00bb header_5_text_color=\u00bb#666666&#8243; header_5_font_size=\u00bb14px\u00bb locked=\u00bboff\u00bb global_colors_info=\u00bb{}\u00bb]<\/p>\n<h5>Precio por noche y habitaci\u00f3n <\/h5>\n<p>\u20ac 65<\/p>\n<p>[\/et_pb_text][et_pb_button button_url=\u00bb@ET-DC@eyJkeW5hbWljIjp0cnVlLCJjb250ZW50IjoicG9zdF9saW5rX3VybF9wYWdlIiwic2V0dGluZ3MiOnsicG9zdF9pZCI6IjkyIn19@\u00bb button_text=\u00bbReservar esta habitaci\u00f3n\u00bb _builder_version=\u00bb4.27.0&#8243; _dynamic_attributes=\u00bbbutton_url\u00bb custom_button=\u00bbon\u00bb button_text_size=\u00bb15px\u00bb button_text_color=\u00bb#ffffff\u00bb button_bg_color=\u00bb#b2b9c4&#8243; button_border_width=\u00bb8px\u00bb button_border_color=\u00bbrgba(0,0,0,0)\u00bb button_border_radius=\u00bb0px\u00bb button_font=\u00bbRaleway|700|||||||\u00bb button_border_radius_hover=\u00bb0px\u00bb locked=\u00bboff\u00bb global_colors_info=\u00bb{}\u00bb button_text_size__hover_enabled=\u00bboff\u00bb button_one_text_size__hover_enabled=\u00bboff\u00bb button_two_text_size__hover_enabled=\u00bboff\u00bb button_text_color__hover_enabled=\u00bboff\u00bb button_one_text_color__hover_enabled=\u00bboff\u00bb button_two_text_color__hover_enabled=\u00bboff\u00bb button_border_width__hover_enabled=\u00bboff\u00bb button_one_border_width__hover_enabled=\u00bboff\u00bb button_two_border_width__hover_enabled=\u00bboff\u00bb button_border_color__hover_enabled=\u00bboff\u00bb button_one_border_color__hover_enabled=\u00bboff\u00bb button_two_border_color__hover_enabled=\u00bboff\u00bb button_border_radius__hover_enabled=\u00bbon\u00bb button_border_radius__hover=\u00bb0px\u00bb button_one_border_radius__hover_enabled=\u00bboff\u00bb button_two_border_radius__hover_enabled=\u00bboff\u00bb button_letter_spacing__hover_enabled=\u00bboff\u00bb button_one_letter_spacing__hover_enabled=\u00bboff\u00bb button_two_letter_spacing__hover_enabled=\u00bboff\u00bb button_bg_color__hover_enabled=\u00bboff\u00bb button_one_bg_color__hover_enabled=\u00bboff\u00bb button_two_bg_color__hover_enabled=\u00bboff\u00bb][\/et_pb_button][\/et_pb_column][\/et_pb_section][et_pb_section fb_built=\u00bb1&#8243; disabled_on=\u00bboff|on|on\u00bb admin_label=\u00bbRoom 1 &#8211; Mobil\u00bb _builder_version=\u00bb4.27.0&#8243; _module_preset=\u00bbdefault\u00bb global_colors_info=\u00bb{}\u00bb][et_pb_row _builder_version=\u00bb4.27.0&#8243; _module_preset=\u00bbdefault\u00bb global_colors_info=\u00bb{}\u00bb][et_pb_column type=\u00bb4_4&#8243; _builder_version=\u00bb4.27.0&#8243; _module_preset=\u00bbdefault\u00bb global_colors_info=\u00bb{}\u00bb][et_pb_text _builder_version=\u00bb4.27.0&#8243; text_font=\u00bb||||||||\u00bb text_font_size=\u00bb16px\u00bb text_line_height=\u00bb2em\u00bb ul_font=\u00bb||||||||\u00bb ul_line_height=\u00bb2em\u00bb header_font=\u00bb||||||||\u00bb header_3_font=\u00bbRaleway|700|||||||\u00bb header_3_font_size=\u00bb40px\u00bb header_3_line_height=\u00bb1.4em\u00bb header_6_line_height=\u00bb1.8em\u00bb header_3_font_size_tablet=\u00bb35px\u00bb header_3_font_size_phone=\u00bb25px\u00bb header_3_font_size_last_edited=\u00bbon|phone\u00bb locked=\u00bboff\u00bb global_colors_info=\u00bb{}\u00bb]<\/p>\n<h3>Habitaci\u00f3n 1<\/h3>\n<p>Esta habitaci\u00f3n es una de las m\u00e1s grandes y puede reservarse en combinaci\u00f3n con la habitaci\u00f3n 2 como habitaci\u00f3n familiar. La habitaci\u00f3n 1 tiene 2 camas de 1&#215;2 metros cada una, que se unen para formar una cama doble. <\/p>\n<p>[\/et_pb_text][et_pb_text _builder_version=\u00bb4.27.0&#8243; text_font=\u00bbRaleway|700|||||||\u00bb text_text_color=\u00bb#333333&#8243; text_font_size=\u00bb34px\u00bb text_line_height=\u00bb1.4em\u00bb header_font=\u00bb||||||||\u00bb header_5_font=\u00bb||||||||\u00bb header_5_text_color=\u00bb#666666&#8243; header_5_font_size=\u00bb14px\u00bb locked=\u00bboff\u00bb global_colors_info=\u00bb{}\u00bb]<\/p>\n<h5>Precio por noche y habitaci\u00f3n <\/h5>\n<p>\u20ac 65<\/p>\n<p>[\/et_pb_text][et_pb_button button_url=\u00bb@ET-DC@eyJkeW5hbWljIjp0cnVlLCJjb250ZW50IjoicG9zdF9saW5rX3VybF9wYWdlIiwic2V0dGluZ3MiOnsicG9zdF9pZCI6IjkyIn19@\u00bb button_text=\u00bbReservar esta habitaci\u00f3n\u00bb _builder_version=\u00bb4.27.0&#8243; _dynamic_attributes=\u00bbbutton_url\u00bb custom_button=\u00bbon\u00bb button_text_size=\u00bb15px\u00bb button_text_color=\u00bb#ffffff\u00bb button_bg_color=\u00bb#b2b9c4&#8243; button_border_width=\u00bb8px\u00bb button_border_color=\u00bbrgba(0,0,0,0)\u00bb button_border_radius=\u00bb0px\u00bb button_font=\u00bbRaleway|700|||||||\u00bb button_border_radius_hover=\u00bb0px\u00bb locked=\u00bboff\u00bb global_colors_info=\u00bb{}\u00bb button_text_size__hover_enabled=\u00bboff\u00bb button_one_text_size__hover_enabled=\u00bboff\u00bb button_two_text_size__hover_enabled=\u00bboff\u00bb button_text_color__hover_enabled=\u00bboff\u00bb button_one_text_color__hover_enabled=\u00bboff\u00bb button_two_text_color__hover_enabled=\u00bboff\u00bb button_border_width__hover_enabled=\u00bboff\u00bb button_one_border_width__hover_enabled=\u00bboff\u00bb button_two_border_width__hover_enabled=\u00bboff\u00bb button_border_color__hover_enabled=\u00bboff\u00bb button_one_border_color__hover_enabled=\u00bboff\u00bb button_two_border_color__hover_enabled=\u00bboff\u00bb button_border_radius__hover_enabled=\u00bbon\u00bb button_border_radius__hover=\u00bb0px\u00bb button_one_border_radius__hover_enabled=\u00bboff\u00bb button_two_border_radius__hover_enabled=\u00bboff\u00bb button_letter_spacing__hover_enabled=\u00bboff\u00bb button_one_letter_spacing__hover_enabled=\u00bboff\u00bb button_two_letter_spacing__hover_enabled=\u00bboff\u00bb button_bg_color__hover_enabled=\u00bboff\u00bb button_one_bg_color__hover_enabled=\u00bboff\u00bb button_two_bg_color__hover_enabled=\u00bboff\u00bb][\/et_pb_button][\/et_pb_column][\/et_pb_row][et_pb_row column_structure=\u00bb1_3,1_3,1_3&#8243; _builder_version=\u00bb4.27.0&#8243; _module_preset=\u00bbdefault\u00bb global_colors_info=\u00bb{}\u00bb][et_pb_column type=\u00bb1_3&#8243; _builder_version=\u00bb4.27.0&#8243; _module_preset=\u00bbdefault\u00bb global_colors_info=\u00bb{}\u00bb][et_pb_image src=\u00bbhttps:\/\/die-pension-auw.de\/wp-content\/uploads\/2024\/09\/Pension_Zimmer1_Sicht3.jpg\u00bb title_text=\u00bbPension_Zimmer1_Sicht3&#8243; show_in_lightbox=\u00bbon\u00bb align_tablet=\u00bbcenter\u00bb align_phone=\u00bbcenter\u00bb align_last_edited=\u00bbon|desktop\u00bb _builder_version=\u00bb4.27.0&#8243; locked=\u00bboff\u00bb global_colors_info=\u00bb{}\u00bb][\/et_pb_image][\/et_pb_column][et_pb_column type=\u00bb1_3&#8243; _builder_version=\u00bb4.27.0&#8243; _module_preset=\u00bbdefault\u00bb global_colors_info=\u00bb{}\u00bb][et_pb_image src=\u00bbhttps:\/\/die-pension-auw.de\/wp-content\/uploads\/2024\/09\/Pension_Zimmer1_Sicht2.jpg\u00bb title_text=\u00bbPension_Zimmer1_Sicht2&#8243; show_in_lightbox=\u00bbon\u00bb use_overlay=\u00bbon\u00bb overlay_icon_color=\u00bb#b2b9c4&#8243; align_tablet=\u00bbcenter\u00bb align_phone=\u00bbcenter\u00bb align_last_edited=\u00bbon|desktop\u00bb _builder_version=\u00bb4.27.0&#8243; locked=\u00bboff\u00bb global_colors_info=\u00bb{}\u00bb][\/et_pb_image][\/et_pb_column][et_pb_column type=\u00bb1_3&#8243; _builder_version=\u00bb4.27.0&#8243; _module_preset=\u00bbdefault\u00bb global_colors_info=\u00bb{}\u00bb][et_pb_image src=\u00bbhttps:\/\/die-pension-auw.de\/wp-content\/uploads\/2024\/09\/Pension_Zimmer1_Uebersicht.jpg\u00bb title_text=\u00bbPension_Zimmer1_Uebersicht\u00bb show_in_lightbox=\u00bbon\u00bb use_overlay=\u00bbon\u00bb overlay_icon_color=\u00bb#b2b9c4&#8243; align_tablet=\u00bbcenter\u00bb align_phone=\u00bbcenter\u00bb align_last_edited=\u00bbon|desktop\u00bb _builder_version=\u00bb4.27.0&#8243; locked=\u00bboff\u00bb global_colors_info=\u00bb{}\u00bb][\/et_pb_image][\/et_pb_column][\/et_pb_row][\/et_pb_section][et_pb_section fb_built=\u00bb1&#8243; specialty=\u00bbon\u00bb disabled_on=\u00bbon|off|off\u00bb admin_label=\u00bbRoom 2 &#8211; desktop\u00bb _builder_version=\u00bb4.27.0&#8243; global_colors_info=\u00bb{}\u00bb][et_pb_column type=\u00bb1_2&#8243; _builder_version=\u00bb4.16&#8243; custom_padding=\u00bb|||\u00bb global_colors_info=\u00bb{}\u00bb custom_padding__hover=\u00bb|||\u00bb][et_pb_text _builder_version=\u00bb4.27.2&#8243; text_font=\u00bb||||||||\u00bb text_font_size=\u00bb16px\u00bb text_line_height=\u00bb2em\u00bb ul_font=\u00bb||||||||\u00bb ul_line_height=\u00bb2em\u00bb header_font=\u00bb||||||||\u00bb header_3_font=\u00bbRaleway|700|||||||\u00bb header_3_font_size=\u00bb40px\u00bb header_3_line_height=\u00bb1.4em\u00bb header_6_line_height=\u00bb1.8em\u00bb hover_enabled=\u00bb0&#8243; header_3_font_size_tablet=\u00bb35px\u00bb header_3_font_size_phone=\u00bb25px\u00bb header_3_font_size_last_edited=\u00bbon|phone\u00bb locked=\u00bboff\u00bb global_colors_info=\u00bb{}\u00bb sticky_enabled=\u00bb0&#8243;]<\/p>\n<h3>Habitaci\u00f3n 2<\/h3>\n<p>Esta habitaci\u00f3n es la m\u00e1s grande y puede reservarse en combinaci\u00f3n con la habitaci\u00f3n 1 como habitaci\u00f3n familiar. La habitaci\u00f3n 2 tiene 1 cama de 1,8 x 2 metros.  La altura de la cama es de s\u00f3lo 35 cm. <\/p>\n<p>[\/et_pb_text][et_pb_text _builder_version=\u00bb4.27.0&#8243; text_font=\u00bbRaleway|700|||||||\u00bb text_text_color=\u00bb#333333&#8243; text_font_size=\u00bb34px\u00bb text_line_height=\u00bb1.4em\u00bb header_font=\u00bb||||||||\u00bb header_5_font=\u00bb||||||||\u00bb header_5_text_color=\u00bb#666666&#8243; header_5_font_size=\u00bb14px\u00bb locked=\u00bboff\u00bb global_colors_info=\u00bb{}\u00bb]<\/p>\n<h5>Precio por noche y habitaci\u00f3n <\/h5>\n<p>\u20ac 65<\/p>\n<p>[\/et_pb_text][et_pb_button button_url=\u00bb@ET-DC@eyJkeW5hbWljIjp0cnVlLCJjb250ZW50IjoicG9zdF9saW5rX3VybF9wYWdlIiwic2V0dGluZ3MiOnsicG9zdF9pZCI6IjkyIn19@\u00bb button_text=\u00bbReservar esta habitaci\u00f3n\u00bb _builder_version=\u00bb4.19.1&#8243; _dynamic_attributes=\u00bbbutton_url\u00bb custom_button=\u00bbon\u00bb button_text_size=\u00bb15px\u00bb button_text_color=\u00bb#ffffff\u00bb button_bg_color=\u00bb#b2b9c4&#8243; button_border_width=\u00bb8px\u00bb button_border_color=\u00bbrgba(0,0,0,0)\u00bb button_border_radius=\u00bb0px\u00bb button_font=\u00bbRaleway|700|||||||\u00bb button_border_radius_hover=\u00bb0px\u00bb locked=\u00bboff\u00bb global_colors_info=\u00bb{}\u00bb button_text_size__hover_enabled=\u00bboff\u00bb button_one_text_size__hover_enabled=\u00bboff\u00bb button_two_text_size__hover_enabled=\u00bboff\u00bb button_text_color__hover_enabled=\u00bboff\u00bb button_one_text_color__hover_enabled=\u00bboff\u00bb button_two_text_color__hover_enabled=\u00bboff\u00bb button_border_width__hover_enabled=\u00bboff\u00bb button_one_border_width__hover_enabled=\u00bboff\u00bb button_two_border_width__hover_enabled=\u00bboff\u00bb button_border_color__hover_enabled=\u00bboff\u00bb button_one_border_color__hover_enabled=\u00bboff\u00bb button_two_border_color__hover_enabled=\u00bboff\u00bb button_border_radius__hover_enabled=\u00bbon\u00bb button_border_radius__hover=\u00bb0px\u00bb button_one_border_radius__hover_enabled=\u00bboff\u00bb button_two_border_radius__hover_enabled=\u00bboff\u00bb button_letter_spacing__hover_enabled=\u00bboff\u00bb button_one_letter_spacing__hover_enabled=\u00bboff\u00bb button_two_letter_spacing__hover_enabled=\u00bboff\u00bb button_bg_color__hover_enabled=\u00bboff\u00bb button_one_bg_color__hover_enabled=\u00bboff\u00bb button_two_bg_color__hover_enabled=\u00bboff\u00bb][\/et_pb_button][\/et_pb_column][et_pb_column type=\u00bb1_2&#8243; specialty_columns=\u00bb2&#8243; _builder_version=\u00bb4.16&#8243; custom_padding=\u00bb|||\u00bb global_colors_info=\u00bb{}\u00bb custom_padding__hover=\u00bb|||\u00bb][et_pb_row_inner _builder_version=\u00bb4.16&#8243; global_colors_info=\u00bb{}\u00bb][et_pb_column_inner saved_specialty_column_type=\u00bb1_2&#8243; _builder_version=\u00bb4.16&#8243; custom_padding=\u00bb|||\u00bb global_colors_info=\u00bb{}\u00bb custom_padding__hover=\u00bb|||\u00bb][et_pb_image src=\u00bbhttps:\/\/die-pension-auw.de\/wp-content\/uploads\/2024\/09\/Pension_Zimmer2_Uebersicht.jpg\u00bb title_text=\u00bbPension_Zimmer2_Uebersicht\u00bb show_in_lightbox=\u00bbon\u00bb align_tablet=\u00bbcenter\u00bb align_phone=\u00bbcenter\u00bb align_last_edited=\u00bbon|desktop\u00bb _builder_version=\u00bb4.27.0&#8243; locked=\u00bboff\u00bb global_colors_info=\u00bb{}\u00bb][\/et_pb_image][\/et_pb_column_inner][\/et_pb_row_inner][et_pb_row_inner column_structure=\u00bb1_2,1_2&#8243; use_custom_gutter=\u00bbon\u00bb gutter_width=\u00bb2&#8243; _builder_version=\u00bb4.16&#8243; custom_padding=\u00bb0|0px|29.6875px|0px|false|false\u00bb global_colors_info=\u00bb{}\u00bb][et_pb_column_inner type=\u00bb1_2&#8243; saved_specialty_column_type=\u00bb1_2&#8243; _builder_version=\u00bb4.16&#8243; custom_padding=\u00bb|||\u00bb global_colors_info=\u00bb{}\u00bb custom_padding__hover=\u00bb|||\u00bb][et_pb_image src=\u00bbhttps:\/\/die-pension-auw.de\/wp-content\/uploads\/2024\/09\/Pension_Zimmer2_Sicht3.jpg\u00bb title_text=\u00bbPension_Zimmer2_Sicht3&#8243; show_in_lightbox=\u00bbon\u00bb use_overlay=\u00bbon\u00bb overlay_icon_color=\u00bb#b2b9c4&#8243; align_tablet=\u00bbcenter\u00bb align_phone=\u00bbcenter\u00bb align_last_edited=\u00bbon|desktop\u00bb _builder_version=\u00bb4.27.0&#8243; locked=\u00bboff\u00bb global_colors_info=\u00bb{}\u00bb][\/et_pb_image][\/et_pb_column_inner][et_pb_column_inner type=\u00bb1_2&#8243; saved_specialty_column_type=\u00bb1_2&#8243; _builder_version=\u00bb4.16&#8243; custom_padding=\u00bb|||\u00bb global_colors_info=\u00bb{}\u00bb custom_padding__hover=\u00bb|||\u00bb][et_pb_image src=\u00bbhttps:\/\/die-pension-auw.de\/wp-content\/uploads\/2024\/09\/Pension_Zimmer2_Sicht2.jpg\u00bb title_text=\u00bbPension_Zimmer2_Sicht2&#8243; show_in_lightbox=\u00bbon\u00bb use_overlay=\u00bbon\u00bb overlay_icon_color=\u00bb#b2b9c4&#8243; align_tablet=\u00bbcenter\u00bb align_phone=\u00bbcenter\u00bb align_last_edited=\u00bbon|desktop\u00bb _builder_version=\u00bb4.27.0&#8243; locked=\u00bboff\u00bb global_colors_info=\u00bb{}\u00bb][\/et_pb_image][\/et_pb_column_inner][\/et_pb_row_inner][\/et_pb_column][\/et_pb_section][et_pb_section fb_built=\u00bb1&#8243; disabled_on=\u00bboff|on|on\u00bb admin_label=\u00bbRoom 2 &#8211; Mobil\u00bb _builder_version=\u00bb4.27.0&#8243; _module_preset=\u00bbdefault\u00bb global_colors_info=\u00bb{}\u00bb][et_pb_row _builder_version=\u00bb4.27.0&#8243; _module_preset=\u00bbdefault\u00bb global_colors_info=\u00bb{}\u00bb][et_pb_column type=\u00bb4_4&#8243; _builder_version=\u00bb4.27.0&#8243; _module_preset=\u00bbdefault\u00bb global_colors_info=\u00bb{}\u00bb][et_pb_text _builder_version=\u00bb4.27.2&#8243; text_font=\u00bb||||||||\u00bb text_font_size=\u00bb16px\u00bb text_line_height=\u00bb2em\u00bb ul_font=\u00bb||||||||\u00bb ul_line_height=\u00bb2em\u00bb header_font=\u00bb||||||||\u00bb header_3_font=\u00bbRaleway|700|||||||\u00bb header_3_font_size=\u00bb40px\u00bb header_3_line_height=\u00bb1.4em\u00bb header_6_line_height=\u00bb1.8em\u00bb hover_enabled=\u00bb0&#8243; header_3_font_size_tablet=\u00bb35px\u00bb header_3_font_size_phone=\u00bb25px\u00bb header_3_font_size_last_edited=\u00bbon|phone\u00bb locked=\u00bboff\u00bb global_colors_info=\u00bb{}\u00bb sticky_enabled=\u00bb0&#8243;]<\/p>\n<h3>Habitaci\u00f3n 2<\/h3>\n<p>Esta habitaci\u00f3n es la m\u00e1s grande y puede reservarse en combinaci\u00f3n con la habitaci\u00f3n 1 como habitaci\u00f3n familiar. La habitaci\u00f3n 2 tiene 1 cama de 1,8 x 2 metros.  La altura de la cama es de s\u00f3lo 35 cm. <\/p>\n<p>[\/et_pb_text][et_pb_text _builder_version=\u00bb4.27.0&#8243; text_font=\u00bbRaleway|700|||||||\u00bb text_text_color=\u00bb#333333&#8243; text_font_size=\u00bb34px\u00bb text_line_height=\u00bb1.4em\u00bb header_font=\u00bb||||||||\u00bb header_5_font=\u00bb||||||||\u00bb header_5_text_color=\u00bb#666666&#8243; header_5_font_size=\u00bb14px\u00bb locked=\u00bboff\u00bb global_colors_info=\u00bb{}\u00bb]<\/p>\n<h5>Precio por noche y habitaci\u00f3n <\/h5>\n<p>\u20ac 65<\/p>\n<p>[\/et_pb_text][et_pb_button button_url=\u00bb@ET-DC@eyJkeW5hbWljIjp0cnVlLCJjb250ZW50IjoicG9zdF9saW5rX3VybF9wYWdlIiwic2V0dGluZ3MiOnsicG9zdF9pZCI6IjkyIn19@\u00bb button_text=\u00bbReservar esta habitaci\u00f3n\u00bb _builder_version=\u00bb4.19.1&#8243; _dynamic_attributes=\u00bbbutton_url\u00bb custom_button=\u00bbon\u00bb button_text_size=\u00bb15px\u00bb button_text_color=\u00bb#ffffff\u00bb button_bg_color=\u00bb#b2b9c4&#8243; button_border_width=\u00bb8px\u00bb button_border_color=\u00bbrgba(0,0,0,0)\u00bb button_border_radius=\u00bb0px\u00bb button_font=\u00bbRaleway|700|||||||\u00bb button_border_radius_hover=\u00bb0px\u00bb locked=\u00bboff\u00bb global_colors_info=\u00bb{}\u00bb button_text_size__hover_enabled=\u00bboff\u00bb button_one_text_size__hover_enabled=\u00bboff\u00bb button_two_text_size__hover_enabled=\u00bboff\u00bb button_text_color__hover_enabled=\u00bboff\u00bb button_one_text_color__hover_enabled=\u00bboff\u00bb button_two_text_color__hover_enabled=\u00bboff\u00bb button_border_width__hover_enabled=\u00bboff\u00bb button_one_border_width__hover_enabled=\u00bboff\u00bb button_two_border_width__hover_enabled=\u00bboff\u00bb button_border_color__hover_enabled=\u00bboff\u00bb button_one_border_color__hover_enabled=\u00bboff\u00bb button_two_border_color__hover_enabled=\u00bboff\u00bb button_border_radius__hover_enabled=\u00bbon\u00bb button_border_radius__hover=\u00bb0px\u00bb button_one_border_radius__hover_enabled=\u00bboff\u00bb button_two_border_radius__hover_enabled=\u00bboff\u00bb button_letter_spacing__hover_enabled=\u00bboff\u00bb button_one_letter_spacing__hover_enabled=\u00bboff\u00bb button_two_letter_spacing__hover_enabled=\u00bboff\u00bb button_bg_color__hover_enabled=\u00bboff\u00bb button_one_bg_color__hover_enabled=\u00bboff\u00bb button_two_bg_color__hover_enabled=\u00bboff\u00bb][\/et_pb_button][\/et_pb_column][\/et_pb_row][et_pb_row column_structure=\u00bb1_3,1_3,1_3&#8243; _builder_version=\u00bb4.27.0&#8243; _module_preset=\u00bbdefault\u00bb global_colors_info=\u00bb{}\u00bb][et_pb_column type=\u00bb1_3&#8243; _builder_version=\u00bb4.27.0&#8243; _module_preset=\u00bbdefault\u00bb global_colors_info=\u00bb{}\u00bb][et_pb_image src=\u00bbhttps:\/\/die-pension-auw.de\/wp-content\/uploads\/2024\/09\/Pension_Zimmer2_Uebersicht.jpg\u00bb title_text=\u00bbPension_Zimmer2_Uebersicht\u00bb show_in_lightbox=\u00bbon\u00bb align_tablet=\u00bbcenter\u00bb align_phone=\u00bbcenter\u00bb align_last_edited=\u00bbon|desktop\u00bb _builder_version=\u00bb4.27.0&#8243; locked=\u00bboff\u00bb global_colors_info=\u00bb{}\u00bb][\/et_pb_image][\/et_pb_column][et_pb_column type=\u00bb1_3&#8243; _builder_version=\u00bb4.27.0&#8243; _module_preset=\u00bbdefault\u00bb global_colors_info=\u00bb{}\u00bb][et_pb_image src=\u00bbhttps:\/\/die-pension-auw.de\/wp-content\/uploads\/2024\/09\/Pension_Zimmer2_Sicht3.jpg\u00bb title_text=\u00bbPension_Zimmer2_Sicht3&#8243; show_in_lightbox=\u00bbon\u00bb use_overlay=\u00bbon\u00bb overlay_icon_color=\u00bb#b2b9c4&#8243; align_tablet=\u00bbcenter\u00bb align_phone=\u00bbcenter\u00bb align_last_edited=\u00bbon|desktop\u00bb _builder_version=\u00bb4.27.0&#8243; locked=\u00bboff\u00bb global_colors_info=\u00bb{}\u00bb][\/et_pb_image][\/et_pb_column][et_pb_column type=\u00bb1_3&#8243; _builder_version=\u00bb4.27.0&#8243; _module_preset=\u00bbdefault\u00bb global_colors_info=\u00bb{}\u00bb][et_pb_image src=\u00bbhttps:\/\/die-pension-auw.de\/wp-content\/uploads\/2024\/09\/Pension_Zimmer2_Sicht2.jpg\u00bb title_text=\u00bbPension_Zimmer2_Sicht2&#8243; show_in_lightbox=\u00bbon\u00bb use_overlay=\u00bbon\u00bb overlay_icon_color=\u00bb#b2b9c4&#8243; align_tablet=\u00bbcenter\u00bb align_phone=\u00bbcenter\u00bb align_last_edited=\u00bbon|desktop\u00bb _builder_version=\u00bb4.27.0&#8243; locked=\u00bboff\u00bb global_colors_info=\u00bb{}\u00bb][\/et_pb_image][\/et_pb_column][\/et_pb_row][\/et_pb_section][et_pb_section fb_built=\u00bb1&#8243; specialty=\u00bbon\u00bb disabled_on=\u00bbon|off|off\u00bb admin_label=\u00bbRoom 3 &#8211; desktop\u00bb _builder_version=\u00bb4.27.0&#8243; global_colors_info=\u00bb{}\u00bb][et_pb_column type=\u00bb1_2&#8243; specialty_columns=\u00bb2&#8243; _builder_version=\u00bb4.16&#8243; custom_padding=\u00bb|||\u00bb global_colors_info=\u00bb{}\u00bb custom_padding__hover=\u00bb|||\u00bb][et_pb_row_inner _builder_version=\u00bb4.16&#8243; global_colors_info=\u00bb{}\u00bb][et_pb_column_inner saved_specialty_column_type=\u00bb1_2&#8243; _builder_version=\u00bb4.16&#8243; custom_padding=\u00bb|||\u00bb global_colors_info=\u00bb{}\u00bb custom_padding__hover=\u00bb|||\u00bb][et_pb_image src=\u00bbhttps:\/\/die-pension-auw.de\/wp-content\/uploads\/2024\/09\/Pension_zimmer3_Uebersicht.jpg\u00bb title_text=\u00bbPension_zimmer3_Uebersicht\u00bb show_in_lightbox=\u00bbon\u00bb align_tablet=\u00bbcenter\u00bb align_phone=\u00bbcenter\u00bb align_last_edited=\u00bbon|desktop\u00bb _builder_version=\u00bb4.27.0&#8243; locked=\u00bboff\u00bb global_colors_info=\u00bb{}\u00bb][\/et_pb_image][\/et_pb_column_inner][\/et_pb_row_inner][et_pb_row_inner column_structure=\u00bb1_2,1_2&#8243; use_custom_gutter=\u00bbon\u00bb gutter_width=\u00bb2&#8243; _builder_version=\u00bb4.27.0&#8243; custom_padding=\u00bb0|0px|29.6875px|0px|false|false\u00bb global_colors_info=\u00bb{}\u00bb][et_pb_column_inner type=\u00bb1_2&#8243; saved_specialty_column_type=\u00bb1_2&#8243; _builder_version=\u00bb4.16&#8243; custom_padding=\u00bb|||\u00bb global_colors_info=\u00bb{}\u00bb custom_padding__hover=\u00bb|||\u00bb][et_pb_image src=\u00bbhttps:\/\/die-pension-auw.de\/wp-content\/uploads\/2024\/09\/Pension_Zimmer3_Sicht3.jpg\u00bb title_text=\u00bbPension_Zimmer3_Sicht3&#8243; show_in_lightbox=\u00bbon\u00bb use_overlay=\u00bbon\u00bb overlay_icon_color=\u00bb#b2b9c4&#8243; align_tablet=\u00bbcenter\u00bb align_phone=\u00bbcenter\u00bb align_last_edited=\u00bbon|desktop\u00bb _builder_version=\u00bb4.27.0&#8243; locked=\u00bboff\u00bb global_colors_info=\u00bb{}\u00bb][\/et_pb_image][\/et_pb_column_inner][et_pb_column_inner type=\u00bb1_2&#8243; saved_specialty_column_type=\u00bb1_2&#8243; _builder_version=\u00bb4.16&#8243; custom_padding=\u00bb|||\u00bb global_colors_info=\u00bb{}\u00bb custom_padding__hover=\u00bb|||\u00bb][et_pb_image src=\u00bbhttps:\/\/die-pension-auw.de\/wp-content\/uploads\/2024\/09\/Pension_Zimmer3_Sicht2.jpg\u00bb title_text=\u00bbPension_Zimmer3_Sicht2&#8243; show_in_lightbox=\u00bbon\u00bb use_overlay=\u00bbon\u00bb overlay_icon_color=\u00bb#b2b9c4&#8243; align_tablet=\u00bbcenter\u00bb align_phone=\u00bbcenter\u00bb align_last_edited=\u00bbon|desktop\u00bb _builder_version=\u00bb4.27.0&#8243; locked=\u00bboff\u00bb global_colors_info=\u00bb{}\u00bb][\/et_pb_image][\/et_pb_column_inner][\/et_pb_row_inner][\/et_pb_column][et_pb_column type=\u00bb1_2&#8243; _builder_version=\u00bb4.16&#8243; custom_padding=\u00bb|||\u00bb global_colors_info=\u00bb{}\u00bb custom_padding__hover=\u00bb|||\u00bb][et_pb_text _builder_version=\u00bb4.27.0&#8243; text_font=\u00bb||||||||\u00bb text_font_size=\u00bb16px\u00bb text_line_height=\u00bb2em\u00bb ul_font=\u00bb||||||||\u00bb ul_line_height=\u00bb2em\u00bb header_font=\u00bb||||||||\u00bb header_3_font=\u00bbRaleway|700|||||||\u00bb header_3_font_size=\u00bb40px\u00bb header_3_line_height=\u00bb1.4em\u00bb header_6_line_height=\u00bb1.8em\u00bb header_3_font_size_tablet=\u00bb35px\u00bb header_3_font_size_phone=\u00bb25px\u00bb header_3_font_size_last_edited=\u00bbon|phone\u00bb locked=\u00bboff\u00bb global_colors_info=\u00bb{}\u00bb]<\/p>\n<h3>Habitaci\u00f3n 3<\/h3>\n<p>Un hu\u00e9sped dijo a primera vista: \u00ab\u00a1Es como Juego de Tronos!\u00bb. &#8211; Creemos que es nuestra habitaci\u00f3n del le\u00f3n. Una cama de matrimonio de 2&#215;2 metros es la pieza central, rodeada de otros muebles de dise\u00f1o igual de ingenioso. La claraboya tiene una persiana plisada y otra oscurecedora, que puede cerrarse si se desea.  <\/p>\n<p>[\/et_pb_text][et_pb_text _builder_version=\u00bb4.27.0&#8243; text_font=\u00bbRaleway|700|||||||\u00bb text_text_color=\u00bb#333333&#8243; text_font_size=\u00bb34px\u00bb text_line_height=\u00bb1.4em\u00bb header_font=\u00bb||||||||\u00bb header_5_font=\u00bb||||||||\u00bb header_5_text_color=\u00bb#666666&#8243; header_5_font_size=\u00bb14px\u00bb locked=\u00bboff\u00bb global_colors_info=\u00bb{}\u00bb]<\/p>\n<h5>Precio por noche y habitaci\u00f3n <\/h5>\n<p>\u20ac 65<\/p>\n<p>[\/et_pb_text][et_pb_button button_url=\u00bb@ET-DC@eyJkeW5hbWljIjp0cnVlLCJjb250ZW50IjoicG9zdF9saW5rX3VybF9wYWdlIiwic2V0dGluZ3MiOnsicG9zdF9pZCI6IjkyIn19@\u00bb button_text=\u00bbReservar esta habitaci\u00f3n\u00bb _builder_version=\u00bb4.27.0&#8243; _dynamic_attributes=\u00bbbutton_url\u00bb custom_button=\u00bbon\u00bb button_text_size=\u00bb15px\u00bb button_text_color=\u00bb#ffffff\u00bb button_bg_color=\u00bb#b2b9c4&#8243; button_border_width=\u00bb8px\u00bb button_border_color=\u00bbrgba(0,0,0,0)\u00bb button_border_radius=\u00bb0px\u00bb button_font=\u00bbRaleway|700|||||||\u00bb button_border_radius_hover=\u00bb0px\u00bb locked=\u00bboff\u00bb global_colors_info=\u00bb{}\u00bb button_text_size__hover_enabled=\u00bboff\u00bb button_one_text_size__hover_enabled=\u00bboff\u00bb button_two_text_size__hover_enabled=\u00bboff\u00bb button_text_color__hover_enabled=\u00bboff\u00bb button_one_text_color__hover_enabled=\u00bboff\u00bb button_two_text_color__hover_enabled=\u00bboff\u00bb button_border_width__hover_enabled=\u00bboff\u00bb button_one_border_width__hover_enabled=\u00bboff\u00bb button_two_border_width__hover_enabled=\u00bboff\u00bb button_border_color__hover_enabled=\u00bboff\u00bb button_one_border_color__hover_enabled=\u00bboff\u00bb button_two_border_color__hover_enabled=\u00bboff\u00bb button_border_radius__hover_enabled=\u00bbon\u00bb button_border_radius__hover=\u00bb0px\u00bb button_one_border_radius__hover_enabled=\u00bboff\u00bb button_two_border_radius__hover_enabled=\u00bboff\u00bb button_letter_spacing__hover_enabled=\u00bboff\u00bb button_one_letter_spacing__hover_enabled=\u00bboff\u00bb button_two_letter_spacing__hover_enabled=\u00bboff\u00bb button_bg_color__hover_enabled=\u00bboff\u00bb button_one_bg_color__hover_enabled=\u00bboff\u00bb button_two_bg_color__hover_enabled=\u00bboff\u00bb][\/et_pb_button][\/et_pb_column][\/et_pb_section][et_pb_section fb_built=\u00bb1&#8243; disabled_on=\u00bboff|on|on\u00bb admin_label=\u00bbRoom 3 &#8211; Mobil\u00bb _builder_version=\u00bb4.27.0&#8243; _module_preset=\u00bbdefault\u00bb global_colors_info=\u00bb{}\u00bb][et_pb_row _builder_version=\u00bb4.27.0&#8243; _module_preset=\u00bbdefault\u00bb global_colors_info=\u00bb{}\u00bb][et_pb_column type=\u00bb4_4&#8243; _builder_version=\u00bb4.27.0&#8243; _module_preset=\u00bbdefault\u00bb global_colors_info=\u00bb{}\u00bb][et_pb_text _builder_version=\u00bb4.27.0&#8243; text_font=\u00bb||||||||\u00bb text_font_size=\u00bb16px\u00bb text_line_height=\u00bb2em\u00bb ul_font=\u00bb||||||||\u00bb ul_line_height=\u00bb2em\u00bb header_font=\u00bb||||||||\u00bb header_3_font=\u00bbRaleway|700|||||||\u00bb header_3_font_size=\u00bb40px\u00bb header_3_line_height=\u00bb1.4em\u00bb header_6_line_height=\u00bb1.8em\u00bb header_3_font_size_tablet=\u00bb35px\u00bb header_3_font_size_phone=\u00bb25px\u00bb header_3_font_size_last_edited=\u00bbon|phone\u00bb locked=\u00bboff\u00bb global_colors_info=\u00bb{}\u00bb]<\/p>\n<h3>Habitaci\u00f3n 3<\/h3>\n<p>Un hu\u00e9sped dijo a primera vista: \u00ab\u00a1Es como Juego de Tronos!\u00bb. &#8211; Creemos que es nuestra habitaci\u00f3n del le\u00f3n. Una cama de matrimonio de 2&#215;2 metros es la pieza central, rodeada de otros muebles de dise\u00f1o igual de ingenioso. La claraboya tiene una persiana plisada y otra oscurecedora, que puede cerrarse si se desea.  <\/p>\n<p>[\/et_pb_text][et_pb_text _builder_version=\u00bb4.27.0&#8243; text_font=\u00bbRaleway|700|||||||\u00bb text_text_color=\u00bb#333333&#8243; text_font_size=\u00bb34px\u00bb text_line_height=\u00bb1.4em\u00bb header_font=\u00bb||||||||\u00bb header_5_font=\u00bb||||||||\u00bb header_5_text_color=\u00bb#666666&#8243; header_5_font_size=\u00bb14px\u00bb locked=\u00bboff\u00bb global_colors_info=\u00bb{}\u00bb]<\/p>\n<h5>Precio por noche y habitaci\u00f3n <\/h5>\n<p>\u20ac 65<\/p>\n<p>[\/et_pb_text][et_pb_button button_url=\u00bb@ET-DC@eyJkeW5hbWljIjp0cnVlLCJjb250ZW50IjoicG9zdF9saW5rX3VybF9wYWdlIiwic2V0dGluZ3MiOnsicG9zdF9pZCI6IjkyIn19@\u00bb button_text=\u00bbReservar esta habitaci\u00f3n\u00bb _builder_version=\u00bb4.27.0&#8243; _dynamic_attributes=\u00bbbutton_url\u00bb custom_button=\u00bbon\u00bb button_text_size=\u00bb15px\u00bb button_text_color=\u00bb#ffffff\u00bb button_bg_color=\u00bb#b2b9c4&#8243; button_border_width=\u00bb8px\u00bb button_border_color=\u00bbrgba(0,0,0,0)\u00bb button_border_radius=\u00bb0px\u00bb button_font=\u00bbRaleway|700|||||||\u00bb button_border_radius_hover=\u00bb0px\u00bb locked=\u00bboff\u00bb global_colors_info=\u00bb{}\u00bb button_text_size__hover_enabled=\u00bboff\u00bb button_one_text_size__hover_enabled=\u00bboff\u00bb button_two_text_size__hover_enabled=\u00bboff\u00bb button_text_color__hover_enabled=\u00bboff\u00bb button_one_text_color__hover_enabled=\u00bboff\u00bb button_two_text_color__hover_enabled=\u00bboff\u00bb button_border_width__hover_enabled=\u00bboff\u00bb button_one_border_width__hover_enabled=\u00bboff\u00bb button_two_border_width__hover_enabled=\u00bboff\u00bb button_border_color__hover_enabled=\u00bboff\u00bb button_one_border_color__hover_enabled=\u00bboff\u00bb button_two_border_color__hover_enabled=\u00bboff\u00bb button_border_radius__hover_enabled=\u00bbon\u00bb button_border_radius__hover=\u00bb0px\u00bb button_one_border_radius__hover_enabled=\u00bboff\u00bb button_two_border_radius__hover_enabled=\u00bboff\u00bb button_letter_spacing__hover_enabled=\u00bboff\u00bb button_one_letter_spacing__hover_enabled=\u00bboff\u00bb button_two_letter_spacing__hover_enabled=\u00bboff\u00bb button_bg_color__hover_enabled=\u00bboff\u00bb button_one_bg_color__hover_enabled=\u00bboff\u00bb button_two_bg_color__hover_enabled=\u00bboff\u00bb][\/et_pb_button][\/et_pb_column][\/et_pb_row][et_pb_row column_structure=\u00bb1_3,1_3,1_3&#8243; _builder_version=\u00bb4.27.0&#8243; _module_preset=\u00bbdefault\u00bb global_colors_info=\u00bb{}\u00bb][et_pb_column type=\u00bb1_3&#8243; _builder_version=\u00bb4.27.0&#8243; _module_preset=\u00bbdefault\u00bb global_colors_info=\u00bb{}\u00bb][et_pb_image src=\u00bbhttps:\/\/die-pension-auw.de\/wp-content\/uploads\/2024\/09\/Pension_zimmer3_Uebersicht.jpg\u00bb title_text=\u00bbPension_zimmer3_Uebersicht\u00bb show_in_lightbox=\u00bbon\u00bb align_tablet=\u00bbcenter\u00bb align_phone=\u00bbcenter\u00bb align_last_edited=\u00bbon|desktop\u00bb _builder_version=\u00bb4.27.0&#8243; locked=\u00bboff\u00bb global_colors_info=\u00bb{}\u00bb][\/et_pb_image][\/et_pb_column][et_pb_column type=\u00bb1_3&#8243; _builder_version=\u00bb4.27.0&#8243; _module_preset=\u00bbdefault\u00bb global_colors_info=\u00bb{}\u00bb][et_pb_image src=\u00bbhttps:\/\/die-pension-auw.de\/wp-content\/uploads\/2024\/09\/Pension_Zimmer3_Sicht3.jpg\u00bb title_text=\u00bbPension_Zimmer3_Sicht3&#8243; show_in_lightbox=\u00bbon\u00bb use_overlay=\u00bbon\u00bb overlay_icon_color=\u00bb#b2b9c4&#8243; align_tablet=\u00bbcenter\u00bb align_phone=\u00bbcenter\u00bb align_last_edited=\u00bbon|desktop\u00bb _builder_version=\u00bb4.27.0&#8243; locked=\u00bboff\u00bb global_colors_info=\u00bb{}\u00bb][\/et_pb_image][\/et_pb_column][et_pb_column type=\u00bb1_3&#8243; _builder_version=\u00bb4.27.0&#8243; _module_preset=\u00bbdefault\u00bb global_colors_info=\u00bb{}\u00bb][et_pb_image src=\u00bbhttps:\/\/die-pension-auw.de\/wp-content\/uploads\/2024\/09\/Pension_Zimmer3_Sicht2.jpg\u00bb title_text=\u00bbPension_Zimmer3_Sicht2&#8243; show_in_lightbox=\u00bbon\u00bb use_overlay=\u00bbon\u00bb overlay_icon_color=\u00bb#b2b9c4&#8243; align_tablet=\u00bbcenter\u00bb align_phone=\u00bbcenter\u00bb align_last_edited=\u00bbon|desktop\u00bb _builder_version=\u00bb4.27.0&#8243; locked=\u00bboff\u00bb global_colors_info=\u00bb{}\u00bb][\/et_pb_image][\/et_pb_column][\/et_pb_row][\/et_pb_section][et_pb_section fb_built=\u00bb1&#8243; specialty=\u00bbon\u00bb disabled_on=\u00bbon|off|off\u00bb admin_label=\u00bbRoom 4 &#8211; desktop\u00bb _builder_version=\u00bb4.27.0&#8243; global_colors_info=\u00bb{}\u00bb][et_pb_column type=\u00bb1_2&#8243; _builder_version=\u00bb4.16&#8243; custom_padding=\u00bb|||\u00bb global_colors_info=\u00bb{}\u00bb custom_padding__hover=\u00bb|||\u00bb][et_pb_text _builder_version=\u00bb4.27.0&#8243; text_font=\u00bb||||||||\u00bb text_font_size=\u00bb16px\u00bb text_line_height=\u00bb2em\u00bb ul_font=\u00bb||||||||\u00bb ul_line_height=\u00bb2em\u00bb header_font=\u00bb||||||||\u00bb header_3_font=\u00bbRaleway|700|||||||\u00bb header_3_font_size=\u00bb40px\u00bb header_3_line_height=\u00bb1.4em\u00bb header_6_line_height=\u00bb1.8em\u00bb header_3_font_size_tablet=\u00bb35px\u00bb header_3_font_size_phone=\u00bb25px\u00bb header_3_font_size_last_edited=\u00bbon|phone\u00bb locked=\u00bboff\u00bb global_colors_info=\u00bb{}\u00bb]<\/p>\n<h3>Habitaci\u00f3n 4<\/h3>\n<h5>(con ba\u00f1o en suite)<\/h5>\n<p>La m\u00e1s peque\u00f1a de nuestras habitaciones tiene un cuarto de ba\u00f1o y una cama doble de 1,4&#215;1,9 metros. Desde la cama se puede contemplar el cielo estrellado de Eifel. Las claraboyas tienen persianas enrollables y pueden oscurecerse si se desea. <\/p>\n<p>[\/et_pb_text][et_pb_text _builder_version=\u00bb4.27.0&#8243; text_font=\u00bbRaleway|700|||||||\u00bb text_text_color=\u00bb#333333&#8243; text_font_size=\u00bb34px\u00bb text_line_height=\u00bb1.4em\u00bb header_font=\u00bb||||||||\u00bb header_5_font=\u00bb||||||||\u00bb header_5_text_color=\u00bb#666666&#8243; header_5_font_size=\u00bb14px\u00bb locked=\u00bboff\u00bb global_colors_info=\u00bb{}\u00bb]<\/p>\n<h5>Precio por noche y habitaci\u00f3n <\/h5>\n<p>\u20ac 65<\/p>\n<p>[\/et_pb_text][et_pb_button button_url=\u00bb@ET-DC@eyJkeW5hbWljIjp0cnVlLCJjb250ZW50IjoicG9zdF9saW5rX3VybF9wYWdlIiwic2V0dGluZ3MiOnsicG9zdF9pZCI6IjkyIn19@\u00bb button_text=\u00bbReservar esta habitaci\u00f3n\u00bb _builder_version=\u00bb4.19.1&#8243; _dynamic_attributes=\u00bbbutton_url\u00bb custom_button=\u00bbon\u00bb button_text_size=\u00bb15px\u00bb button_text_color=\u00bb#ffffff\u00bb button_bg_color=\u00bb#b2b9c4&#8243; button_border_width=\u00bb8px\u00bb button_border_color=\u00bbrgba(0,0,0,0)\u00bb button_border_radius=\u00bb0px\u00bb button_font=\u00bbRaleway|700|||||||\u00bb button_border_radius_hover=\u00bb0px\u00bb locked=\u00bboff\u00bb global_colors_info=\u00bb{}\u00bb button_text_size__hover_enabled=\u00bboff\u00bb button_one_text_size__hover_enabled=\u00bboff\u00bb button_two_text_size__hover_enabled=\u00bboff\u00bb button_text_color__hover_enabled=\u00bboff\u00bb button_one_text_color__hover_enabled=\u00bboff\u00bb button_two_text_color__hover_enabled=\u00bboff\u00bb button_border_width__hover_enabled=\u00bboff\u00bb button_one_border_width__hover_enabled=\u00bboff\u00bb button_two_border_width__hover_enabled=\u00bboff\u00bb button_border_color__hover_enabled=\u00bboff\u00bb button_one_border_color__hover_enabled=\u00bboff\u00bb button_two_border_color__hover_enabled=\u00bboff\u00bb button_border_radius__hover_enabled=\u00bbon\u00bb button_border_radius__hover=\u00bb0px\u00bb button_one_border_radius__hover_enabled=\u00bboff\u00bb button_two_border_radius__hover_enabled=\u00bboff\u00bb button_letter_spacing__hover_enabled=\u00bboff\u00bb button_one_letter_spacing__hover_enabled=\u00bboff\u00bb button_two_letter_spacing__hover_enabled=\u00bboff\u00bb button_bg_color__hover_enabled=\u00bboff\u00bb button_one_bg_color__hover_enabled=\u00bboff\u00bb button_two_bg_color__hover_enabled=\u00bboff\u00bb][\/et_pb_button][\/et_pb_column][et_pb_column type=\u00bb1_2&#8243; specialty_columns=\u00bb2&#8243; _builder_version=\u00bb4.16&#8243; custom_padding=\u00bb|||\u00bb global_colors_info=\u00bb{}\u00bb custom_padding__hover=\u00bb|||\u00bb][et_pb_row_inner _builder_version=\u00bb4.16&#8243; global_colors_info=\u00bb{}\u00bb][et_pb_column_inner saved_specialty_column_type=\u00bb1_2&#8243; _builder_version=\u00bb4.16&#8243; custom_padding=\u00bb|||\u00bb global_colors_info=\u00bb{}\u00bb custom_padding__hover=\u00bb|||\u00bb][et_pb_image src=\u00bbhttps:\/\/die-pension-auw.de\/wp-content\/uploads\/2024\/09\/Pension_Zimmer4_Uebersicht.jpg\u00bb title_text=\u00bbPension_Zimmer4_Uebersicht\u00bb show_in_lightbox=\u00bbon\u00bb align_tablet=\u00bbcenter\u00bb align_phone=\u00bbcenter\u00bb align_last_edited=\u00bbon|desktop\u00bb _builder_version=\u00bb4.27.0&#8243; locked=\u00bboff\u00bb global_colors_info=\u00bb{}\u00bb][\/et_pb_image][\/et_pb_column_inner][\/et_pb_row_inner][et_pb_row_inner column_structure=\u00bb1_2,1_2&#8243; use_custom_gutter=\u00bbon\u00bb gutter_width=\u00bb2&#8243; _builder_version=\u00bb4.16&#8243; custom_padding=\u00bb0|0px|29.6875px|0px|false|false\u00bb global_colors_info=\u00bb{}\u00bb][et_pb_column_inner type=\u00bb1_2&#8243; saved_specialty_column_type=\u00bb1_2&#8243; _builder_version=\u00bb4.16&#8243; custom_padding=\u00bb|||\u00bb global_colors_info=\u00bb{}\u00bb custom_padding__hover=\u00bb|||\u00bb][et_pb_image src=\u00bbhttps:\/\/die-pension-auw.de\/wp-content\/uploads\/2024\/09\/Pension_Zimmer4_2.jpg\u00bb title_text=\u00bbPension_Zimmer4_2&#8243; show_in_lightbox=\u00bbon\u00bb use_overlay=\u00bbon\u00bb overlay_icon_color=\u00bb#b2b9c4&#8243; align_tablet=\u00bbcenter\u00bb align_phone=\u00bbcenter\u00bb align_last_edited=\u00bbon|desktop\u00bb _builder_version=\u00bb4.27.0&#8243; locked=\u00bboff\u00bb global_colors_info=\u00bb{}\u00bb][\/et_pb_image][\/et_pb_column_inner][et_pb_column_inner type=\u00bb1_2&#8243; saved_specialty_column_type=\u00bb1_2&#8243; _builder_version=\u00bb4.16&#8243; custom_padding=\u00bb|||\u00bb global_colors_info=\u00bb{}\u00bb custom_padding__hover=\u00bb|||\u00bb][et_pb_image src=\u00bbhttps:\/\/die-pension-auw.de\/wp-content\/uploads\/2024\/09\/Pension_Zimmer4_Bad2.jpg\u00bb title_text=\u00bbPension_Zimmer4_Bad2&#8243; show_in_lightbox=\u00bbon\u00bb use_overlay=\u00bbon\u00bb overlay_icon_color=\u00bb#b2b9c4&#8243; align_tablet=\u00bbcenter\u00bb align_phone=\u00bbcenter\u00bb align_last_edited=\u00bbon|desktop\u00bb _builder_version=\u00bb4.27.0&#8243; locked=\u00bboff\u00bb global_colors_info=\u00bb{}\u00bb][\/et_pb_image][\/et_pb_column_inner][\/et_pb_row_inner][\/et_pb_column][\/et_pb_section][et_pb_section fb_built=\u00bb1&#8243; disabled_on=\u00bboff|on|on\u00bb admin_label=\u00bbRoom 4 &#8211; Mobil\u00bb _builder_version=\u00bb4.27.0&#8243; _module_preset=\u00bbdefault\u00bb global_colors_info=\u00bb{}\u00bb][et_pb_row _builder_version=\u00bb4.27.0&#8243; _module_preset=\u00bbdefault\u00bb global_colors_info=\u00bb{}\u00bb][et_pb_column type=\u00bb4_4&#8243; _builder_version=\u00bb4.27.0&#8243; _module_preset=\u00bbdefault\u00bb global_colors_info=\u00bb{}\u00bb][et_pb_text _builder_version=\u00bb4.27.0&#8243; text_font=\u00bb||||||||\u00bb text_font_size=\u00bb16px\u00bb text_line_height=\u00bb2em\u00bb ul_font=\u00bb||||||||\u00bb ul_line_height=\u00bb2em\u00bb header_font=\u00bb||||||||\u00bb header_3_font=\u00bbRaleway|700|||||||\u00bb header_3_font_size=\u00bb40px\u00bb header_3_line_height=\u00bb1.4em\u00bb header_6_line_height=\u00bb1.8em\u00bb header_3_font_size_tablet=\u00bb35px\u00bb header_3_font_size_phone=\u00bb25px\u00bb header_3_font_size_last_edited=\u00bbon|phone\u00bb locked=\u00bboff\u00bb global_colors_info=\u00bb{}\u00bb]<\/p>\n<h3>Habitaci\u00f3n 4<\/h3>\n<h5>(con ba\u00f1o en suite)<\/h5>\n<p>La m\u00e1s peque\u00f1a de nuestras habitaciones tiene un cuarto de ba\u00f1o y una cama doble de 1,4&#215;1,9 metros. Desde la cama se puede contemplar el cielo estrellado de Eifel. Las claraboyas tienen persianas enrollables y pueden oscurecerse si se desea. <\/p>\n<p>[\/et_pb_text][et_pb_text _builder_version=\u00bb4.27.0&#8243; text_font=\u00bbRaleway|700|||||||\u00bb text_text_color=\u00bb#333333&#8243; text_font_size=\u00bb34px\u00bb text_line_height=\u00bb1.4em\u00bb header_font=\u00bb||||||||\u00bb header_5_font=\u00bb||||||||\u00bb header_5_text_color=\u00bb#666666&#8243; header_5_font_size=\u00bb14px\u00bb locked=\u00bboff\u00bb global_colors_info=\u00bb{}\u00bb]<\/p>\n<h5>Precio por noche y habitaci\u00f3n <\/h5>\n<p>\u20ac 65<\/p>\n<p>[\/et_pb_text][et_pb_button button_url=\u00bb@ET-DC@eyJkeW5hbWljIjp0cnVlLCJjb250ZW50IjoicG9zdF9saW5rX3VybF9wYWdlIiwic2V0dGluZ3MiOnsicG9zdF9pZCI6IjkyIn19@\u00bb button_text=\u00bbReservar esta habitaci\u00f3n\u00bb _builder_version=\u00bb4.19.1&#8243; _dynamic_attributes=\u00bbbutton_url\u00bb custom_button=\u00bbon\u00bb button_text_size=\u00bb15px\u00bb button_text_color=\u00bb#ffffff\u00bb button_bg_color=\u00bb#b2b9c4&#8243; button_border_width=\u00bb8px\u00bb button_border_color=\u00bbrgba(0,0,0,0)\u00bb button_border_radius=\u00bb0px\u00bb button_font=\u00bbRaleway|700|||||||\u00bb button_border_radius_hover=\u00bb0px\u00bb locked=\u00bboff\u00bb global_colors_info=\u00bb{}\u00bb button_text_size__hover_enabled=\u00bboff\u00bb button_one_text_size__hover_enabled=\u00bboff\u00bb button_two_text_size__hover_enabled=\u00bboff\u00bb button_text_color__hover_enabled=\u00bboff\u00bb button_one_text_color__hover_enabled=\u00bboff\u00bb button_two_text_color__hover_enabled=\u00bboff\u00bb button_border_width__hover_enabled=\u00bboff\u00bb button_one_border_width__hover_enabled=\u00bboff\u00bb button_two_border_width__hover_enabled=\u00bboff\u00bb button_border_color__hover_enabled=\u00bboff\u00bb button_one_border_color__hover_enabled=\u00bboff\u00bb button_two_border_color__hover_enabled=\u00bboff\u00bb button_border_radius__hover_enabled=\u00bbon\u00bb button_border_radius__hover=\u00bb0px\u00bb button_one_border_radius__hover_enabled=\u00bboff\u00bb button_two_border_radius__hover_enabled=\u00bboff\u00bb button_letter_spacing__hover_enabled=\u00bboff\u00bb button_one_letter_spacing__hover_enabled=\u00bboff\u00bb button_two_letter_spacing__hover_enabled=\u00bboff\u00bb button_bg_color__hover_enabled=\u00bboff\u00bb button_one_bg_color__hover_enabled=\u00bboff\u00bb button_two_bg_color__hover_enabled=\u00bboff\u00bb][\/et_pb_button][\/et_pb_column][\/et_pb_row][et_pb_row column_structure=\u00bb1_3,1_3,1_3&#8243; _builder_version=\u00bb4.27.0&#8243; _module_preset=\u00bbdefault\u00bb global_colors_info=\u00bb{}\u00bb][et_pb_column type=\u00bb1_3&#8243; _builder_version=\u00bb4.27.0&#8243; _module_preset=\u00bbdefault\u00bb global_colors_info=\u00bb{}\u00bb][et_pb_image src=\u00bbhttps:\/\/die-pension-auw.de\/wp-content\/uploads\/2024\/09\/Pension_Zimmer4_Uebersicht.jpg\u00bb title_text=\u00bbPension_Zimmer4_Uebersicht\u00bb show_in_lightbox=\u00bbon\u00bb align_tablet=\u00bbcenter\u00bb align_phone=\u00bbcenter\u00bb align_last_edited=\u00bbon|desktop\u00bb _builder_version=\u00bb4.27.0&#8243; locked=\u00bboff\u00bb global_colors_info=\u00bb{}\u00bb][\/et_pb_image][\/et_pb_column][et_pb_column type=\u00bb1_3&#8243; _builder_version=\u00bb4.27.0&#8243; _module_preset=\u00bbdefault\u00bb global_colors_info=\u00bb{}\u00bb][et_pb_image src=\u00bbhttps:\/\/die-pension-auw.de\/wp-content\/uploads\/2024\/09\/Pension_Zimmer4_2.jpg\u00bb title_text=\u00bbPension_Zimmer4_2&#8243; show_in_lightbox=\u00bbon\u00bb use_overlay=\u00bbon\u00bb overlay_icon_color=\u00bb#b2b9c4&#8243; align_tablet=\u00bbcenter\u00bb align_phone=\u00bbcenter\u00bb align_last_edited=\u00bbon|desktop\u00bb _builder_version=\u00bb4.27.0&#8243; locked=\u00bboff\u00bb global_colors_info=\u00bb{}\u00bb][\/et_pb_image][\/et_pb_column][et_pb_column type=\u00bb1_3&#8243; _builder_version=\u00bb4.27.0&#8243; _module_preset=\u00bbdefault\u00bb global_colors_info=\u00bb{}\u00bb][et_pb_image src=\u00bbhttps:\/\/die-pension-auw.de\/wp-content\/uploads\/2024\/09\/Pension_Zimmer4_Bad2.jpg\u00bb title_text=\u00bbPension_Zimmer4_Bad2&#8243; show_in_lightbox=\u00bbon\u00bb use_overlay=\u00bbon\u00bb overlay_icon_color=\u00bb#b2b9c4&#8243; align_tablet=\u00bbcenter\u00bb align_phone=\u00bbcenter\u00bb align_last_edited=\u00bbon|desktop\u00bb _builder_version=\u00bb4.27.0&#8243; locked=\u00bboff\u00bb global_colors_info=\u00bb{}\u00bb][\/et_pb_image][\/et_pb_column][\/et_pb_row][\/et_pb_section][et_pb_section fb_built=\u00bb1&#8243; specialty=\u00bbon\u00bb disabled_on=\u00bbon|off|off\u00bb admin_label=\u00bbBathrooms &#8211; desktop\u00bb _builder_version=\u00bb4.27.0&#8243; global_colors_info=\u00bb{}\u00bb][et_pb_column type=\u00bb1_2&#8243; specialty_columns=\u00bb2&#8243; _builder_version=\u00bb4.16&#8243; custom_padding=\u00bb|||\u00bb global_colors_info=\u00bb{}\u00bb custom_padding__hover=\u00bb|||\u00bb][et_pb_row_inner _builder_version=\u00bb4.16&#8243; global_colors_info=\u00bb{}\u00bb][et_pb_column_inner saved_specialty_column_type=\u00bb1_2&#8243; _builder_version=\u00bb4.16&#8243; custom_padding=\u00bb|||\u00bb global_colors_info=\u00bb{}\u00bb custom_padding__hover=\u00bb|||\u00bb][et_pb_image src=\u00bbhttps:\/\/die-pension-auw.de\/wp-content\/uploads\/2024\/09\/Pension_Bad2_Ansicht.jpg\u00bb title_text=\u00bbPension_Bad2_Ansicht\u00bb show_in_lightbox=\u00bbon\u00bb align_tablet=\u00bbcenter\u00bb align_phone=\u00bbcenter\u00bb align_last_edited=\u00bbon|desktop\u00bb _builder_version=\u00bb4.27.0&#8243; locked=\u00bboff\u00bb global_colors_info=\u00bb{}\u00bb][\/et_pb_image][\/et_pb_column_inner][\/et_pb_row_inner][et_pb_row_inner column_structure=\u00bb1_2,1_2&#8243; use_custom_gutter=\u00bbon\u00bb gutter_width=\u00bb2&#8243; _builder_version=\u00bb4.16&#8243; custom_padding=\u00bb0|0px|29.6875px|0px|false|false\u00bb global_colors_info=\u00bb{}\u00bb][et_pb_column_inner type=\u00bb1_2&#8243; saved_specialty_column_type=\u00bb1_2&#8243; _builder_version=\u00bb4.16&#8243; custom_padding=\u00bb|||\u00bb global_colors_info=\u00bb{}\u00bb custom_padding__hover=\u00bb|||\u00bb][et_pb_image src=\u00bbhttps:\/\/die-pension-auw.de\/wp-content\/uploads\/2024\/09\/Pension_Bad2_Ansicht2.jpg\u00bb title_text=\u00bbPension_Bad2_Ansicht2&#8243; show_in_lightbox=\u00bbon\u00bb use_overlay=\u00bbon\u00bb overlay_icon_color=\u00bb#b2b9c4&#8243; align_tablet=\u00bbcenter\u00bb align_phone=\u00bbcenter\u00bb align_last_edited=\u00bbon|desktop\u00bb _builder_version=\u00bb4.27.0&#8243; locked=\u00bboff\u00bb global_colors_info=\u00bb{}\u00bb][\/et_pb_image][\/et_pb_column_inner][et_pb_column_inner type=\u00bb1_2&#8243; saved_specialty_column_type=\u00bb1_2&#8243; _builder_version=\u00bb4.16&#8243; custom_padding=\u00bb|||\u00bb global_colors_info=\u00bb{}\u00bb custom_padding__hover=\u00bb|||\u00bb][et_pb_image src=\u00bbhttps:\/\/die-pension-auw.de\/wp-content\/uploads\/2024\/09\/Pension_Bad1_Ansicht.jpg\u00bb title_text=\u00bbPension_Bad1_Ansicht\u00bb show_in_lightbox=\u00bbon\u00bb use_overlay=\u00bbon\u00bb overlay_icon_color=\u00bb#b2b9c4&#8243; align_tablet=\u00bbcenter\u00bb align_phone=\u00bbcenter\u00bb align_last_edited=\u00bbon|desktop\u00bb _builder_version=\u00bb4.27.0&#8243; locked=\u00bboff\u00bb global_colors_info=\u00bb{}\u00bb][\/et_pb_image][\/et_pb_column_inner][\/et_pb_row_inner][\/et_pb_column][et_pb_column type=\u00bb1_2&#8243; _builder_version=\u00bb4.16&#8243; custom_padding=\u00bb|||\u00bb global_colors_info=\u00bb{}\u00bb custom_padding__hover=\u00bb|||\u00bb][et_pb_text _builder_version=\u00bb4.27.0&#8243; text_font=\u00bb||||||||\u00bb text_font_size=\u00bb16px\u00bb text_line_height=\u00bb2em\u00bb ul_font=\u00bb||||||||\u00bb ul_line_height=\u00bb2em\u00bb header_font=\u00bb||||||||\u00bb header_3_font=\u00bbRaleway|700|||||||\u00bb header_3_font_size=\u00bb40px\u00bb header_3_line_height=\u00bb1.4em\u00bb header_6_line_height=\u00bb1.8em\u00bb header_3_font_size_tablet=\u00bb35px\u00bb header_3_font_size_phone=\u00bb25px\u00bb header_3_font_size_last_edited=\u00bbon|phone\u00bb locked=\u00bboff\u00bb global_colors_info=\u00bb{}\u00bb]<\/p>\n<h3>Los dos cuartos de ba\u00f1o<\/h3>\n<p>Las habitaciones 1 a 3 disponen de dos cuartos de ba\u00f1o. Un cuarto de ba\u00f1o solo pertenece a una habitaci\u00f3n a la vez, a menos que las habitaciones 1 y 2 se compartan como habitaciones familiares. <\/p>\n<p>Proporcionamos albornoces a cada hu\u00e9sped para garantizar su intimidad. Se accede a los cuartos de ba\u00f1o a trav\u00e9s de un peque\u00f1o pasillo. <\/p>\n<p>Adem\u00e1s de la llave de la habitaci\u00f3n, tambi\u00e9n recibir\u00e1 una llave para el cuarto de ba\u00f1o correspondiente. As\u00ed podr\u00e1 dejarlo todo in situ y solo Usted tendr\u00e1 acceso. <\/p>\n<p>[\/et_pb_text][\/et_pb_column][\/et_pb_section][et_pb_section fb_built=\u00bb1&#8243; disabled_on=\u00bboff|on|on\u00bb admin_label=\u00bbBathrooms &#8211; Mobil\u00bb _builder_version=\u00bb4.27.0&#8243; _module_preset=\u00bbdefault\u00bb global_colors_info=\u00bb{}\u00bb][et_pb_row _builder_version=\u00bb4.27.0&#8243; _module_preset=\u00bbdefault\u00bb global_colors_info=\u00bb{}\u00bb][et_pb_column type=\u00bb4_4&#8243; _builder_version=\u00bb4.27.0&#8243; _module_preset=\u00bbdefault\u00bb global_colors_info=\u00bb{}\u00bb][et_pb_text _builder_version=\u00bb4.27.0&#8243; text_font=\u00bb||||||||\u00bb text_font_size=\u00bb16px\u00bb text_line_height=\u00bb2em\u00bb ul_font=\u00bb||||||||\u00bb ul_line_height=\u00bb2em\u00bb header_font=\u00bb||||||||\u00bb header_3_font=\u00bbRaleway|700|||||||\u00bb header_3_font_size=\u00bb40px\u00bb header_3_line_height=\u00bb1.4em\u00bb header_6_line_height=\u00bb1.8em\u00bb header_3_font_size_tablet=\u00bb35px\u00bb header_3_font_size_phone=\u00bb25px\u00bb header_3_font_size_last_edited=\u00bbon|phone\u00bb locked=\u00bboff\u00bb global_colors_info=\u00bb{}\u00bb]<\/p>\n<h3>Los dos cuartos de ba\u00f1o<\/h3>\n<p>Las habitaciones 1 a 3 disponen de dos cuartos de ba\u00f1o. Un cuarto de ba\u00f1o solo pertenece a una habitaci\u00f3n a la vez, a menos que las habitaciones 1 y 2 se compartan como habitaciones familiares. <\/p>\n<p>Proporcionamos albornoces a cada hu\u00e9sped para garantizar su intimidad. Se accede a los cuartos de ba\u00f1o a trav\u00e9s de un peque\u00f1o pasillo. <\/p>\n<p>Adem\u00e1s de la llave de la habitaci\u00f3n, tambi\u00e9n recibir\u00e1 una llave para el cuarto de ba\u00f1o correspondiente. As\u00ed podr\u00e1 dejarlo todo in situ y solo Usted tendr\u00e1 acceso. <\/p>\n<p>[\/et_pb_text][\/et_pb_column][\/et_pb_row][et_pb_row column_structure=\u00bb1_3,1_3,1_3&#8243; _builder_version=\u00bb4.27.0&#8243; _module_preset=\u00bbdefault\u00bb global_colors_info=\u00bb{}\u00bb][et_pb_column type=\u00bb1_3&#8243; _builder_version=\u00bb4.27.0&#8243; _module_preset=\u00bbdefault\u00bb global_colors_info=\u00bb{}\u00bb][et_pb_image src=\u00bbhttps:\/\/die-pension-auw.de\/wp-content\/uploads\/2024\/09\/Pension_Bad2_Ansicht.jpg\u00bb title_text=\u00bbPension_Bad2_Ansicht\u00bb show_in_lightbox=\u00bbon\u00bb align_tablet=\u00bbcenter\u00bb align_phone=\u00bbcenter\u00bb align_last_edited=\u00bbon|desktop\u00bb _builder_version=\u00bb4.27.0&#8243; locked=\u00bboff\u00bb global_colors_info=\u00bb{}\u00bb][\/et_pb_image][\/et_pb_column][et_pb_column type=\u00bb1_3&#8243; _builder_version=\u00bb4.27.0&#8243; _module_preset=\u00bbdefault\u00bb global_colors_info=\u00bb{}\u00bb][et_pb_image src=\u00bbhttps:\/\/die-pension-auw.de\/wp-content\/uploads\/2024\/09\/Pension_Bad2_Ansicht2.jpg\u00bb title_text=\u00bbPension_Bad2_Ansicht2&#8243; show_in_lightbox=\u00bbon\u00bb use_overlay=\u00bbon\u00bb overlay_icon_color=\u00bb#b2b9c4&#8243; align_tablet=\u00bbcenter\u00bb align_phone=\u00bbcenter\u00bb align_last_edited=\u00bbon|desktop\u00bb _builder_version=\u00bb4.27.0&#8243; locked=\u00bboff\u00bb global_colors_info=\u00bb{}\u00bb][\/et_pb_image][\/et_pb_column][et_pb_column type=\u00bb1_3&#8243; _builder_version=\u00bb4.27.0&#8243; _module_preset=\u00bbdefault\u00bb global_colors_info=\u00bb{}\u00bb][et_pb_image src=\u00bbhttps:\/\/die-pension-auw.de\/wp-content\/uploads\/2024\/09\/Pension_Bad1_Ansicht.jpg\u00bb title_text=\u00bbPension_Bad1_Ansicht\u00bb show_in_lightbox=\u00bbon\u00bb use_overlay=\u00bbon\u00bb overlay_icon_color=\u00bb#b2b9c4&#8243; align_tablet=\u00bbcenter\u00bb align_phone=\u00bbcenter\u00bb align_last_edited=\u00bbon|desktop\u00bb _builder_version=\u00bb4.27.0&#8243; locked=\u00bboff\u00bb global_colors_info=\u00bb{}\u00bb][\/et_pb_image][\/et_pb_column][\/et_pb_row][\/et_pb_section][et_pb_section fb_built=\u00bb1&#8243; specialty=\u00bbon\u00bb disabled_on=\u00bbon|off|off\u00bb admin_label=\u00bbAufenthalt &#8211; desktop\u00bb _builder_version=\u00bb4.27.0&#8243; global_colors_info=\u00bb{}\u00bb][et_pb_column type=\u00bb1_2&#8243; _builder_version=\u00bb4.16&#8243; custom_padding=\u00bb|||\u00bb global_colors_info=\u00bb{}\u00bb custom_padding__hover=\u00bb|||\u00bb][et_pb_text _builder_version=\u00bb4.27.0&#8243; text_font=\u00bb||||||||\u00bb text_font_size=\u00bb16px\u00bb text_line_height=\u00bb2em\u00bb ul_font=\u00bb||||||||\u00bb ul_line_height=\u00bb2em\u00bb header_font=\u00bb||||||||\u00bb header_3_font=\u00bbRaleway|700|||||||\u00bb header_3_font_size=\u00bb40px\u00bb header_3_line_height=\u00bb1.4em\u00bb header_6_line_height=\u00bb1.8em\u00bb header_3_font_size_tablet=\u00bb35px\u00bb header_3_font_size_phone=\u00bb25px\u00bb header_3_font_size_last_edited=\u00bbon|phone\u00bb locked=\u00bboff\u00bb global_colors_info=\u00bb{}\u00bb]<\/p>\n<h3>Sala com\u00fan<\/h3>\n<p>Ning\u00fan hu\u00e9sped tiene que salir para comer. La peque\u00f1a cocina-comedor est\u00e1 equipada con frigor\u00edfico, microondas, horno grill, cafetera, hervidor, vitrocer\u00e1mica y vajilla. Tambi\u00e9n hay una mesa con sillas y asientos adicionales.  <\/p>\n<p>Esta sala se encuentra en el mismo nivel que las habitaciones.<\/p>\n<p>[\/et_pb_text][\/et_pb_column][et_pb_column type=\u00bb1_2&#8243; specialty_columns=\u00bb2&#8243; _builder_version=\u00bb4.16&#8243; custom_padding=\u00bb|||\u00bb global_colors_info=\u00bb{}\u00bb custom_padding__hover=\u00bb|||\u00bb][et_pb_row_inner _builder_version=\u00bb4.16&#8243; global_colors_info=\u00bb{}\u00bb][et_pb_column_inner saved_specialty_column_type=\u00bb1_2&#8243; _builder_version=\u00bb4.16&#8243; custom_padding=\u00bb|||\u00bb global_colors_info=\u00bb{}\u00bb custom_padding__hover=\u00bb|||\u00bb][et_pb_image src=\u00bbhttps:\/\/die-pension-auw.de\/wp-content\/uploads\/2024\/09\/Pension_Kueche_Aufenthalt.jpg\u00bb title_text=\u00bbPension_Kueche_Aufenthalt\u00bb show_in_lightbox=\u00bbon\u00bb align_tablet=\u00bbcenter\u00bb align_phone=\u00bbcenter\u00bb align_last_edited=\u00bbon|desktop\u00bb _builder_version=\u00bb4.27.0&#8243; locked=\u00bboff\u00bb global_colors_info=\u00bb{}\u00bb][\/et_pb_image][\/et_pb_column_inner][\/et_pb_row_inner][et_pb_row_inner column_structure=\u00bb1_2,1_2&#8243; use_custom_gutter=\u00bbon\u00bb gutter_width=\u00bb2&#8243; _builder_version=\u00bb4.16&#8243; custom_padding=\u00bb0|0px|29.6875px|0px|false|false\u00bb global_colors_info=\u00bb{}\u00bb][et_pb_column_inner type=\u00bb1_2&#8243; saved_specialty_column_type=\u00bb1_2&#8243; _builder_version=\u00bb4.16&#8243; custom_padding=\u00bb|||\u00bb global_colors_info=\u00bb{}\u00bb custom_padding__hover=\u00bb|||\u00bb][et_pb_image src=\u00bbhttps:\/\/die-pension-auw.de\/wp-content\/uploads\/2024\/09\/Pension_Kueche.jpg\u00bb title_text=\u00bbPension_Kueche\u00bb show_in_lightbox=\u00bbon\u00bb use_overlay=\u00bbon\u00bb overlay_icon_color=\u00bb#b2b9c4&#8243; align_tablet=\u00bbcenter\u00bb align_phone=\u00bbcenter\u00bb align_last_edited=\u00bbon|desktop\u00bb _builder_version=\u00bb4.27.0&#8243; locked=\u00bboff\u00bb global_colors_info=\u00bb{}\u00bb][\/et_pb_image][\/et_pb_column_inner][et_pb_column_inner type=\u00bb1_2&#8243; saved_specialty_column_type=\u00bb1_2&#8243; _builder_version=\u00bb4.16&#8243; custom_padding=\u00bb|||\u00bb global_colors_info=\u00bb{}\u00bb custom_padding__hover=\u00bb|||\u00bb][et_pb_image src=\u00bbhttps:\/\/die-pension-auw.de\/wp-content\/uploads\/2024\/09\/Pension_Kueche_Aufenthalt2.jpg\u00bb title_text=\u00bbPension_Kueche_Aufenthalt2&#8243; show_in_lightbox=\u00bbon\u00bb use_overlay=\u00bbon\u00bb overlay_icon_color=\u00bb#b2b9c4&#8243; align_tablet=\u00bbcenter\u00bb align_phone=\u00bbcenter\u00bb align_last_edited=\u00bbon|desktop\u00bb _builder_version=\u00bb4.27.0&#8243; locked=\u00bboff\u00bb global_colors_info=\u00bb{}\u00bb][\/et_pb_image][\/et_pb_column_inner][\/et_pb_row_inner][\/et_pb_column][\/et_pb_section][et_pb_section fb_built=\u00bb1&#8243; disabled_on=\u00bboff|on|on\u00bb admin_label=\u00bbAufenthalt &#8211; Mobil\u00bb _builder_version=\u00bb4.27.0&#8243; _module_preset=\u00bbdefault\u00bb global_colors_info=\u00bb{}\u00bb][et_pb_row _builder_version=\u00bb4.27.0&#8243; _module_preset=\u00bbdefault\u00bb global_colors_info=\u00bb{}\u00bb][et_pb_column type=\u00bb4_4&#8243; _builder_version=\u00bb4.27.0&#8243; _module_preset=\u00bbdefault\u00bb global_colors_info=\u00bb{}\u00bb][et_pb_text _builder_version=\u00bb4.27.0&#8243; text_font=\u00bb||||||||\u00bb text_font_size=\u00bb16px\u00bb text_line_height=\u00bb2em\u00bb ul_font=\u00bb||||||||\u00bb ul_line_height=\u00bb2em\u00bb header_font=\u00bb||||||||\u00bb header_3_font=\u00bbRaleway|700|||||||\u00bb header_3_font_size=\u00bb40px\u00bb header_3_line_height=\u00bb1.4em\u00bb header_6_line_height=\u00bb1.8em\u00bb header_3_font_size_tablet=\u00bb35px\u00bb header_3_font_size_phone=\u00bb25px\u00bb header_3_font_size_last_edited=\u00bbon|phone\u00bb locked=\u00bboff\u00bb global_colors_info=\u00bb{}\u00bb]<\/p>\n<h3>Sala com\u00fan<\/h3>\n<p>Ning\u00fan hu\u00e9sped tiene que salir para comer. La peque\u00f1a cocina-comedor est\u00e1 equipada con frigor\u00edfico, microondas, horno grill, cafetera, hervidor, vitrocer\u00e1mica y vajilla. Tambi\u00e9n hay una mesa con sillas y asientos adicionales.  <\/p>\n<p>Esta sala se encuentra en el mismo nivel que las habitaciones.<\/p>\n<p>[\/et_pb_text][\/et_pb_column][\/et_pb_row][et_pb_row column_structure=\u00bb1_3,1_3,1_3&#8243; _builder_version=\u00bb4.27.0&#8243; _module_preset=\u00bbdefault\u00bb global_colors_info=\u00bb{}\u00bb][et_pb_column type=\u00bb1_3&#8243; _builder_version=\u00bb4.27.0&#8243; _module_preset=\u00bbdefault\u00bb global_colors_info=\u00bb{}\u00bb][et_pb_image src=\u00bbhttps:\/\/die-pension-auw.de\/wp-content\/uploads\/2024\/09\/Pension_Kueche_Aufenthalt.jpg\u00bb title_text=\u00bbPension_Kueche_Aufenthalt\u00bb show_in_lightbox=\u00bbon\u00bb align_tablet=\u00bbcenter\u00bb align_phone=\u00bbcenter\u00bb align_last_edited=\u00bbon|desktop\u00bb _builder_version=\u00bb4.27.0&#8243; locked=\u00bboff\u00bb global_colors_info=\u00bb{}\u00bb][\/et_pb_image][\/et_pb_column][et_pb_column type=\u00bb1_3&#8243; _builder_version=\u00bb4.27.0&#8243; _module_preset=\u00bbdefault\u00bb global_colors_info=\u00bb{}\u00bb][et_pb_image src=\u00bbhttps:\/\/die-pension-auw.de\/wp-content\/uploads\/2024\/09\/Pension_Kueche.jpg\u00bb title_text=\u00bbPension_Kueche\u00bb show_in_lightbox=\u00bbon\u00bb use_overlay=\u00bbon\u00bb overlay_icon_color=\u00bb#b2b9c4&#8243; align_tablet=\u00bbcenter\u00bb align_phone=\u00bbcenter\u00bb align_last_edited=\u00bbon|desktop\u00bb _builder_version=\u00bb4.27.0&#8243; locked=\u00bboff\u00bb global_colors_info=\u00bb{}\u00bb][\/et_pb_image][\/et_pb_column][et_pb_column type=\u00bb1_3&#8243; _builder_version=\u00bb4.27.0&#8243; _module_preset=\u00bbdefault\u00bb global_colors_info=\u00bb{}\u00bb][et_pb_image src=\u00bbhttps:\/\/die-pension-auw.de\/wp-content\/uploads\/2024\/09\/Pension_Kueche_Aufenthalt2.jpg\u00bb title_text=\u00bbPension_Kueche_Aufenthalt2&#8243; show_in_lightbox=\u00bbon\u00bb use_overlay=\u00bbon\u00bb overlay_icon_color=\u00bb#b2b9c4&#8243; align_tablet=\u00bbcenter\u00bb align_phone=\u00bbcenter\u00bb align_last_edited=\u00bbon|desktop\u00bb _builder_version=\u00bb4.27.0&#8243; locked=\u00bboff\u00bb global_colors_info=\u00bb{}\u00bb][\/et_pb_image][\/et_pb_column][\/et_pb_row][\/et_pb_section][et_pb_section fb_built=\u00bb1&#8243; specialty=\u00bbon\u00bb disabled_on=\u00bbon|off|off\u00bb admin_label=\u00bbScheune- desktop\u00bb _builder_version=\u00bb4.27.0&#8243; global_colors_info=\u00bb{}\u00bb][et_pb_column type=\u00bb1_2&#8243; specialty_columns=\u00bb2&#8243; _builder_version=\u00bb4.16&#8243; custom_padding=\u00bb|||\u00bb global_colors_info=\u00bb{}\u00bb custom_padding__hover=\u00bb|||\u00bb][et_pb_row_inner _builder_version=\u00bb4.16&#8243; global_colors_info=\u00bb{}\u00bb][et_pb_column_inner saved_specialty_column_type=\u00bb1_2&#8243; _builder_version=\u00bb4.16&#8243; custom_padding=\u00bb|||\u00bb global_colors_info=\u00bb{}\u00bb custom_padding__hover=\u00bb|||\u00bb][et_pb_image src=\u00bbhttps:\/\/die-pension-auw.de\/wp-content\/uploads\/2024\/09\/Scheune_Sicht3.jpg\u00bb title_text=\u00bbScheune_Sicht3&#8243; show_in_lightbox=\u00bbon\u00bb align_tablet=\u00bbcenter\u00bb align_phone=\u00bbcenter\u00bb align_last_edited=\u00bbon|desktop\u00bb _builder_version=\u00bb4.27.0&#8243; locked=\u00bboff\u00bb global_colors_info=\u00bb{}\u00bb][\/et_pb_image][\/et_pb_column_inner][\/et_pb_row_inner][et_pb_row_inner column_structure=\u00bb1_2,1_2&#8243; use_custom_gutter=\u00bbon\u00bb gutter_width=\u00bb2&#8243; _builder_version=\u00bb4.16&#8243; custom_padding=\u00bb0|0px|29.6875px|0px|false|false\u00bb global_colors_info=\u00bb{}\u00bb][et_pb_column_inner type=\u00bb1_2&#8243; saved_specialty_column_type=\u00bb1_2&#8243; _builder_version=\u00bb4.16&#8243; custom_padding=\u00bb|||\u00bb global_colors_info=\u00bb{}\u00bb custom_padding__hover=\u00bb|||\u00bb][et_pb_image src=\u00bbhttps:\/\/die-pension-auw.de\/wp-content\/uploads\/2024\/09\/Scheune_Sicht5.jpg\u00bb title_text=\u00bbScheune_Sicht5&#8243; show_in_lightbox=\u00bbon\u00bb use_overlay=\u00bbon\u00bb overlay_icon_color=\u00bb#b2b9c4&#8243; align_tablet=\u00bbcenter\u00bb align_phone=\u00bbcenter\u00bb align_last_edited=\u00bbon|desktop\u00bb _builder_version=\u00bb4.27.0&#8243; locked=\u00bboff\u00bb global_colors_info=\u00bb{}\u00bb][\/et_pb_image][\/et_pb_column_inner][et_pb_column_inner type=\u00bb1_2&#8243; saved_specialty_column_type=\u00bb1_2&#8243; _builder_version=\u00bb4.16&#8243; custom_padding=\u00bb|||\u00bb global_colors_info=\u00bb{}\u00bb custom_padding__hover=\u00bb|||\u00bb][et_pb_image src=\u00bbhttps:\/\/die-pension-auw.de\/wp-content\/uploads\/2024\/09\/Scheune_Sicht1.jpg\u00bb title_text=\u00bbScheune_Sicht1&#8243; show_in_lightbox=\u00bbon\u00bb use_overlay=\u00bbon\u00bb overlay_icon_color=\u00bb#b2b9c4&#8243; align_tablet=\u00bbcenter\u00bb align_phone=\u00bbcenter\u00bb align_last_edited=\u00bbon|desktop\u00bb _builder_version=\u00bb4.27.0&#8243; locked=\u00bboff\u00bb global_colors_info=\u00bb{}\u00bb][\/et_pb_image][\/et_pb_column_inner][\/et_pb_row_inner][\/et_pb_column][et_pb_column type=\u00bb1_2&#8243; _builder_version=\u00bb4.16&#8243; custom_padding=\u00bb|||\u00bb global_colors_info=\u00bb{}\u00bb custom_padding__hover=\u00bb|||\u00bb][et_pb_text _builder_version=\u00bb4.27.0&#8243; text_font=\u00bb||||||||\u00bb text_font_size=\u00bb16px\u00bb text_line_height=\u00bb2em\u00bb ul_font=\u00bb||||||||\u00bb ul_line_height=\u00bb2em\u00bb header_font=\u00bb||||||||\u00bb header_3_font=\u00bbRaleway|700|||||||\u00bb header_3_font_size=\u00bb40px\u00bb header_3_line_height=\u00bb1.4em\u00bb header_6_line_height=\u00bb1.8em\u00bb header_3_font_size_tablet=\u00bb35px\u00bb header_3_font_size_phone=\u00bb25px\u00bb header_3_font_size_last_edited=\u00bbon|phone\u00bb locked=\u00bboff\u00bb global_colors_info=\u00bb{}\u00bb]<\/p>\n<h3>Adem\u00e1s&#8230;<\/h3>\n<p>&#8230;tambi\u00e9n puede utilizar nuestra gran sala del granero para nuestros hu\u00e9spedes internos. Puede acceder a esta sala desde las habitaciones con los pies secos. <\/p>\n<p>Entre otras cosas, dispone de asientos, un gran televisor y una mesa de billar antigua. En nuestro estante de folletos encontrar\u00e1 informaci\u00f3n detallada sobre excursiones y actividades en el Parque Natural de Eifel. Si el tiempo lo permite, tambi\u00e9n podr\u00e1 acceder desde aqu\u00ed al jard\u00edn, donde le ofrecemos asientos adicionales al aire libre.  <\/p>\n<p>[\/et_pb_text][\/et_pb_column][\/et_pb_section][et_pb_section fb_built=\u00bb1&#8243; disabled_on=\u00bboff|on|on\u00bb _builder_version=\u00bb4.27.0&#8243; _module_preset=\u00bbdefault\u00bb global_colors_info=\u00bb{}\u00bb][et_pb_row _builder_version=\u00bb4.27.0&#8243; _module_preset=\u00bbdefault\u00bb global_colors_info=\u00bb{}\u00bb][et_pb_column type=\u00bb4_4&#8243; _builder_version=\u00bb4.27.0&#8243; _module_preset=\u00bbdefault\u00bb global_colors_info=\u00bb{}\u00bb][et_pb_text _builder_version=\u00bb4.27.0&#8243; text_font=\u00bb||||||||\u00bb text_font_size=\u00bb16px\u00bb text_line_height=\u00bb2em\u00bb ul_font=\u00bb||||||||\u00bb ul_line_height=\u00bb2em\u00bb header_font=\u00bb||||||||\u00bb header_3_font=\u00bbRaleway|700|||||||\u00bb header_3_font_size=\u00bb40px\u00bb header_3_line_height=\u00bb1.4em\u00bb header_6_line_height=\u00bb1.8em\u00bb header_3_font_size_tablet=\u00bb35px\u00bb header_3_font_size_phone=\u00bb25px\u00bb header_3_font_size_last_edited=\u00bbon|phone\u00bb locked=\u00bboff\u00bb global_colors_info=\u00bb{}\u00bb]<\/p>\n<h3>Adem\u00e1s&#8230;<\/h3>\n<p>&#8230;tambi\u00e9n puede utilizar nuestra gran sala del granero para nuestros hu\u00e9spedes internos. Puede acceder a esta sala desde las habitaciones con los pies secos. <\/p>\n<p>Entre otras cosas, dispone de asientos, un gran televisor y una mesa de billar antigua. En nuestro estante de folletos encontrar\u00e1 informaci\u00f3n detallada sobre excursiones y actividades en el Parque Natural de Eifel. Si el tiempo lo permite, tambi\u00e9n podr\u00e1 acceder desde aqu\u00ed al jard\u00edn, donde le ofrecemos asientos adicionales al aire libre.  <\/p>\n<p>[\/et_pb_text][\/et_pb_column][\/et_pb_row][et_pb_row column_structure=\u00bb1_3,1_3,1_3&#8243; _builder_version=\u00bb4.27.0&#8243; _module_preset=\u00bbdefault\u00bb global_colors_info=\u00bb{}\u00bb][et_pb_column type=\u00bb1_3&#8243; _builder_version=\u00bb4.27.0&#8243; _module_preset=\u00bbdefault\u00bb global_colors_info=\u00bb{}\u00bb][et_pb_image src=\u00bbhttps:\/\/die-pension-auw.de\/wp-content\/uploads\/2024\/09\/Scheune_Sicht3.jpg\u00bb title_text=\u00bbScheune_Sicht3&#8243; show_in_lightbox=\u00bbon\u00bb align_tablet=\u00bbcenter\u00bb align_phone=\u00bbcenter\u00bb align_last_edited=\u00bbon|desktop\u00bb _builder_version=\u00bb4.27.0&#8243; locked=\u00bboff\u00bb global_colors_info=\u00bb{}\u00bb][\/et_pb_image][\/et_pb_column][et_pb_column type=\u00bb1_3&#8243; _builder_version=\u00bb4.27.0&#8243; _module_preset=\u00bbdefault\u00bb global_colors_info=\u00bb{}\u00bb][et_pb_image src=\u00bbhttps:\/\/die-pension-auw.de\/wp-content\/uploads\/2024\/09\/Scheune_Sicht5.jpg\u00bb title_text=\u00bbScheune_Sicht5&#8243; show_in_lightbox=\u00bbon\u00bb use_overlay=\u00bbon\u00bb overlay_icon_color=\u00bb#b2b9c4&#8243; align_tablet=\u00bbcenter\u00bb align_phone=\u00bbcenter\u00bb align_last_edited=\u00bbon|desktop\u00bb _builder_version=\u00bb4.27.0&#8243; locked=\u00bboff\u00bb global_colors_info=\u00bb{}\u00bb][\/et_pb_image][\/et_pb_column][et_pb_column type=\u00bb1_3&#8243; _builder_version=\u00bb4.27.0&#8243; _module_preset=\u00bbdefault\u00bb global_colors_info=\u00bb{}\u00bb][et_pb_image src=\u00bbhttps:\/\/die-pension-auw.de\/wp-content\/uploads\/2024\/09\/Scheune_Sicht1.jpg\u00bb title_text=\u00bbScheune_Sicht1&#8243; show_in_lightbox=\u00bbon\u00bb use_overlay=\u00bbon\u00bb overlay_icon_color=\u00bb#b2b9c4&#8243; align_tablet=\u00bbcenter\u00bb align_phone=\u00bbcenter\u00bb align_last_edited=\u00bbon|desktop\u00bb _builder_version=\u00bb4.27.0&#8243; locked=\u00bboff\u00bb global_colors_info=\u00bb{}\u00bb][\/et_pb_image][\/et_pb_column][\/et_pb_row][\/et_pb_section]<\/p>\n","protected":false},"excerpt":{"rendered":"<p>Pasar la noche en el Eifel Nuestras habitacionesDie Pension Ofrecemos 4 habitaciones en la 1\u00aa planta &#8211; tambi\u00e9n la planta superior de nuestra casa &#8211; para un total de hasta 8 personas. Cada habitaci\u00f3n est\u00e1 amueblada individualmente, 3 habitaciones tienen &#8211; adem\u00e1s de los cuartos de ba\u00f1o &#8211; su propio lavabo en la habitaci\u00f3n. S\u00f3lo [&hellip;]<\/p>\n","protected":false},"author":1,"featured_media":0,"parent":0,"menu_order":0,"comment_status":"closed","ping_status":"closed","template":"","meta":{"_et_pb_use_builder":"on","_et_pb_old_content":"","_et_gb_content_width":"","footnotes":""},"class_list":["post-335","page","type-page","status-publish","hentry"],"_links":{"self":[{"href":"https:\/\/die-pension-auw.de\/es\/wp-json\/wp\/v2\/pages\/335","targetHints":{"allow":["GET"]}}],"collection":[{"href":"https:\/\/die-pension-auw.de\/es\/wp-json\/wp\/v2\/pages"}],"about":[{"href":"https:\/\/die-pension-auw.de\/es\/wp-json\/wp\/v2\/types\/page"}],"author":[{"embeddable":true,"href":"https:\/\/die-pension-auw.de\/es\/wp-json\/wp\/v2\/users\/1"}],"replies":[{"embeddable":true,"href":"https:\/\/die-pension-auw.de\/es\/wp-json\/wp\/v2\/comments?post=335"}],"version-history":[{"count":21,"href":"https:\/\/die-pension-auw.de\/es\/wp-json\/wp\/v2\/pages\/335\/revisions"}],"predecessor-version":[{"id":1864,"href":"https:\/\/die-pension-auw.de\/es\/wp-json\/wp\/v2\/pages\/335\/revisions\/1864"}],"wp:attachment":[{"href":"https:\/\/die-pension-auw.de\/es\/wp-json\/wp\/v2\/media?parent=335"}],"curies":[{"name":"wp","href":"https:\/\/api.w.org\/{rel}","templated":true}]}}