{"id":331,"date":"2022-09-26T07:10:12","date_gmt":"2022-09-26T07:10:12","guid":{"rendered":"https:\/\/die-pension-auw.de\/home"},"modified":"2025-12-03T08:28:40","modified_gmt":"2025-12-03T08:28:40","slug":"inicio","status":"publish","type":"page","link":"https:\/\/die-pension-auw.de\/es","title":{"rendered":"La pensi\u00f3n Auw"},"content":{"rendered":"<p>[et_pb_section fb_built=\u00bb1&#8243; fullwidth=\u00bbon\u00bb disabled_on=\u00bbon|off|off\u00bb _builder_version=\u00bb4.27.0&#8243; _module_preset=\u00bbdefault\u00bb custom_margin=\u00bb-2em||||false|false\u00bb global_colors_info=\u00bb{}\u00bb][et_pb_fullwidth_slider show_pagination=\u00bboff\u00bb _builder_version=\u00bb4.27.0&#8243; _module_preset=\u00bbdefault\u00bb custom_margin=\u00bb||||false|false\u00bb custom_padding=\u00bb20em||||false|false\u00bb auto=\u00bbon\u00bb global_colors_info=\u00bb{}\u00bb][et_pb_slide arrows_custom_color=\u00bbgcid-body-color\u00bb dot_nav_custom_color=\u00bbRGBA(255,255,255,0)\u00bb _builder_version=\u00bb4.27.0&#8243; _module_preset=\u00bbdefault\u00bb header_level=\u00bbh5&#8243; header_font=\u00bb|700|||||||\u00bb header_text_color=\u00bbgcid-primary-color\u00bb header_font_size=\u00bb34px\u00bb header_line_height=\u00bb1.2em\u00bb body_font=\u00bb|600|||||||\u00bb body_text_align=\u00bbleft\u00bb body_text_color=\u00bbgcid-heading-color\u00bb body_line_height=\u00bb1.2em\u00bb background_color=\u00bbRGBA(255,255,255,0)\u00bb background_enable_color=\u00bbon\u00bb use_background_color_gradient=\u00bbon\u00bb background_color_gradient_type=\u00bbcircular\u00bb background_color_gradient_direction_radial=\u00bbtop left\u00bb background_color_gradient_stops=\u00bbrgba(255,255,255,0.8) 30%|rgba(255,255,255,0) 80%\u00bb background_color_gradient_overlays_image=\u00bbon\u00bb background_image=\u00bbhttps:\/\/die-pension-auw.de\/wp-content\/uploads\/2024\/09\/eifel_nebel-scaled.jpg\u00bb background_enable_image=\u00bbon\u00bb background_layout=\u00bblight\u00bb global_colors_info=\u00bb{%22gcid-body-color%22:%91%22arrows_custom_color%22%93,%22gcid-primary-color%22:%91%22header_text_color%22%93,%22gcid-heading-color%22:%91%22body_text_color%22%93}\u00bb sticky_transition=\u00bbon\u00bb]<\/p>\n<h5 style=\"font-size: 1.3vw; font-weight: 600; color: #f9b03d;\">UN HOGAR LEJOS DE CASA<\/h5>\n<h1 style=\"font-size: 4vw; font-weight: 600;\">Habitaci\u00f3nes<\/h1>\n<h1 style=\"font-size: 4vw; font-weight: 600;\">y piso de vacaciones<\/h1>\n<p>[\/et_pb_slide][et_pb_slide arrows_custom_color=\u00bbgcid-body-color\u00bb dot_nav_custom_color=\u00bbRGBA(255,255,255,0)\u00bb _builder_version=\u00bb4.27.0&#8243; _module_preset=\u00bbdefault\u00bb header_level=\u00bbh5&#8243; header_font=\u00bb|700|||||||\u00bb header_text_color=\u00bbgcid-primary-color\u00bb header_font_size=\u00bb34px\u00bb header_line_height=\u00bb1.2em\u00bb body_font=\u00bb|600|||||||\u00bb body_text_align=\u00bbleft\u00bb body_text_color=\u00bbgcid-heading-color\u00bb body_line_height=\u00bb1.2em\u00bb background_color=\u00bbRGBA(255,255,255,0)\u00bb background_enable_color=\u00bbon\u00bb use_background_color_gradient=\u00bbon\u00bb background_color_gradient_type=\u00bbcircular\u00bb background_color_gradient_direction_radial=\u00bbtop left\u00bb background_color_gradient_stops=\u00bbrgba(255,255,255,0.8) 30%|rgba(255,255,255,0) 80%\u00bb background_color_gradient_overlays_image=\u00bbon\u00bb background_image=\u00bbhttps:\/\/die-pension-auw.de\/wp-content\/uploads\/2024\/09\/Schnee-scaled.jpeg\u00bb background_enable_image=\u00bbon\u00bb background_layout=\u00bblight\u00bb global_colors_info=\u00bb{%22gcid-body-color%22:%91%22arrows_custom_color%22%93,%22gcid-primary-color%22:%91%22header_text_color%22%93,%22gcid-heading-color%22:%91%22body_text_color%22%93}\u00bb sticky_transition=\u00bbon\u00bb]<\/p>\n<h5 style=\"font-size: 1.3vw; font-weight: 600; color: #f9b03d;\">UN HOGAR LEJOS DE CASA<\/h5>\n<h1 style=\"font-size: 4vw; font-weight: 600;\">Unas vacaciones<\/h1>\n<h1 style=\"font-size: 4vw; font-weight: 600;\">de invierno diferentes<\/h1>\n<p>[\/et_pb_slide][et_pb_slide arrows_custom_color=\u00bbgcid-body-color\u00bb dot_nav_custom_color=\u00bbRGBA(255,255,255,0)\u00bb _builder_version=\u00bb4.27.0&#8243; _module_preset=\u00bbdefault\u00bb header_level=\u00bbh5&#8243; header_font=\u00bb|700|||||||\u00bb header_text_color=\u00bbgcid-primary-color\u00bb header_font_size=\u00bb34px\u00bb header_line_height=\u00bb1.2em\u00bb body_font=\u00bb|600|||||||\u00bb body_text_align=\u00bbleft\u00bb body_text_color=\u00bbgcid-heading-color\u00bb body_line_height=\u00bb1.2em\u00bb background_color=\u00bbRGBA(255,255,255,0)\u00bb background_enable_color=\u00bbon\u00bb use_background_color_gradient=\u00bbon\u00bb background_color_gradient_type=\u00bbcircular\u00bb background_color_gradient_direction_radial=\u00bbtop left\u00bb background_color_gradient_stops=\u00bbrgba(255,255,255,0.8) 30%|rgba(255,255,255,0) 80%\u00bb background_color_gradient_overlays_image=\u00bbon\u00bb background_image=\u00bbhttps:\/\/die-pension-auw.de\/wp-content\/uploads\/2024\/09\/Stausee-scaled.jpeg\u00bb background_enable_image=\u00bbon\u00bb background_layout=\u00bblight\u00bb global_colors_info=\u00bb{%22gcid-body-color%22:%91%22arrows_custom_color%22%93,%22gcid-primary-color%22:%91%22header_text_color%22%93,%22gcid-heading-color%22:%91%22body_text_color%22%93}\u00bb sticky_transition=\u00bbon\u00bb]<\/p>\n<h5 style=\"font-size: 1.3vw; font-weight: 600; color: #f9b03d;\">UN HOGAR LEJOS DE CASA<\/h5>\n<h1 style=\"font-size: 4vw; font-weight: 600;\">Disfrute de la paz<\/h1>\n<h1 style=\"font-size: 4vw; font-weight: 600;\">y la tranquilidad<\/h1>\n<p>[\/et_pb_slide][et_pb_slide arrows_custom_color=\u00bbgcid-body-color\u00bb dot_nav_custom_color=\u00bbRGBA(255,255,255,0)\u00bb _builder_version=\u00bb4.27.0&#8243; _module_preset=\u00bbdefault\u00bb header_level=\u00bbh5&#8243; header_font=\u00bb|700|||||||\u00bb header_text_color=\u00bbgcid-primary-color\u00bb header_font_size=\u00bb34px\u00bb header_line_height=\u00bb1.2em\u00bb body_font=\u00bb|600|||||||\u00bb body_text_align=\u00bbleft\u00bb body_text_color=\u00bbgcid-heading-color\u00bb body_line_height=\u00bb1.2em\u00bb background_color=\u00bbRGBA(255,255,255,0)\u00bb background_enable_color=\u00bbon\u00bb use_background_color_gradient=\u00bbon\u00bb background_color_gradient_type=\u00bbcircular\u00bb background_color_gradient_direction_radial=\u00bbtop left\u00bb background_color_gradient_stops=\u00bbrgba(255,255,255,0.8) 30%|rgba(255,255,255,0) 80%\u00bb background_color_gradient_overlays_image=\u00bbon\u00bb background_image=\u00bbhttps:\/\/die-pension-auw.de\/wp-content\/uploads\/2024\/09\/milan-scaled.jpg\u00bb background_enable_image=\u00bbon\u00bb background_layout=\u00bblight\u00bb global_colors_info=\u00bb{%22gcid-body-color%22:%91%22arrows_custom_color%22%93,%22gcid-primary-color%22:%91%22header_text_color%22%93,%22gcid-heading-color%22:%91%22body_text_color%22%93}\u00bb sticky_transition=\u00bbon\u00bb]<\/p>\n<h5 style=\"font-size: 1.3vw; font-weight: 600; color: #f9b03d;\">UN HOGAR LEJOS DE CASA<\/h5>\n<h1 style=\"font-size: 4vw; font-weight: 600;\">Observe animales<\/h1>\n<h1 style=\"font-size: 4vw; font-weight: 600;\">poco comunes<\/h1>\n<p>[\/et_pb_slide][et_pb_slide arrows_custom_color=\u00bbgcid-body-color\u00bb dot_nav_custom_color=\u00bbRGBA(255,255,255,0)\u00bb _builder_version=\u00bb4.27.0&#8243; _module_preset=\u00bbdefault\u00bb header_level=\u00bbh5&#8243; header_font=\u00bb|700|||||||\u00bb header_text_color=\u00bbgcid-primary-color\u00bb header_font_size=\u00bb34px\u00bb header_line_height=\u00bb1.2em\u00bb body_font=\u00bb|600|||||||\u00bb body_text_align=\u00bbleft\u00bb body_text_color=\u00bbgcid-heading-color\u00bb body_line_height=\u00bb1.2em\u00bb background_color=\u00bbRGBA(255,255,255,0)\u00bb background_enable_color=\u00bbon\u00bb use_background_color_gradient=\u00bbon\u00bb background_color_gradient_type=\u00bbcircular\u00bb background_color_gradient_direction_radial=\u00bbtop left\u00bb background_color_gradient_stops=\u00bbrgba(255,255,255,0.8) 30%|rgba(255,255,255,0) 80%\u00bb background_color_gradient_overlays_image=\u00bbon\u00bb background_image=\u00bbhttps:\/\/die-pension-auw.de\/wp-content\/uploads\/2024\/09\/sternenhimmel-scaled.jpg\u00bb background_enable_image=\u00bbon\u00bb background_layout=\u00bblight\u00bb global_colors_info=\u00bb{%22gcid-body-color%22:%91%22arrows_custom_color%22%93,%22gcid-primary-color%22:%91%22header_text_color%22%93,%22gcid-heading-color%22:%91%22body_text_color%22%93}\u00bb sticky_transition=\u00bbon\u00bb]<\/p>\n<h5 style=\"font-size: 1.3vw; font-weight: 600; color: #f9b03d;\">UN HOGAR LEJOS DE CASA<\/h5>\n<h1 style=\"font-size: 4vw; font-weight: 600;\">Contemple<\/h1>\n<h1 style=\"font-size: 4vw; font-weight: 600;\">la b\u00f3veda celeste<\/h1>\n<p>[\/et_pb_slide][et_pb_slide arrows_custom_color=\u00bbgcid-body-color\u00bb dot_nav_custom_color=\u00bbRGBA(255,255,255,0)\u00bb _builder_version=\u00bb4.27.0&#8243; _module_preset=\u00bbdefault\u00bb header_level=\u00bbh5&#8243; header_font=\u00bb|700|||||||\u00bb header_text_color=\u00bbgcid-primary-color\u00bb header_font_size=\u00bb34px\u00bb header_line_height=\u00bb1.2em\u00bb body_font=\u00bb|600|||||||\u00bb body_text_align=\u00bbleft\u00bb body_text_color=\u00bbgcid-heading-color\u00bb body_line_height=\u00bb1.2em\u00bb background_color=\u00bbRGBA(255,255,255,0)\u00bb background_enable_color=\u00bbon\u00bb use_background_color_gradient=\u00bbon\u00bb background_color_gradient_type=\u00bbcircular\u00bb background_color_gradient_direction_radial=\u00bbtop left\u00bb background_color_gradient_stops=\u00bbrgba(255,255,255,0.8) 30%|rgba(255,255,255,0) 80%\u00bb background_color_gradient_overlays_image=\u00bbon\u00bb background_image=\u00bbhttps:\/\/die-pension-auw.de\/wp-content\/uploads\/2024\/09\/Reh_Wald-scaled.jpg\u00bb background_enable_image=\u00bbon\u00bb background_layout=\u00bblight\u00bb global_colors_info=\u00bb{%22gcid-body-color%22:%91%22arrows_custom_color%22%93,%22gcid-primary-color%22:%91%22header_text_color%22%93,%22gcid-heading-color%22:%91%22body_text_color%22%93}\u00bb sticky_transition=\u00bbon\u00bb]<\/p>\n<h5 style=\"font-size: 1.3vw; font-weight: 600; color: #f9b03d;\">UN HOGAR LEJOS DE CASA<\/h5>\n<h1 style=\"font-size: 4vw; font-weight: 600;\">Deje que su alma<\/h1>\n<h1 style=\"font-size: 4vw; font-weight: 600;\">cuelgue en el bosque<\/h1>\n<p>[\/et_pb_slide][\/et_pb_fullwidth_slider][\/et_pb_section][et_pb_section fb_built=\u00bb1&#8243; fullwidth=\u00bbon\u00bb disabled_on=\u00bboff|on|on\u00bb _builder_version=\u00bb4.27.0&#8243; _module_preset=\u00bbdefault\u00bb custom_margin=\u00bb-2em||||false|false\u00bb global_colors_info=\u00bb{}\u00bb][et_pb_fullwidth_slider show_pagination=\u00bboff\u00bb arrows_custom_color=\u00bbgcid-heading-color\u00bb _builder_version=\u00bb4.27.0&#8243; _module_preset=\u00bbdefault\u00bb custom_margin=\u00bb||||false|false\u00bb custom_padding=\u00bb20em||||false|false\u00bb auto=\u00bbon\u00bb global_colors_info=\u00bb{%22gcid-heading-color%22:%91%22arrows_custom_color%22%93}\u00bb][et_pb_slide arrows_custom_color=\u00bbgcid-body-color\u00bb dot_nav_custom_color=\u00bbRGBA(255,255,255,0)\u00bb _builder_version=\u00bb4.27.0&#8243; _module_preset=\u00bbdefault\u00bb header_level=\u00bbh5&#8243; header_font=\u00bb|700|||||||\u00bb header_text_color=\u00bbgcid-primary-color\u00bb header_font_size=\u00bb34px\u00bb header_line_height=\u00bb1.2em\u00bb body_font=\u00bb|600|||||||\u00bb body_text_align=\u00bbleft\u00bb body_text_color=\u00bbgcid-heading-color\u00bb body_line_height=\u00bb1.2em\u00bb background_color=\u00bbRGBA(255,255,255,0)\u00bb background_enable_color=\u00bbon\u00bb use_background_color_gradient=\u00bbon\u00bb background_color_gradient_type=\u00bbcircular\u00bb background_color_gradient_direction_radial=\u00bbbottom left\u00bb background_color_gradient_stops=\u00bbrgba(255,255,255,0.8) 30%|rgba(255,255,255,0) 80%\u00bb background_color_gradient_overlays_image=\u00bbon\u00bb background_image=\u00bbhttps:\/\/die-pension-auw.de\/wp-content\/uploads\/2024\/09\/eifel_nebel-scaled.jpg\u00bb background_enable_image=\u00bbon\u00bb background_layout=\u00bblight\u00bb global_colors_info=\u00bb{%22gcid-body-color%22:%91%22arrows_custom_color%22%93,%22gcid-primary-color%22:%91%22header_text_color%22%93,%22gcid-heading-color%22:%91%22body_text_color%22%93}\u00bb sticky_transition=\u00bbon\u00bb]<\/p>\n<h5 style=\"font-size: 20px; font-weight: 600; color: #f9b03d;\">UN HOGAR LEJOS DE CASA<\/h5>\n<h1 style=\"font-size: 32px; font-weight: 600;\">Habitaciones<\/h1>\n<h1 style=\"font-size: 32px; font-weight: 600;\">y<\/h1>\n<h1 style=\"font-size: 32px; font-weight: 600;\">un apartamento<\/h1>\n<h1 style=\"font-size: 32px; font-weight: 600;\">Apartamento de vacaciones<\/h1>\n<p>[\/et_pb_slide][et_pb_slide arrows_custom_color=\u00bbgcid-body-color\u00bb dot_nav_custom_color=\u00bbRGBA(255,255,255,0)\u00bb _builder_version=\u00bb4.27.0&#8243; _module_preset=\u00bbdefault\u00bb header_level=\u00bbh5&#8243; header_font=\u00bb|700|||||||\u00bb header_text_color=\u00bbgcid-primary-color\u00bb header_font_size=\u00bb34px\u00bb header_line_height=\u00bb1.2em\u00bb body_font=\u00bb|600|||||||\u00bb body_text_align=\u00bbleft\u00bb body_text_color=\u00bbgcid-heading-color\u00bb body_line_height=\u00bb1.2em\u00bb background_color=\u00bbRGBA(255,255,255,0)\u00bb background_enable_color=\u00bbon\u00bb use_background_color_gradient=\u00bbon\u00bb background_color_gradient_type=\u00bbcircular\u00bb background_color_gradient_direction_radial=\u00bbbottom left\u00bb background_color_gradient_stops=\u00bbrgba(255,255,255,0.8) 30%|rgba(255,255,255,0) 80%\u00bb background_color_gradient_overlays_image=\u00bbon\u00bb background_image=\u00bbhttps:\/\/die-pension-auw.de\/wp-content\/uploads\/2024\/09\/Schnee-scaled.jpeg\u00bb background_enable_image=\u00bbon\u00bb background_layout=\u00bblight\u00bb global_colors_info=\u00bb{%22gcid-body-color%22:%91%22arrows_custom_color%22%93,%22gcid-primary-color%22:%91%22header_text_color%22%93,%22gcid-heading-color%22:%91%22body_text_color%22%93}\u00bb sticky_transition=\u00bbon\u00bb]<\/p>\n<h5 style=\"font-size: 20px; font-weight: 600; color: #f9b03d;\">UN HOGAR LEJOS DE CASA<\/h5>\n<h1 style=\"font-size: 32px; font-weight: 600;\">Unas vacaciones<\/h1>\n<h1 style=\"font-size: 32px; font-weight: 600;\">de invierno diferentes<\/h1>\n<p>[\/et_pb_slide][et_pb_slide arrows_custom_color=\u00bbgcid-body-color\u00bb dot_nav_custom_color=\u00bbRGBA(255,255,255,0)\u00bb _builder_version=\u00bb4.27.0&#8243; _module_preset=\u00bbdefault\u00bb header_level=\u00bbh5&#8243; header_font=\u00bb|700|||||||\u00bb header_text_color=\u00bbgcid-primary-color\u00bb header_font_size=\u00bb34px\u00bb header_line_height=\u00bb1.2em\u00bb body_font=\u00bb|600|||||||\u00bb body_text_align=\u00bbleft\u00bb body_text_color=\u00bbgcid-heading-color\u00bb body_line_height=\u00bb1.2em\u00bb background_color=\u00bbRGBA(255,255,255,0)\u00bb background_enable_color=\u00bbon\u00bb use_background_color_gradient=\u00bbon\u00bb background_color_gradient_type=\u00bbcircular\u00bb background_color_gradient_direction_radial=\u00bbbottom left\u00bb background_color_gradient_stops=\u00bbrgba(255,255,255,0.8) 30%|rgba(255,255,255,0) 80%\u00bb background_color_gradient_overlays_image=\u00bbon\u00bb background_image=\u00bbhttps:\/\/die-pension-auw.de\/wp-content\/uploads\/2024\/09\/Stausee-scaled.jpeg\u00bb background_enable_image=\u00bbon\u00bb background_layout=\u00bblight\u00bb global_colors_info=\u00bb{%22gcid-body-color%22:%91%22arrows_custom_color%22%93,%22gcid-primary-color%22:%91%22header_text_color%22%93,%22gcid-heading-color%22:%91%22body_text_color%22%93}\u00bb sticky_transition=\u00bbon\u00bb]<\/p>\n<h5 style=\"font-size: 20px; font-weight: 600; color: #f9b03d;\">UN HOGAR LEJOS DE CASA<\/h5>\n<h1 style=\"font-size: 32px; font-weight: 600;\">Disfrute de la paz<\/h1>\n<h1 style=\"font-size: 32px; font-weight: 600;\">y la tranquilidad<\/h1>\n<p>[\/et_pb_slide][et_pb_slide arrows_custom_color=\u00bbgcid-body-color\u00bb dot_nav_custom_color=\u00bbRGBA(255,255,255,0)\u00bb _builder_version=\u00bb4.27.0&#8243; _module_preset=\u00bbdefault\u00bb header_level=\u00bbh5&#8243; header_font=\u00bb|700|||||||\u00bb header_text_color=\u00bbgcid-primary-color\u00bb header_font_size=\u00bb34px\u00bb header_line_height=\u00bb1.2em\u00bb body_font=\u00bb|600|||||||\u00bb body_text_align=\u00bbleft\u00bb body_text_color=\u00bbgcid-heading-color\u00bb body_line_height=\u00bb1.2em\u00bb background_color=\u00bbRGBA(255,255,255,0)\u00bb background_enable_color=\u00bbon\u00bb use_background_color_gradient=\u00bbon\u00bb background_color_gradient_type=\u00bbcircular\u00bb background_color_gradient_direction_radial=\u00bbbottom left\u00bb background_color_gradient_stops=\u00bbrgba(255,255,255,0.8) 30%|rgba(255,255,255,0) 80%\u00bb background_color_gradient_overlays_image=\u00bbon\u00bb background_image=\u00bbhttps:\/\/die-pension-auw.de\/wp-content\/uploads\/2024\/09\/milan-scaled.jpg\u00bb background_enable_image=\u00bbon\u00bb background_layout=\u00bblight\u00bb global_colors_info=\u00bb{%22gcid-body-color%22:%91%22arrows_custom_color%22%93,%22gcid-primary-color%22:%91%22header_text_color%22%93,%22gcid-heading-color%22:%91%22body_text_color%22%93}\u00bb sticky_transition=\u00bbon\u00bb]<\/p>\n<h5 style=\"font-size: 20px; font-weight: 600; color: #f9b03d;\">UN HOGAR LEJOS DE CASA<\/h5>\n<h1 style=\"font-size: 32px; font-weight: 600;\">Observe animales<\/h1>\n<h1 style=\"font-size: 32px; font-weight: 600;\">poco comunes<\/h1>\n<p>[\/et_pb_slide][et_pb_slide arrows_custom_color=\u00bbgcid-body-color\u00bb dot_nav_custom_color=\u00bbRGBA(255,255,255,0)\u00bb _builder_version=\u00bb4.27.0&#8243; _module_preset=\u00bbdefault\u00bb header_level=\u00bbh5&#8243; header_font=\u00bb|700|||||||\u00bb header_text_color=\u00bbgcid-primary-color\u00bb header_font_size=\u00bb34px\u00bb header_line_height=\u00bb1.2em\u00bb body_font=\u00bb|600|||||||\u00bb body_text_align=\u00bbleft\u00bb body_text_color=\u00bbgcid-heading-color\u00bb body_line_height=\u00bb1.2em\u00bb background_color=\u00bbRGBA(255,255,255,0)\u00bb background_enable_color=\u00bbon\u00bb use_background_color_gradient=\u00bbon\u00bb background_color_gradient_type=\u00bbcircular\u00bb background_color_gradient_direction_radial=\u00bbbottom left\u00bb background_color_gradient_stops=\u00bbrgba(255,255,255,0.8) 30%|rgba(255,255,255,0) 80%\u00bb background_color_gradient_overlays_image=\u00bbon\u00bb background_image=\u00bbhttps:\/\/die-pension-auw.de\/wp-content\/uploads\/2024\/09\/sternenhimmel-scaled.jpg\u00bb background_enable_image=\u00bbon\u00bb background_layout=\u00bblight\u00bb global_colors_info=\u00bb{%22gcid-body-color%22:%91%22arrows_custom_color%22%93,%22gcid-primary-color%22:%91%22header_text_color%22%93,%22gcid-heading-color%22:%91%22body_text_color%22%93}\u00bb sticky_transition=\u00bbon\u00bb]<\/p>\n<h5 style=\"font-size: 20px; font-weight: 600; color: #f9b03d;\">UN HOGAR LEJOS DE CASA<\/h5>\n<h1 style=\"font-size: 32px; font-weight: 600;\">Contemple<\/h1>\n<h1 style=\"font-size: 32px; font-weight: 600;\">la b\u00f3veda celeste<\/h1>\n<p>[\/et_pb_slide][et_pb_slide arrows_custom_color=\u00bbgcid-body-color\u00bb dot_nav_custom_color=\u00bbRGBA(255,255,255,0)\u00bb _builder_version=\u00bb4.27.0&#8243; _module_preset=\u00bbdefault\u00bb header_level=\u00bbh5&#8243; header_font=\u00bb|700|||||||\u00bb header_text_color=\u00bbgcid-primary-color\u00bb header_font_size=\u00bb34px\u00bb header_line_height=\u00bb1.2em\u00bb body_font=\u00bb|600|||||||\u00bb body_text_align=\u00bbleft\u00bb body_text_color=\u00bbgcid-heading-color\u00bb body_line_height=\u00bb1.2em\u00bb background_color=\u00bbRGBA(255,255,255,0)\u00bb background_enable_color=\u00bbon\u00bb use_background_color_gradient=\u00bbon\u00bb background_color_gradient_type=\u00bbcircular\u00bb background_color_gradient_direction_radial=\u00bbbottom left\u00bb background_color_gradient_stops=\u00bbrgba(255,255,255,0.8) 30%|rgba(255,255,255,0) 80%\u00bb background_color_gradient_overlays_image=\u00bbon\u00bb background_image=\u00bbhttps:\/\/die-pension-auw.de\/wp-content\/uploads\/2024\/09\/Reh_Wald-scaled.jpg\u00bb background_enable_image=\u00bbon\u00bb background_layout=\u00bblight\u00bb global_colors_info=\u00bb{%22gcid-body-color%22:%91%22arrows_custom_color%22%93,%22gcid-primary-color%22:%91%22header_text_color%22%93,%22gcid-heading-color%22:%91%22body_text_color%22%93}\u00bb sticky_transition=\u00bbon\u00bb]<\/p>\n<h5 style=\"font-size: 20px; font-weight: 600; color: #f9b03d;\">UN HOGAR LEJOS DE CASA<\/h5>\n<h1 style=\"font-size: 32px; font-weight: 600;\">Deje que su alma<\/h1>\n<h1 style=\"font-size: 32px; font-weight: 600;\">cuelgue en el bosque<\/h1>\n<p>[\/et_pb_slide][\/et_pb_fullwidth_slider][\/et_pb_section][et_pb_section fb_built=\u00bb1&#8243; disabled_on=\u00bboff|off|off\u00bb admin_label=\u00bbHeader\u00bb _builder_version=\u00bb4.27.0&#8243; background_enable_image=\u00bboff\u00bb custom_padding=\u00bb0%|0px|0|0px|false|false\u00bb global_colors_info=\u00bb{}\u00bb][et_pb_row column_structure=\u00bb1_4,1_4,1_4,1_4&#8243; _builder_version=\u00bb4.27.4&#8243; _module_preset=\u00bbdefault\u00bb global_colors_info=\u00bb{}\u00bb][et_pb_column type=\u00bb1_4&#8243; _builder_version=\u00bb4.27.4&#8243; _module_preset=\u00bbdefault\u00bb global_colors_info=\u00bb{}\u00bb][et_pb_icon font_icon=\u00bb&#xe01d;||divi||400&#8243; icon_color=\u00bbgcid-primary-color\u00bb icon_width=\u00bb40px\u00bb _builder_version=\u00bb4.27.4&#8243; _module_preset=\u00bbdefault\u00bb global_colors_info=\u00bb{%22gcid-primary-color%22:%91%22icon_color%22%93}\u00bb][\/et_pb_icon][et_pb_text _builder_version=\u00bb4.27.4&#8243; _module_preset=\u00bbdefault\u00bb text_font_size=\u00bb20px\u00bb text_orientation=\u00bbcenter\u00bb global_colors_info=\u00bb{}\u00bb]<\/p>\n<p>Auw cerca de Pr\u00fcm, Eifel y el Valle de Our<\/p>\n<p>[\/et_pb_text][\/et_pb_column][et_pb_column type=\u00bb1_4&#8243; _builder_version=\u00bb4.27.4&#8243; _module_preset=\u00bbdefault\u00bb global_colors_info=\u00bb{}\u00bb][et_pb_icon font_icon=\u00bb&#xe009;||divi||400&#8243; icon_color=\u00bbgcid-primary-color\u00bb icon_width=\u00bb40px\u00bb _builder_version=\u00bb4.27.4&#8243; _module_preset=\u00bbdefault\u00bb global_colors_info=\u00bb{%22gcid-primary-color%22:%91%22icon_color%22%93}\u00bb][\/et_pb_icon][et_pb_text _builder_version=\u00bb4.27.4&#8243; _module_preset=\u00bbdefault\u00bb text_font_size=\u00bb20px\u00bb text_orientation=\u00bbcenter\u00bb global_colors_info=\u00bb{}\u00bb]4 habitaciones &amp;<br \/>\n1 apartamento vacacional[\/et_pb_text][\/et_pb_column][et_pb_column type=\u00bb1_4&#8243; _builder_version=\u00bb4.27.4&#8243; _module_preset=\u00bbdefault\u00bb global_colors_info=\u00bb{}\u00bb][et_pb_icon font_icon=\u00bb&#xe105;||divi||400&#8243; icon_color=\u00bbgcid-primary-color\u00bb icon_width=\u00bb40px\u00bb _builder_version=\u00bb4.27.4&#8243; _module_preset=\u00bbdefault\u00bb global_colors_info=\u00bb{%22gcid-primary-color%22:%91%22icon_color%22%93}\u00bb][\/et_pb_icon][et_pb_text _builder_version=\u00bb4.27.4&#8243; _module_preset=\u00bbdefault\u00bb text_font_size=\u00bb20px\u00bb text_orientation=\u00bbcenter\u00bb global_colors_info=\u00bb{}\u00bb]Cocina &amp;<br \/>\nsala de estar[\/et_pb_text][\/et_pb_column][et_pb_column type=\u00bb1_4&#8243; _builder_version=\u00bb4.27.4&#8243; _module_preset=\u00bbdefault\u00bb custom_padding=\u00bb40px||||false|false\u00bb global_colors_info=\u00bb{}\u00bb][et_pb_button button_url=\u00bb@ET-DC@eyJkeW5hbWljIjp0cnVlLCJjb250ZW50IjoicG9zdF9saW5rX3VybF9wYWdlIiwic2V0dGluZ3MiOnsicG9zdF9pZCI6IjkyIn19@\u00bb button_text=\u00bbConsultar directamente\u00bb button_alignment=\u00bbcenter\u00bb _builder_version=\u00bb4.27.4&#8243; _dynamic_attributes=\u00bbbutton_url\u00bb _module_preset=\u00bbdefault\u00bb button_text_color=\u00bb#FFFFFF\u00bb button_bg_color=\u00bb#000000&#8243; button_icon=\u00bb&#x24;||divi||400&#8243; global_colors_info=\u00bb{}\u00bb][\/et_pb_button][\/et_pb_column][\/et_pb_row][\/et_pb_section][et_pb_section fb_built=\u00bb1&#8243; admin_label=\u00bbAbout Us\u00bb _builder_version=\u00bb4.16&#8243; global_colors_info=\u00bb{}\u00bb][et_pb_row column_structure=\u00bb2_3,1_3&#8243; custom_padding_last_edited=\u00bboff|desktop\u00bb _builder_version=\u00bb4.16&#8243; custom_padding=\u00bb27px|0px|0|0px|false|false\u00bb custom_padding_tablet=\u00bb|0px||0px||true\u00bb global_colors_info=\u00bb{}\u00bb][et_pb_column type=\u00bb2_3&#8243; _builder_version=\u00bb4.16&#8243; custom_padding=\u00bb|||\u00bb global_colors_info=\u00bb{}\u00bb custom_padding__hover=\u00bb|||\u00bb][et_pb_text _builder_version=\u00bb4.27.4&#8243; _module_preset=\u00bbdefault\u00bb global_colors_info=\u00bb{}\u00bb]<\/p>\n<h6>Sobre la pensi\u00f3n<\/h6>\n<h2>Una granja al borde del Schneifel<\/h2>\n<p>[\/et_pb_text][\/et_pb_column][et_pb_column type=\u00bb1_3&#8243; _builder_version=\u00bb4.16&#8243; custom_padding=\u00bb|||\u00bb global_colors_info=\u00bb{}\u00bb custom_padding__hover=\u00bb|||\u00bb][\/et_pb_column][\/et_pb_row][et_pb_row _builder_version=\u00bb4.16&#8243; global_colors_info=\u00bb{}\u00bb][et_pb_column type=\u00bb4_4&#8243; _builder_version=\u00bb4.16&#8243; custom_padding=\u00bb|||\u00bb global_colors_info=\u00bb{}\u00bb custom_padding__hover=\u00bb|||\u00bb][et_pb_image src=\u00bbhttps:\/\/die-pension-auw.de\/wp-content\/uploads\/2024\/09\/scheune_komplett-scaled.jpg\u00bb title_text=\u00bbscheune_komplett\u00bb force_fullwidth=\u00bbon\u00bb _builder_version=\u00bb4.27.0&#8243; _module_preset=\u00bbdefault\u00bb global_colors_info=\u00bb{}\u00bb][\/et_pb_image][\/et_pb_column][\/et_pb_row][et_pb_row custom_padding_last_edited=\u00bboff|desktop\u00bb _builder_version=\u00bb4.26.0&#8243; module_alignment=\u00bbcenter\u00bb custom_padding=\u00bb27px|0|27px|0px|false|false\u00bb custom_padding_tablet=\u00bb|0px||0px||true\u00bb global_colors_info=\u00bb{}\u00bb][et_pb_column type=\u00bb4_4&#8243; _builder_version=\u00bb4.18.0&#8243; custom_padding=\u00bb|||\u00bb global_colors_info=\u00bb{}\u00bb custom_padding__hover=\u00bb|||\u00bb][et_pb_text _builder_version=\u00bb4.27.0&#8243; text_font=\u00bb||||||||\u00bb header_font=\u00bb||||||||\u00bb header_2_font=\u00bbRaleway|700|||||||\u00bb header_6_font=\u00bbRaleway|700||on|||||\u00bb global_colors_info=\u00bb{}\u00bb]<\/p>\n<p>DIE <strong>PENSION<\/strong> se encuentra en Auw, cerca de Pr\u00fcm, un peque\u00f1o pueblo al borde del Schneifel, en el valle del Our, a unos 600 metros sobre el nivel del mar, rodeado de campos, prados y bosques: naturaleza en estado puro. El lugar ideal para la relajaci\u00f3n, el descanso, la recuperaci\u00f3n o unas vacaciones activas &#8211; en resumen: para una escapada. <\/p>\n<p>Los alrededores de Auw son ideales para practicar senderismo, ciclismo, esqu\u00ed y trineo en invierno y para realizar excursiones por los alrededores. Tambi\u00e9n son siempre populares las visitas a las pintorescas ciudades cercanas de Eifel con sus monumentos y castillos, los centros comerciales de Luxemburgo y los cascos antiguos de los pueblos de las Ardenas belgas. <\/p>\n<p>Esperamos su visita a Auw, en el coraz\u00f3n de Europa.<\/p>\n<p>[\/et_pb_text][\/et_pb_column][\/et_pb_row][et_pb_row column_structure=\u00bb1_4,1_4,1_4,1_4&#8243; use_custom_gutter=\u00bbon\u00bb gutter_width=\u00bb2&#8243; _builder_version=\u00bb4.27.0&#8243; global_colors_info=\u00bb{}\u00bb][et_pb_column type=\u00bb1_4&#8243; _builder_version=\u00bb4.16&#8243; custom_padding=\u00bb|||\u00bb global_colors_info=\u00bb{}\u00bb custom_padding__hover=\u00bb|||\u00bb][et_pb_image src=\u00bbhttps:\/\/die-pension-auw.de\/wp-content\/uploads\/2024\/09\/Scheune_Sicht4.jpg\u00bb title_text=\u00bbScheune_Sicht4&#8243; show_in_lightbox=\u00bbon\u00bb use_overlay=\u00bbon\u00bb overlay_icon_color=\u00bb#b2b9c4&#8243; align_tablet=\u00bbcenter\u00bb align_phone=\u00bbcenter\u00bb align_last_edited=\u00bbon|desktop\u00bb _builder_version=\u00bb4.27.0&#8243; global_colors_info=\u00bb{}\u00bb][\/et_pb_image][\/et_pb_column][et_pb_column type=\u00bb1_4&#8243; _builder_version=\u00bb4.16&#8243; custom_padding=\u00bb|||\u00bb global_colors_info=\u00bb{}\u00bb custom_padding__hover=\u00bb|||\u00bb][et_pb_image src=\u00bbhttps:\/\/die-pension-auw.de\/wp-content\/uploads\/2024\/09\/Pension_Zimmer3_Sicht2.jpg\u00bb title_text=\u00bbPension_Zimmer3_Sicht2&#8243; show_in_lightbox=\u00bbon\u00bb use_overlay=\u00bbon\u00bb overlay_icon_color=\u00bb#b2b9c4&#8243; align_tablet=\u00bbcenter\u00bb align_phone=\u00bbcenter\u00bb align_last_edited=\u00bbon|desktop\u00bb _builder_version=\u00bb4.27.0&#8243; locked=\u00bboff\u00bb global_colors_info=\u00bb{}\u00bb][\/et_pb_image][\/et_pb_column][et_pb_column type=\u00bb1_4&#8243; _builder_version=\u00bb4.16&#8243; custom_padding=\u00bb|||\u00bb global_colors_info=\u00bb{}\u00bb custom_padding__hover=\u00bb|||\u00bb][et_pb_image src=\u00bbhttps:\/\/die-pension-auw.de\/wp-content\/uploads\/2024\/09\/Pension_Zimmer2_Uebersicht.jpg\u00bb title_text=\u00bbPension_Zimmer2_Uebersicht\u00bb show_in_lightbox=\u00bbon\u00bb use_overlay=\u00bbon\u00bb overlay_icon_color=\u00bb#b2b9c4&#8243; align_tablet=\u00bbcenter\u00bb align_phone=\u00bbcenter\u00bb align_last_edited=\u00bbon|desktop\u00bb _builder_version=\u00bb4.27.0&#8243; locked=\u00bboff\u00bb global_colors_info=\u00bb{}\u00bb][\/et_pb_image][\/et_pb_column][et_pb_column type=\u00bb1_4&#8243; _builder_version=\u00bb4.16&#8243; custom_padding=\u00bb|||\u00bb global_colors_info=\u00bb{}\u00bb custom_padding__hover=\u00bb|||\u00bb][et_pb_image src=\u00bbhttps:\/\/die-pension-auw.de\/wp-content\/uploads\/2024\/09\/Pension_Kueche_Aufenthalt2.jpg\u00bb title_text=\u00bbPension_Kueche_Aufenthalt2&#8243; show_in_lightbox=\u00bbon\u00bb use_overlay=\u00bbon\u00bb overlay_icon_color=\u00bb#b2b9c4&#8243; align_tablet=\u00bbcenter\u00bb align_phone=\u00bbcenter\u00bb align_last_edited=\u00bbon|desktop\u00bb _builder_version=\u00bb4.27.0&#8243; locked=\u00bboff\u00bb global_colors_info=\u00bb{}\u00bb][\/et_pb_image][\/et_pb_column][\/et_pb_row][\/et_pb_section][et_pb_section fb_built=\u00bb1&#8243; disabled_on=\u00bbon|off|off\u00bb admin_label=\u00bbRooms\u00bb _builder_version=\u00bb4.27.0&#8243; custom_margin=\u00bb|||\u00bb custom_padding=\u00bb|||\u00bb global_colors_info=\u00bb{}\u00bb][et_pb_row column_structure=\u00bb1_2,1_6,1_6,1_6&#8243; _builder_version=\u00bb4.27.0&#8243; custom_margin=\u00bb40px|||\u00bb custom_padding=\u00bb60px|||\u00bb border_color_all=\u00bb#f5f5f5&#8243; border_width_top=\u00bb2px\u00bb global_colors_info=\u00bb{}\u00bb][et_pb_column type=\u00bb1_2&#8243; _builder_version=\u00bb4.16&#8243; custom_padding=\u00bb|||\u00bb global_colors_info=\u00bb{}\u00bb custom_padding__hover=\u00bb|||\u00bb][et_pb_text _builder_version=\u00bb4.27.4&#8243; header_font=\u00bb&#8211;et_global_heading_font|&#8211;et_global_heading_font_weight|||||||\u00bb header_2_font=\u00bb&#8211;et_global_heading_font|&#8211;et_global_heading_font_weight|||||||\u00bb header_2_line_height=\u00bb1.2em\u00bb max_width=\u00bb512px\u00bb max_width_last_edited=\u00bboff|desktop\u00bb global_colors_info=\u00bb{}\u00bb]<\/p>\n<h6>Nuestra oferta<\/h6>\n<h2>Nuestras habitaciones<\/h2>\n<p>DIE <strong>PENSION<\/strong> dispone de un total de 4 habitaciones dobles. Cada habitaci\u00f3n est\u00e1 amueblada individualmente, 3 habitaciones tienen -adem\u00e1s de los cuartos de ba\u00f1o- su propio lavabo en la habitaci\u00f3n. Una de nuestras habitaciones dispone de cuarto de ba\u00f1o en suite. A pesar de la estructura de la antigua casa, nos esforzamos por ofrecer a nuestros hu\u00e9spedes el mayor confort posible. Alquilamos un m\u00e1ximo de 3 habitaciones a la vez, ya que la zona de habitaciones s\u00f3lo dispone de 3 cuartos de ba\u00f1o. Sin embargo, la cuarta habitaci\u00f3n puede reservarse en combinaci\u00f3n con una de las otras, por ejemplo como habitaci\u00f3n familiar, de modo que una familia pueda compartir un cuarto de ba\u00f1o.     <\/p>\n<p>Nuestra casa de hu\u00e9spedes tambi\u00e9n dispone de un sal\u00f3n con una peque\u00f1a cocina. Nuestros hu\u00e9spedes pueden prepararse algo de comer aqu\u00ed y utilizar la nevera. Si el tiempo lo permite, tambi\u00e9n ofrecemos asientos al aire libre.  <\/p>\n<p>[\/et_pb_text][et_pb_button button_url=\u00bb@ET-DC@eyJkeW5hbWljIjp0cnVlLCJjb250ZW50IjoicG9zdF9saW5rX3VybF9wYWdlIiwic2V0dGluZ3MiOnsicG9zdF9pZCI6Ijc2In19@\u00bb button_text=\u00bbVer las habitaciones individuales\u00bb _builder_version=\u00bb4.27.4&#8243; _dynamic_attributes=\u00bbbutton_url\u00bb button_border_width=\u00bb10px\u00bb button_border_radius_hover=\u00bb0px\u00bb locked=\u00bboff\u00bb global_colors_info=\u00bb{}\u00bb button_text_size__hover_enabled=\u00bboff\u00bb button_one_text_size__hover_enabled=\u00bboff\u00bb button_two_text_size__hover_enabled=\u00bboff\u00bb button_text_color__hover_enabled=\u00bboff\u00bb button_one_text_color__hover_enabled=\u00bboff\u00bb button_two_text_color__hover_enabled=\u00bboff\u00bb button_border_width__hover_enabled=\u00bboff\u00bb button_one_border_width__hover_enabled=\u00bboff\u00bb button_two_border_width__hover_enabled=\u00bboff\u00bb button_border_color__hover_enabled=\u00bboff\u00bb button_one_border_color__hover_enabled=\u00bboff\u00bb button_two_border_color__hover_enabled=\u00bboff\u00bb button_one_border_radius__hover_enabled=\u00bboff\u00bb button_two_border_radius__hover_enabled=\u00bboff\u00bb button_letter_spacing__hover_enabled=\u00bboff\u00bb button_one_letter_spacing__hover_enabled=\u00bboff\u00bb button_two_letter_spacing__hover_enabled=\u00bboff\u00bb button_bg_color__hover_enabled=\u00bboff\u00bb button_one_bg_color__hover_enabled=\u00bboff\u00bb button_two_bg_color__hover_enabled=\u00bboff\u00bb][\/et_pb_button][\/et_pb_column][et_pb_column type=\u00bb1_6&#8243; _builder_version=\u00bb4.16&#8243; custom_padding=\u00bb|||\u00bb global_colors_info=\u00bb{}\u00bb custom_padding__hover=\u00bb|||\u00bb][et_pb_number_counter title=\u00bbHabitaci\u00f3nes dobles\u00bb number=\u00bb4&#8243; percent_sign=\u00bboff\u00bb _builder_version=\u00bb4.18.0&#8243; title_font=\u00bb||||||||\u00bb title_text_color=\u00bb#666666&#8243; title_font_size=\u00bb14px\u00bb number_font=\u00bbRaleway|700|||||||\u00bb number_text_color=\u00bb#b2b9c4&#8243; number_font_size=\u00bb48px\u00bb number_line_height=\u00bb100px\u00bb global_colors_info=\u00bb{}\u00bb][\/et_pb_number_counter][\/et_pb_column][et_pb_column type=\u00bb1_6&#8243; _builder_version=\u00bb4.16&#8243; custom_padding=\u00bb|||\u00bb global_colors_info=\u00bb{}\u00bb custom_padding__hover=\u00bb|||\u00bb][et_pb_number_counter title=\u00bbCuartos de ba\u00f1o\u00bb number=\u00bb3&#8243; percent_sign=\u00bboff\u00bb _builder_version=\u00bb4.18.0&#8243; title_font=\u00bb||||||||\u00bb title_text_color=\u00bb#666666&#8243; title_font_size=\u00bb14px\u00bb number_font=\u00bbRaleway|700|||||||\u00bb number_text_color=\u00bb#b2b9c4&#8243; number_font_size=\u00bb48px\u00bb number_line_height=\u00bb100px\u00bb locked=\u00bboff\u00bb global_colors_info=\u00bb{}\u00bb][\/et_pb_number_counter][\/et_pb_column][et_pb_column type=\u00bb1_6&#8243; _builder_version=\u00bb4.16&#8243; custom_padding=\u00bb|||\u00bb global_colors_info=\u00bb{}\u00bb custom_padding__hover=\u00bb|||\u00bb][et_pb_number_counter title=\u00bbHu\u00e9spedes\u00bb number=\u00bb8&#8243; percent_sign=\u00bboff\u00bb _builder_version=\u00bb4.18.0&#8243; title_font=\u00bb||||||||\u00bb title_text_color=\u00bb#666666&#8243; title_font_size=\u00bb14px\u00bb number_font=\u00bbRaleway|700|||||||\u00bb number_text_color=\u00bb#b2b9c4&#8243; number_font_size=\u00bb48px\u00bb number_line_height=\u00bb100px\u00bb global_colors_info=\u00bb{}\u00bb][\/et_pb_number_counter][\/et_pb_column][\/et_pb_row][et_pb_row column_structure=\u00bb1_2,1_2&#8243; use_custom_gutter=\u00bbon\u00bb make_equal=\u00bbon\u00bb padding_top_bottom_link_2=\u00bbtrue\u00bb _builder_version=\u00bb4.16&#8243; width=\u00bb100%\u00bb max_width=\u00bb100%\u00bb custom_margin=\u00bb60px||60px||true\u00bb custom_padding=\u00bb|||\u00bb use_custom_width=\u00bbon\u00bb width_unit=\u00bboff\u00bb custom_width_percent=\u00bb100%\u00bb global_colors_info=\u00bb{}\u00bb][et_pb_column type=\u00bb1_2&#8243; _builder_version=\u00bb4.16&#8243; custom_padding=\u00bb|||\u00bb global_colors_info=\u00bb{}\u00bb custom_padding__hover=\u00bb|||\u00bb][et_pb_image src=\u00bbhttps:\/\/die-pension-auw.de\/wp-content\/uploads\/2022\/09\/DSC_5951-scaled.jpg\u00bb title_text=\u00bbDSC_5951&#8243; force_fullwidth=\u00bbon\u00bb align_tablet=\u00bbcenter\u00bb align_phone=\u00bbcenter\u00bb align_last_edited=\u00bbon|desktop\u00bb _builder_version=\u00bb4.18.0&#8243; custom_margin=\u00bb|||\u00bb custom_margin_tablet=\u00bb||0px|\u00bb custom_margin_last_edited=\u00bboff|desktop\u00bb animation_style=\u00bbslide\u00bb animation_direction=\u00bbleft\u00bb animation_intensity_slide=\u00bb5%\u00bb global_colors_info=\u00bb{}\u00bb][\/et_pb_image][\/et_pb_column][et_pb_column type=\u00bb1_2&#8243; _builder_version=\u00bb4.16&#8243; custom_padding=\u00bb50px|10%|50px|\u00bb custom_padding_tablet=\u00bb0px|10%|0px|10%|true|true\u00bb custom_padding_phone=\u00bb0px|10%|0px|10%|true|true\u00bb custom_padding_last_edited=\u00bbon|tablet\u00bb global_colors_info=\u00bb{}\u00bb padding_tablet=\u00bb0px|10%|0px|10%|true|true\u00bb padding_last_edited=\u00bbon|tablet\u00bb custom_padding__hover=\u00bb|||\u00bb padding_phone=\u00bb0px|10%|0px|10%|true|true\u00bb][et_pb_text _builder_version=\u00bb4.27.4&#8243; text_font=\u00bb||||||||\u00bb ul_font=\u00bb||||||||\u00bb ul_line_height=\u00bb2em\u00bb header_font=\u00bb&#8211;et_global_heading_font||||||||\u00bb header_3_font=\u00bb&#8211;et_global_heading_font|&#8211;et_global_heading_font_weight|||||||\u00bb header_3_font_size=\u00bb40px\u00bb header_3_line_height=\u00bb1.4em\u00bb header_3_font_size_tablet=\u00bb35px\u00bb header_3_font_size_phone=\u00bb25px\u00bb header_3_font_size_last_edited=\u00bbon|phone\u00bb global_colors_info=\u00bb{}\u00bb]<\/p>\n<h3>El piso de vacaciones<\/h3>\n<p>Adem\u00e1s de las habitaciones de la planta superior, tambi\u00e9n alquilamos un apartamento de vacaciones. \u00c9ste tiene unos 50 metros cuadrados de espacio habitable y no tiene barreras. Incluye una cocina-sal\u00f3n con asientos, un cuarto de ba\u00f1o grande y un dormitorio amplio. Est\u00e1 equipado con todo lo necesario para sus vacaciones. Tambi\u00e9n hay un aparcamiento justo enfrente del piso de vacaciones. El piso puede ser ocupado por un m\u00e1ximo de 3 personas.     <\/p>\n<p>[\/et_pb_text][et_pb_button button_url=\u00bb@ET-DC@eyJkeW5hbWljIjp0cnVlLCJjb250ZW50IjoicG9zdF9saW5rX3VybF9wYWdlIiwic2V0dGluZ3MiOnsicG9zdF9pZCI6Ijc4In19@\u00bb button_text=\u00bbVer el piso de vacaciones\u00bb _builder_version=\u00bb4.27.4&#8243; _dynamic_attributes=\u00bbbutton_url\u00bb button_border_radius_hover=\u00bb0px\u00bb locked=\u00bboff\u00bb global_colors_info=\u00bb{}\u00bb button_text_size__hover_enabled=\u00bboff\u00bb button_one_text_size__hover_enabled=\u00bboff\u00bb button_two_text_size__hover_enabled=\u00bboff\u00bb button_text_color__hover_enabled=\u00bboff\u00bb button_one_text_color__hover_enabled=\u00bboff\u00bb button_two_text_color__hover_enabled=\u00bboff\u00bb button_border_width__hover_enabled=\u00bboff\u00bb button_one_border_width__hover_enabled=\u00bboff\u00bb button_two_border_width__hover_enabled=\u00bboff\u00bb button_border_color__hover_enabled=\u00bboff\u00bb button_one_border_color__hover_enabled=\u00bboff\u00bb button_two_border_color__hover_enabled=\u00bboff\u00bb button_one_border_radius__hover_enabled=\u00bboff\u00bb button_two_border_radius__hover_enabled=\u00bboff\u00bb button_letter_spacing__hover_enabled=\u00bboff\u00bb button_one_letter_spacing__hover_enabled=\u00bboff\u00bb button_two_letter_spacing__hover_enabled=\u00bboff\u00bb button_bg_color__hover_enabled=\u00bboff\u00bb button_one_bg_color__hover_enabled=\u00bboff\u00bb button_two_bg_color__hover_enabled=\u00bboff\u00bb][\/et_pb_button][\/et_pb_column][\/et_pb_row][\/et_pb_section][et_pb_section fb_built=\u00bb1&#8243; disabled_on=\u00bboff|on|on\u00bb admin_label=\u00bbRooms\u00bb _builder_version=\u00bb4.27.0&#8243; custom_margin=\u00bb0px||||false|false\u00bb custom_padding=\u00bb|||\u00bb global_colors_info=\u00bb{}\u00bb][et_pb_row column_structure=\u00bb1_2,1_6,1_6,1_6&#8243; _builder_version=\u00bb4.27.0&#8243; custom_margin=\u00bb0px||||false|false\u00bb custom_padding=\u00bb20px||||false|false\u00bb border_color_all=\u00bb#f5f5f5&#8243; border_width_top=\u00bb2px\u00bb global_colors_info=\u00bb{}\u00bb][et_pb_column type=\u00bb1_2&#8243; _builder_version=\u00bb4.16&#8243; custom_padding=\u00bb|||\u00bb global_colors_info=\u00bb{}\u00bb custom_padding__hover=\u00bb|||\u00bb][et_pb_text _builder_version=\u00bb4.27.4&#8243; text_font=\u00bb||||||||\u00bb header_font=\u00bb&#8211;et_global_heading_font|&#8211;et_global_heading_font_weight|||||||\u00bb header_2_font=\u00bb&#8211;et_global_heading_font|&#8211;et_global_heading_font_weight|||||||\u00bb header_2_line_height=\u00bb1.2em\u00bb max_width=\u00bb512px\u00bb max_width_last_edited=\u00bboff|desktop\u00bb global_colors_info=\u00bb{}\u00bb]<\/p>\n<h6>Nuestra oferta<\/h6>\n<h2>Nuestras habitaciones<\/h2>\n<p>DIE <strong>PENSION<\/strong> dispone de un total de 4 habitaciones dobles. Cada habitaci\u00f3n est\u00e1 amueblada individualmente y dispone de su propio lavabo en la habitaci\u00f3n. Como intentamos ofrecer a nuestros hu\u00e9spedes el mayor confort posible a pesar de la estructura de la antigua casa, alquilamos un m\u00e1ximo de 3 habitaciones al mismo tiempo, ya que la zona de habitaciones s\u00f3lo dispone de 3 cuartos de ba\u00f1o. Sin embargo, la cuarta habitaci\u00f3n puede reservarse en combinaci\u00f3n con una de las otras como habitaci\u00f3n familiar, por ejemplo, de modo que una familia pueda compartir un cuarto de ba\u00f1o.    <\/p>\n<p>Nuestra casa de hu\u00e9spedes tambi\u00e9n dispone de un sal\u00f3n con una peque\u00f1a cocina para que nuestros hu\u00e9spedes puedan prepararse algo de comer y utilizar la nevera. Durante los meses de verano tambi\u00e9n ofrecemos asientos al aire libre. <\/p>\n<p>[\/et_pb_text][et_pb_button button_url=\u00bb@ET-DC@eyJkeW5hbWljIjp0cnVlLCJjb250ZW50IjoicG9zdF9saW5rX3VybF9wYWdlIiwic2V0dGluZ3MiOnsicG9zdF9pZCI6Ijc2In19@\u00bb button_text=\u00bbVer las habitaciones individuales\u00bb _builder_version=\u00bb4.27.4&#8243; _dynamic_attributes=\u00bbbutton_url\u00bb button_border_width=\u00bb10px\u00bb button_border_radius_hover=\u00bb0px\u00bb locked=\u00bboff\u00bb global_colors_info=\u00bb{}\u00bb button_text_size__hover_enabled=\u00bboff\u00bb button_one_text_size__hover_enabled=\u00bboff\u00bb button_two_text_size__hover_enabled=\u00bboff\u00bb button_text_color__hover_enabled=\u00bboff\u00bb button_one_text_color__hover_enabled=\u00bboff\u00bb button_two_text_color__hover_enabled=\u00bboff\u00bb button_border_width__hover_enabled=\u00bboff\u00bb button_one_border_width__hover_enabled=\u00bboff\u00bb button_two_border_width__hover_enabled=\u00bboff\u00bb button_border_color__hover_enabled=\u00bboff\u00bb button_one_border_color__hover_enabled=\u00bboff\u00bb button_two_border_color__hover_enabled=\u00bboff\u00bb button_one_border_radius__hover_enabled=\u00bboff\u00bb button_two_border_radius__hover_enabled=\u00bboff\u00bb button_letter_spacing__hover_enabled=\u00bboff\u00bb button_one_letter_spacing__hover_enabled=\u00bboff\u00bb button_two_letter_spacing__hover_enabled=\u00bboff\u00bb button_bg_color__hover_enabled=\u00bboff\u00bb button_one_bg_color__hover_enabled=\u00bboff\u00bb button_two_bg_color__hover_enabled=\u00bboff\u00bb][\/et_pb_button][\/et_pb_column][et_pb_column type=\u00bb1_6&#8243; _builder_version=\u00bb4.16&#8243; custom_padding=\u00bb|||\u00bb global_colors_info=\u00bb{}\u00bb custom_padding__hover=\u00bb|||\u00bb][et_pb_number_counter title=\u00bbHabitaci\u00f3nes dobles\u00bb number=\u00bb4&#8243; percent_sign=\u00bboff\u00bb _builder_version=\u00bb4.18.0&#8243; title_font=\u00bb||||||||\u00bb title_text_color=\u00bb#666666&#8243; title_font_size=\u00bb14px\u00bb number_font=\u00bbRaleway|700|||||||\u00bb number_text_color=\u00bb#b2b9c4&#8243; number_font_size=\u00bb48px\u00bb number_line_height=\u00bb100px\u00bb global_colors_info=\u00bb{}\u00bb][\/et_pb_number_counter][\/et_pb_column][et_pb_column type=\u00bb1_6&#8243; _builder_version=\u00bb4.16&#8243; custom_padding=\u00bb|||\u00bb global_colors_info=\u00bb{}\u00bb custom_padding__hover=\u00bb|||\u00bb][et_pb_number_counter title=\u00bbCuartos de ba\u00f1o\u00bb number=\u00bb3&#8243; percent_sign=\u00bboff\u00bb _builder_version=\u00bb4.18.0&#8243; title_font=\u00bb||||||||\u00bb title_text_color=\u00bb#666666&#8243; title_font_size=\u00bb14px\u00bb number_font=\u00bbRaleway|700|||||||\u00bb number_text_color=\u00bb#b2b9c4&#8243; number_font_size=\u00bb48px\u00bb number_line_height=\u00bb100px\u00bb locked=\u00bboff\u00bb global_colors_info=\u00bb{}\u00bb][\/et_pb_number_counter][\/et_pb_column][et_pb_column type=\u00bb1_6&#8243; _builder_version=\u00bb4.16&#8243; custom_padding=\u00bb|||\u00bb global_colors_info=\u00bb{}\u00bb custom_padding__hover=\u00bb|||\u00bb][et_pb_number_counter title=\u00bbHu\u00e9spedes\u00bb number=\u00bb8&#8243; percent_sign=\u00bboff\u00bb _builder_version=\u00bb4.18.0&#8243; title_font=\u00bb||||||||\u00bb title_text_color=\u00bb#666666&#8243; title_font_size=\u00bb14px\u00bb number_font=\u00bbRaleway|700|||||||\u00bb number_text_color=\u00bb#b2b9c4&#8243; number_font_size=\u00bb48px\u00bb number_line_height=\u00bb100px\u00bb global_colors_info=\u00bb{}\u00bb][\/et_pb_number_counter][\/et_pb_column][\/et_pb_row][et_pb_row column_structure=\u00bb1_2,1_2&#8243; use_custom_gutter=\u00bbon\u00bb make_equal=\u00bbon\u00bb padding_top_bottom_link_2=\u00bbtrue\u00bb _builder_version=\u00bb4.16&#8243; width=\u00bb100%\u00bb max_width=\u00bb100%\u00bb custom_margin=\u00bb60px||60px||true\u00bb custom_padding=\u00bb|||\u00bb use_custom_width=\u00bbon\u00bb width_unit=\u00bboff\u00bb custom_width_percent=\u00bb100%\u00bb global_colors_info=\u00bb{}\u00bb][et_pb_column type=\u00bb1_2&#8243; _builder_version=\u00bb4.16&#8243; custom_padding=\u00bb|||\u00bb global_colors_info=\u00bb{}\u00bb custom_padding__hover=\u00bb|||\u00bb][et_pb_image src=\u00bbhttps:\/\/die-pension-auw.de\/wp-content\/uploads\/2022\/09\/DSC_5951-scaled.jpg\u00bb title_text=\u00bbDSC_5951&#8243; force_fullwidth=\u00bbon\u00bb align_tablet=\u00bbcenter\u00bb align_phone=\u00bbcenter\u00bb align_last_edited=\u00bbon|desktop\u00bb _builder_version=\u00bb4.18.0&#8243; custom_margin=\u00bb|||\u00bb custom_margin_tablet=\u00bb||0px|\u00bb custom_margin_last_edited=\u00bboff|desktop\u00bb animation_style=\u00bbslide\u00bb animation_direction=\u00bbleft\u00bb animation_intensity_slide=\u00bb5%\u00bb global_colors_info=\u00bb{}\u00bb][\/et_pb_image][\/et_pb_column][et_pb_column type=\u00bb1_2&#8243; _builder_version=\u00bb4.16&#8243; custom_padding=\u00bb50px|10%|50px|\u00bb custom_padding_tablet=\u00bb0px|10%|0px|10%|true|true\u00bb custom_padding_phone=\u00bb0px|10%|0px|10%|true|true\u00bb custom_padding_last_edited=\u00bbon|tablet\u00bb global_colors_info=\u00bb{}\u00bb padding_tablet=\u00bb0px|10%|0px|10%|true|true\u00bb padding_last_edited=\u00bbon|tablet\u00bb custom_padding__hover=\u00bb|||\u00bb padding_phone=\u00bb0px|10%|0px|10%|true|true\u00bb][et_pb_text _builder_version=\u00bb4.27.4&#8243; text_font=\u00bb||||||||\u00bb ul_font=\u00bb||||||||\u00bb ul_line_height=\u00bb2em\u00bb header_font=\u00bb&#8211;et_global_heading_font|&#8211;et_global_heading_font_weight|||||||\u00bb header_3_font=\u00bb&#8211;et_global_heading_font|&#8211;et_global_heading_font_weight|||||||\u00bb header_3_font_size=\u00bb40px\u00bb header_3_line_height=\u00bb1.4em\u00bb header_3_font_size_tablet=\u00bb35px\u00bb header_3_font_size_phone=\u00bb25px\u00bb header_3_font_size_last_edited=\u00bbon|phone\u00bb global_colors_info=\u00bb{}\u00bb]<\/p>\n<h3>El piso de vacaciones<\/h3>\n<p>Adem\u00e1s de las habitaciones de la planta superior, tambi\u00e9n alquilamos un apartamento de vacaciones. \u00c9ste tiene unos 50 metros cuadrados de espacio habitable y no tiene barreras. Incluye una cocina-sal\u00f3n con asientos, un cuarto de ba\u00f1o grande y un dormitorio amplio. Est\u00e1 equipado con todo lo necesario para sus vacaciones. Tambi\u00e9n hay un aparcamiento justo enfrente del piso de vacaciones. El piso puede ser ocupado por un m\u00e1ximo de 3 personas.     <\/p>\n<p>[\/et_pb_text][et_pb_button button_url=\u00bb@ET-DC@eyJkeW5hbWljIjp0cnVlLCJjb250ZW50IjoicG9zdF9saW5rX3VybF9wYWdlIiwic2V0dGluZ3MiOnsicG9zdF9pZCI6Ijc4In19@\u00bb button_text=\u00bbVer el piso de vacaciones\u00bb _builder_version=\u00bb4.27.4&#8243; _dynamic_attributes=\u00bbbutton_url\u00bb _module_preset=\u00bbdefault\u00bb button_border_radius_hover=\u00bb0px\u00bb locked=\u00bboff\u00bb global_colors_info=\u00bb{}\u00bb button_one_text_size__hover_enabled=\u00bboff\u00bb button_two_text_size__hover_enabled=\u00bboff\u00bb button_one_text_color__hover_enabled=\u00bboff\u00bb button_two_text_color__hover_enabled=\u00bboff\u00bb button_one_border_width__hover_enabled=\u00bboff\u00bb button_two_border_width__hover_enabled=\u00bboff\u00bb button_one_border_color__hover_enabled=\u00bboff\u00bb button_two_border_color__hover_enabled=\u00bboff\u00bb button_one_border_radius__hover_enabled=\u00bboff\u00bb button_two_border_radius__hover_enabled=\u00bboff\u00bb button_one_letter_spacing__hover_enabled=\u00bboff\u00bb button_two_letter_spacing__hover_enabled=\u00bboff\u00bb button_one_bg_color__hover_enabled=\u00bboff\u00bb button_two_bg_color__hover_enabled=\u00bboff\u00bb][\/et_pb_button][\/et_pb_column][\/et_pb_row][\/et_pb_section][et_pb_section fb_built=\u00bb1&#8243; admin_label=\u00bbTestimonial\u00bb _builder_version=\u00bb4.16&#8243; use_background_color_gradient=\u00bbon\u00bb background_color_gradient_stops=\u00bbrgba(106,125,140,0.5) 0%|#6a7d8c 100%\u00bb background_color_gradient_overlays_image=\u00bbon\u00bb background_color_gradient_start=\u00bbrgba(106,125,140,0.5)\u00bb background_color_gradient_end=\u00bb#6a7d8c\u00bb background_image=\u00bbhttps:\/\/die-pension-auw.de\/wp-content\/uploads\/2022\/09\/bed-and-breakfast-17.jpg\u00bb custom_padding=\u00bb8vw|0px|280px|0px|false|false\u00bb global_colors_info=\u00bb{}\u00bb][et_pb_row _builder_version=\u00bb4.16&#8243; global_colors_info=\u00bb{}\u00bb][et_pb_column type=\u00bb4_4&#8243; _builder_version=\u00bb4.16&#8243; custom_padding=\u00bb|||\u00bb global_colors_info=\u00bb{}\u00bb custom_padding__hover=\u00bb|||\u00bb][et_pb_slider _builder_version=\u00bb4.27.4&#8243; _module_preset=\u00bbdefault\u00bb header_font=\u00bb&#8211;et_global_heading_font|&#8211;et_global_heading_font_weight|||||||\u00bb body_font=\u00bb&#8211;et_global_body_font|&#8211;et_global_body_font_weight|||||||\u00bb background_color=\u00bbRGBA(255,255,255,0)\u00bb global_colors_info=\u00bb{}\u00bb][et_pb_slide heading=\u00bbComo parte de nuestra gira europea, nos sentimos muy c\u00f3modos en la casa de hu\u00e9spedes, el punto de partida perfecto para excursiones en los alrededores.\u00bb _builder_version=\u00bb4.27.4&#8243; _module_preset=\u00bbdefault\u00bb header_level=\u00bbh2&#8243; header_font=\u00bb|600|on||||||\u00bb header_text_align=\u00bbleft\u00bb header_font_size=\u00bb22px\u00bb header_line_height=\u00bb2em\u00bb body_text_align=\u00bbleft\u00bb text_orientation=\u00bbleft\u00bb global_colors_info=\u00bb{}\u00bb sticky_transition=\u00bbon\u00bb]<\/p>\n<p><strong>Hu\u00e9spedes de Australia<\/strong><br \/>Septiembre 2024<\/p>\n<p>[\/et_pb_slide][et_pb_slide heading=\u00bb\u00a1Gran casa de hu\u00e9spedes con mucha atenci\u00f3n al detalle! Muy recomendable. \u00bb _builder_version=\u00bb4.27.4&#8243; _module_preset=\u00bbdefault\u00bb header_level=\u00bbh2&#8243; header_font=\u00bb|600|on||||||\u00bb header_text_align=\u00bbleft\u00bb header_font_size=\u00bb22px\u00bb header_line_height=\u00bb2em\u00bb body_text_align=\u00bbleft\u00bb text_orientation=\u00bbleft\u00bb global_colors_info=\u00bb{}\u00bb sticky_transition=\u00bbon\u00bb]<\/p>\n<p><strong>Hu\u00e9spedes de Colonia<\/strong><br \/>Enero 2025<\/p>\n<p>[\/et_pb_slide][\/et_pb_slider][\/et_pb_column][\/et_pb_row][\/et_pb_section][et_pb_section fb_built=\u00bb1&#8243; disabled_on=\u00bbon|off|off\u00bb admin_label=\u00bbAmenities\u00bb _builder_version=\u00bb4.27.0&#8243; background_color=\u00bb#ffffff\u00bb max_width=\u00bb90%\u00bb max_width_tablet=\u00bb\u00bb max_width_phone=\u00bb100%\u00bb max_width_last_edited=\u00bbon|phone\u00bb custom_margin=\u00bb-160px|||\u00bb border_color_all=\u00bb#ffffff\u00bb border_width_left=\u00bb10vw\u00bb global_colors_info=\u00bb{}\u00bb][et_pb_row _builder_version=\u00bb4.16&#8243; locked=\u00bboff\u00bb global_colors_info=\u00bb{}\u00bb][et_pb_column type=\u00bb4_4&#8243; _builder_version=\u00bb4.16&#8243; custom_padding=\u00bb|||\u00bb global_colors_info=\u00bb{}\u00bb custom_padding__hover=\u00bb|||\u00bb][et_pb_text _builder_version=\u00bb4.27.4&#8243; text_font=\u00bb||||||||\u00bb header_font=\u00bb&#8211;et_global_heading_font|&#8211;et_global_heading_font_weight|||||||\u00bb header_2_font=\u00bb&#8211;et_global_heading_font|&#8211;et_global_heading_font_weight|||||||\u00bb header_2_line_height=\u00bb1.2em\u00bb max_width=\u00bb512px\u00bb max_width_last_edited=\u00bboff|desktop\u00bb global_colors_info=\u00bb{}\u00bb]<\/p>\n<h6>Informaci\u00f3n<\/h6>\n<h2>Equipamiento y confort<\/h2>\n<p>[\/et_pb_text][\/et_pb_column][\/et_pb_row][et_pb_row column_structure=\u00bb1_3,1_3,1_3&#8243; _builder_version=\u00bb4.16&#8243; global_colors_info=\u00bb{}\u00bb][et_pb_column type=\u00bb1_3&#8243; _builder_version=\u00bb4.16&#8243; custom_padding=\u00bb|||\u00bb global_colors_info=\u00bb{}\u00bb custom_padding__hover=\u00bb|||\u00bb][et_pb_blurb title=\u00bbWifi incluido\u00bb _builder_version=\u00bb4.27.4&#8243; _module_preset=\u00bbdefault\u00bb global_colors_info=\u00bb{}\u00bb]<\/p>\n<p>Nuestros hu\u00e9spedes disponen de WiFi gratuito en todo el establecimiento.<\/p>\n<p>[\/et_pb_blurb][\/et_pb_column][et_pb_column type=\u00bb1_3&#8243; _builder_version=\u00bb4.16&#8243; custom_padding=\u00bb|||\u00bb global_colors_info=\u00bb{}\u00bb custom_padding__hover=\u00bb|||\u00bb][et_pb_blurb title=\u00bbAparcamiento gratuito\u00bb _builder_version=\u00bb4.27.4&#8243; body_font=\u00bb||||||||\u00bb global_colors_info=\u00bb{}\u00bb]<\/p>\n<p>Nuestros hu\u00e9spedes pueden aparcar gratuitamente en la propiedad, justo delante de las entradas.<\/p>\n<p>[\/et_pb_blurb][\/et_pb_column][et_pb_column type=\u00bb1_3&#8243; _builder_version=\u00bb4.16&#8243; custom_padding=\u00bb|||\u00bb global_colors_info=\u00bb{}\u00bb custom_padding__hover=\u00bb|||\u00bb][et_pb_blurb title=\u00bbHabitaci\u00f3n en la pensi\u00f3n\u00bb _builder_version=\u00bb4.27.4&#8243; body_font=\u00bb||||||||\u00bb locked=\u00bboff\u00bb global_colors_info=\u00bb{}\u00bb]<\/p>\n<p>Todas las camas tienen colchones nuevos y todas las habitaciones de la pensi\u00f3n disponen de lavabo.<\/p>\n<p>[\/et_pb_blurb][\/et_pb_column][\/et_pb_row][et_pb_row column_structure=\u00bb1_3,1_3,1_3&#8243; _builder_version=\u00bb4.16&#8243; global_colors_info=\u00bb{}\u00bb][et_pb_column type=\u00bb1_3&#8243; _builder_version=\u00bb4.16&#8243; custom_padding=\u00bb|||\u00bb global_colors_info=\u00bb{}\u00bb custom_padding__hover=\u00bb|||\u00bb][et_pb_blurb title=\u00bbSala com\u00fan \u00bb _builder_version=\u00bb4.27.4&#8243; body_font=\u00bb||||||||\u00bb global_colors_info=\u00bb{}\u00bb]<\/p>\n<p>Nuestro sal\u00f3n en la casa de hu\u00e9spedes tiene una cocina con fregadero, lavavajillas, microondas, 1 placa y horno\/parrilla.<\/p>\n<p>[\/et_pb_blurb][\/et_pb_column][et_pb_column type=\u00bb1_3&#8243; _builder_version=\u00bb4.16&#8243; custom_padding=\u00bb|||\u00bb global_colors_info=\u00bb{}\u00bb custom_padding__hover=\u00bb|||\u00bb][et_pb_blurb title=\u00bbAlbornoces\u00bb _builder_version=\u00bb4.27.4&#8243; body_font=\u00bb||||||||\u00bb global_colors_info=\u00bb{}\u00bb]<\/p>\n<p>Todas las habitaciones disponen de albornoces gratuitos.<\/p>\n<p>[\/et_pb_blurb][\/et_pb_column][et_pb_column type=\u00bb1_3&#8243; _builder_version=\u00bb4.16&#8243; custom_padding=\u00bb|||\u00bb global_colors_info=\u00bb{}\u00bb custom_padding__hover=\u00bb|||\u00bb][et_pb_blurb title=\u00bbRopa de cama y toallas\u00bb _builder_version=\u00bb4.27.4&#8243; body_font=\u00bb||||||||\u00bb global_colors_info=\u00bb{}\u00bb]<\/p>\n<p>Si lo desea, puede cambiar las toallas y la ropa de cama para estancias de m\u00e1s de 7 d\u00edas.<\/p>\n<p>[\/et_pb_blurb][\/et_pb_column][\/et_pb_row][et_pb_row column_structure=\u00bb1_3,1_3,1_3&#8243; _builder_version=\u00bb4.16&#8243; global_colors_info=\u00bb{}\u00bb][et_pb_column type=\u00bb1_3&#8243; _builder_version=\u00bb4.16&#8243; custom_padding=\u00bb|||\u00bb global_colors_info=\u00bb{}\u00bb custom_padding__hover=\u00bb|||\u00bb][et_pb_blurb title=\u00bbSecador de pelo\u00bb _builder_version=\u00bb4.27.4&#8243; body_font=\u00bb||||||||\u00bb locked=\u00bboff\u00bb global_colors_info=\u00bb{}\u00bb]<\/p>\n<p>Encontrar\u00e1 un secador de pelo en todas las habitaciones y en todos los cuartos de ba\u00f1o.<\/p>\n<p>[\/et_pb_blurb][\/et_pb_column][et_pb_column type=\u00bb1_3&#8243; _builder_version=\u00bb4.16&#8243; custom_padding=\u00bb|||\u00bb global_colors_info=\u00bb{}\u00bb custom_padding__hover=\u00bb|||\u00bb][et_pb_blurb title=\u00bbCaf\u00e9 y t\u00e9\u00bb _builder_version=\u00bb4.27.4&#8243; body_font=\u00bb||||||||\u00bb global_colors_info=\u00bb{}\u00bb]<\/p>\n<p>En la sala de estar hay instalaciones adecuadas para la preparaci\u00f3n.<\/p>\n<p>[\/et_pb_blurb][\/et_pb_column][et_pb_column type=\u00bb1_3&#8243; _builder_version=\u00bb4.16&#8243; custom_padding=\u00bb|||\u00bb global_colors_info=\u00bb{}\u00bb custom_padding__hover=\u00bb|||\u00bb][et_pb_blurb title=\u00bbEl entorno\u00bb _builder_version=\u00bb4.27.4&#8243; body_font=\u00bb||||||||\u00bb global_colors_info=\u00bb{}\u00bb][\/et_pb_blurb][et_pb_button button_url=\u00bb@ET-DC@eyJkeW5hbWljIjp0cnVlLCJjb250ZW50IjoicG9zdF9saW5rX3VybF9wYWdlIiwic2V0dGluZ3MiOnsicG9zdF9pZCI6IjkxIn19@\u00bb button_text=\u00bbm\u00e1s informaci\u00f3n\u00bb _builder_version=\u00bb4.27.4&#8243; _dynamic_attributes=\u00bbbutton_url\u00bb _module_preset=\u00bb_initial\u00bb custom_button=\u00bbon\u00bb button_text_size=\u00bb16px\u00bb button_text_color=\u00bb#ffffff\u00bb button_bg_color=\u00bb#b2b9c4&#8243; button_border_width=\u00bb8px\u00bb button_border_color=\u00bbrgba(0,0,0,0)\u00bb button_border_radius=\u00bb0px\u00bb button_font=\u00bb&#8211;et_global_heading_font|&#8211;et_global_heading_font_weight|||||||\u00bb button_border_radius_hover=\u00bb0px\u00bb locked=\u00bboff\u00bb global_colors_info=\u00bb{}\u00bb button_text_size__hover_enabled=\u00bboff\u00bb button_one_text_size__hover_enabled=\u00bboff\u00bb button_two_text_size__hover_enabled=\u00bboff\u00bb button_text_color__hover_enabled=\u00bboff\u00bb button_one_text_color__hover_enabled=\u00bboff\u00bb button_two_text_color__hover_enabled=\u00bboff\u00bb button_border_width__hover_enabled=\u00bboff\u00bb button_one_border_width__hover_enabled=\u00bboff\u00bb button_two_border_width__hover_enabled=\u00bboff\u00bb button_border_color__hover_enabled=\u00bboff\u00bb button_one_border_color__hover_enabled=\u00bboff\u00bb button_two_border_color__hover_enabled=\u00bboff\u00bb button_border_radius__hover_enabled=\u00bbon\u00bb button_border_radius__hover=\u00bb0px\u00bb button_one_border_radius__hover_enabled=\u00bboff\u00bb button_two_border_radius__hover_enabled=\u00bboff\u00bb button_letter_spacing__hover_enabled=\u00bboff\u00bb button_one_letter_spacing__hover_enabled=\u00bboff\u00bb button_two_letter_spacing__hover_enabled=\u00bboff\u00bb button_bg_color__hover_enabled=\u00bboff\u00bb button_one_bg_color__hover_enabled=\u00bboff\u00bb button_two_bg_color__hover_enabled=\u00bboff\u00bb][\/et_pb_button][\/et_pb_column][\/et_pb_row][et_pb_row column_structure=\u00bb1_2,1_2&#8243; _builder_version=\u00bb4.16&#8243; custom_margin=\u00bb40px|||\u00bb custom_padding=\u00bb60px|||\u00bb border_color_all=\u00bb#f5f5f5&#8243; border_width_top=\u00bb2px\u00bb locked=\u00bboff\u00bb global_colors_info=\u00bb{}\u00bb][et_pb_column type=\u00bb1_2&#8243; _builder_version=\u00bb4.16&#8243; custom_padding=\u00bb|||\u00bb global_colors_info=\u00bb{}\u00bb custom_padding__hover=\u00bb|||\u00bb][et_pb_blurb title=\u00bbEntrada y salida\u00bb _builder_version=\u00bb4.27.4&#8243; body_font=\u00bb||||||||\u00bb custom_margin=\u00bb||10px|\u00bb global_colors_info=\u00bb{}\u00bb]<\/p>\n<p>La entrada es posible a partir de las 15.00 horas del d\u00eda de llegada y la salida antes de las 11.00 horas del d\u00eda de salida.<\/p>\n<p>[\/et_pb_blurb][et_pb_button button_url=\u00bb@ET-DC@eyJkeW5hbWljIjp0cnVlLCJjb250ZW50IjoicG9zdF9saW5rX3VybF9wYWdlIiwic2V0dGluZ3MiOnsicG9zdF9pZCI6IjkyIn19@\u00bb button_text=\u00bbSi lo desea, puede consultar otros horarios.\u00bb _builder_version=\u00bb4.27.4&#8243; _dynamic_attributes=\u00bbbutton_url\u00bb button_text_size=\u00bb16px\u00bb button_text_color=\u00bb#b2b9c4&#8243; button_bg_color=\u00bbrgba(178,185,196,0)\u00bb custom_padding=\u00bb|||0px\u00bb button_border_radius_hover=\u00bb0px\u00bb locked=\u00bboff\u00bb global_colors_info=\u00bb{}\u00bb button_text_size__hover_enabled=\u00bboff\u00bb button_one_text_size__hover_enabled=\u00bboff\u00bb button_two_text_size__hover_enabled=\u00bboff\u00bb button_text_color__hover_enabled=\u00bboff\u00bb button_one_text_color__hover_enabled=\u00bboff\u00bb button_two_text_color__hover_enabled=\u00bboff\u00bb button_border_width__hover_enabled=\u00bboff\u00bb button_one_border_width__hover_enabled=\u00bboff\u00bb button_two_border_width__hover_enabled=\u00bboff\u00bb button_border_color__hover_enabled=\u00bboff\u00bb button_one_border_color__hover_enabled=\u00bboff\u00bb button_two_border_color__hover_enabled=\u00bboff\u00bb button_one_border_radius__hover_enabled=\u00bboff\u00bb button_two_border_radius__hover_enabled=\u00bboff\u00bb button_letter_spacing__hover_enabled=\u00bboff\u00bb button_one_letter_spacing__hover_enabled=\u00bboff\u00bb button_two_letter_spacing__hover_enabled=\u00bboff\u00bb button_bg_color__hover_enabled=\u00bboff\u00bb button_one_bg_color__hover_enabled=\u00bboff\u00bb button_two_bg_color__hover_enabled=\u00bboff\u00bb][\/et_pb_button][\/et_pb_column][et_pb_column type=\u00bb1_2&#8243; _builder_version=\u00bb4.16&#8243; custom_padding=\u00bb|||\u00bb global_colors_info=\u00bb{}\u00bb custom_padding__hover=\u00bb|||\u00bb][et_pb_blurb title=\u00bbAnulaci\u00f3n\u00bb _builder_version=\u00bb4.27.4&#8243; body_font=\u00bb||||||||\u00bb custom_margin=\u00bb||10px|\u00bb global_colors_info=\u00bb{}\u00bb]<\/p>\n<p>Las siguientes tasas de cancelaci\u00f3n\/terminaci\u00f3n se aplican a Die Pension Auw:<\/p>\n<ul>\n<li>Sin gastos de cancelaci\u00f3n hasta 1 mes antes de la llegada<\/li>\n<li>hasta 1 semana antes de la llegada 50% de la tarifa<\/li>\n<li>en el plazo de 1 semana antes de la llegada 75% de la cuota<\/li>\n<li>despu\u00e9s de la llegada 100% del plazo<\/li>\n<\/ul>\n<p>Una reserva s\u00f3lo es v\u00e1lida si disponemos de la direcci\u00f3n completa y el n\u00famero de tel\u00e9fono del hu\u00e9sped.<\/p>\n<p>[\/et_pb_blurb][et_pb_button button_url=\u00bb@ET-DC@eyJkeW5hbWljIjp0cnVlLCJjb250ZW50IjoicG9zdF9saW5rX3VybF9wYWdlIiwic2V0dGluZ3MiOnsicG9zdF9pZCI6IjEyNiJ9fQ==@\u00bb url_new_window=\u00bbon\u00bb button_text=\u00bbPuede consultar nuestras condiciones completas aqu\u00ed.\u00bb _builder_version=\u00bb4.27.4&#8243; _dynamic_attributes=\u00bbbutton_url\u00bb button_text_size=\u00bb16px\u00bb button_text_color=\u00bb#b2b9c4&#8243; button_bg_color=\u00bbrgba(178,185,196,0)\u00bb custom_padding=\u00bb|||0px\u00bb button_border_radius_hover=\u00bb0px\u00bb locked=\u00bboff\u00bb global_colors_info=\u00bb{}\u00bb button_text_size__hover_enabled=\u00bboff\u00bb button_one_text_size__hover_enabled=\u00bboff\u00bb button_two_text_size__hover_enabled=\u00bboff\u00bb button_text_color__hover_enabled=\u00bboff\u00bb button_one_text_color__hover_enabled=\u00bboff\u00bb button_two_text_color__hover_enabled=\u00bboff\u00bb button_border_width__hover_enabled=\u00bboff\u00bb button_one_border_width__hover_enabled=\u00bboff\u00bb button_two_border_width__hover_enabled=\u00bboff\u00bb button_border_color__hover_enabled=\u00bboff\u00bb button_one_border_color__hover_enabled=\u00bboff\u00bb button_two_border_color__hover_enabled=\u00bboff\u00bb button_one_border_radius__hover_enabled=\u00bboff\u00bb button_two_border_radius__hover_enabled=\u00bboff\u00bb button_letter_spacing__hover_enabled=\u00bboff\u00bb button_one_letter_spacing__hover_enabled=\u00bboff\u00bb button_two_letter_spacing__hover_enabled=\u00bboff\u00bb button_bg_color__hover_enabled=\u00bboff\u00bb button_one_bg_color__hover_enabled=\u00bboff\u00bb button_two_bg_color__hover_enabled=\u00bboff\u00bb][\/et_pb_button][\/et_pb_column][\/et_pb_row][et_pb_row column_structure=\u00bb1_2,1_2&#8243; _builder_version=\u00bb4.16&#8243; locked=\u00bboff\u00bb global_colors_info=\u00bb{}\u00bb][et_pb_column type=\u00bb1_2&#8243; _builder_version=\u00bb4.16&#8243; custom_padding=\u00bb|||\u00bb global_colors_info=\u00bb{}\u00bb custom_padding__hover=\u00bb|||\u00bb][et_pb_blurb title=\u00bbNormas de la casa\u00bb _builder_version=\u00bb4.27.4&#8243; body_font=\u00bb||||||||\u00bb custom_margin=\u00bb||10px|\u00bb locked=\u00bboff\u00bb global_colors_info=\u00bb{}\u00bb]<\/p>\n<p>Dado que nuestra pensi\u00f3n es un edificio de uso mixto, pedimos a todos los hu\u00e9spedes que respeten las normas expuestas en el edificio. Tambi\u00e9n puede descargarlas con antelaci\u00f3n. <\/p>\n<p>[\/et_pb_blurb][et_pb_button button_url=\u00bbhttps:\/\/die-pension-auw.de\/wp-content\/uploads\/2024\/09\/Hausordnung_DiePension.pdf\u00bb url_new_window=\u00bbon\u00bb button_text=\u00bbDescargar las normas de la casa\u00bb _builder_version=\u00bb4.27.4&#8243; button_text_size=\u00bb16px\u00bb button_text_color=\u00bb#b2b9c4&#8243; button_bg_color=\u00bbrgba(178,185,196,0)\u00bb custom_padding=\u00bb|||0px\u00bb button_border_radius_hover=\u00bb0px\u00bb locked=\u00bboff\u00bb global_colors_info=\u00bb{}\u00bb button_text_size__hover_enabled=\u00bboff\u00bb button_one_text_size__hover_enabled=\u00bboff\u00bb button_two_text_size__hover_enabled=\u00bboff\u00bb button_text_color__hover_enabled=\u00bboff\u00bb button_one_text_color__hover_enabled=\u00bboff\u00bb button_two_text_color__hover_enabled=\u00bboff\u00bb button_border_width__hover_enabled=\u00bboff\u00bb button_one_border_width__hover_enabled=\u00bboff\u00bb button_two_border_width__hover_enabled=\u00bboff\u00bb button_border_color__hover_enabled=\u00bboff\u00bb button_one_border_color__hover_enabled=\u00bboff\u00bb button_two_border_color__hover_enabled=\u00bboff\u00bb button_one_border_radius__hover_enabled=\u00bboff\u00bb button_two_border_radius__hover_enabled=\u00bboff\u00bb button_letter_spacing__hover_enabled=\u00bboff\u00bb button_one_letter_spacing__hover_enabled=\u00bboff\u00bb button_two_letter_spacing__hover_enabled=\u00bboff\u00bb button_bg_color__hover_enabled=\u00bboff\u00bb button_one_bg_color__hover_enabled=\u00bboff\u00bb button_two_bg_color__hover_enabled=\u00bboff\u00bb][\/et_pb_button][\/et_pb_column][et_pb_column type=\u00bb1_2&#8243; _builder_version=\u00bb4.16&#8243; custom_padding=\u00bb|||\u00bb global_colors_info=\u00bb{}\u00bb custom_padding__hover=\u00bb|||\u00bb][et_pb_blurb title=\u00bbCarpetas para hu\u00e9spedes\u00bb _builder_version=\u00bb4.27.4&#8243; body_font=\u00bb||||||||\u00bb custom_margin=\u00bb||10px|\u00bb locked=\u00bboff\u00bb global_colors_info=\u00bb{}\u00bb]<\/p>\n<p>En cada habitaci\u00f3n y en el apartamento de vacaciones hay una carpeta para hu\u00e9spedes con informaci\u00f3n \u00fatil sobre la casa, los alrededores y los destinos de las excursiones.<\/p>\n<p>[\/et_pb_blurb][\/et_pb_column][\/et_pb_row][\/et_pb_section][et_pb_section fb_built=\u00bb1&#8243; disabled_on=\u00bboff|on|on\u00bb admin_label=\u00bbAmenities\u00bb _builder_version=\u00bb4.27.0&#8243; background_color=\u00bb#ffffff\u00bb max_width=\u00bb90%\u00bb max_width_tablet=\u00bb\u00bb max_width_phone=\u00bb\u00bb max_width_last_edited=\u00bbon|phone\u00bb custom_margin=\u00bb-160px|||\u00bb border_color_all=\u00bb#ffffff\u00bb border_width_left=\u00bb10vw\u00bb global_colors_info=\u00bb{}\u00bb][et_pb_row _builder_version=\u00bb4.16&#8243; locked=\u00bboff\u00bb global_colors_info=\u00bb{}\u00bb][et_pb_column type=\u00bb4_4&#8243; _builder_version=\u00bb4.16&#8243; custom_padding=\u00bb|||\u00bb global_colors_info=\u00bb{}\u00bb custom_padding__hover=\u00bb|||\u00bb][et_pb_text _builder_version=\u00bb4.27.4&#8243; text_font=\u00bb||||||||\u00bb header_font=\u00bb&#8211;et_global_heading_font|&#8211;et_global_heading_font_weight|||||||\u00bb header_2_font=\u00bb&#8211;et_global_heading_font|&#8211;et_global_heading_font_weight|||||||\u00bb header_2_line_height=\u00bb1.2em\u00bb max_width=\u00bb512px\u00bb max_width_last_edited=\u00bboff|desktop\u00bb global_colors_info=\u00bb{}\u00bb]<\/p>\n<h6>Informaci\u00f3n<\/h6>\n<h2>Equipamiento y confort<\/h2>\n<p>[\/et_pb_text][\/et_pb_column][\/et_pb_row][et_pb_row column_structure=\u00bb1_3,1_3,1_3&#8243; _builder_version=\u00bb4.16&#8243; global_colors_info=\u00bb{}\u00bb][et_pb_column type=\u00bb1_3&#8243; _builder_version=\u00bb4.16&#8243; custom_padding=\u00bb|||\u00bb global_colors_info=\u00bb{}\u00bb custom_padding__hover=\u00bb|||\u00bb][et_pb_blurb title=\u00bbWifi incluido\u00bb _builder_version=\u00bb4.27.4&#8243; body_font=\u00bb||||||||\u00bb global_colors_info=\u00bb{}\u00bb]<\/p>\n<p>Nuestros hu\u00e9spedes disponen de WiFi gratuito en todo el establecimiento.<\/p>\n<p>[\/et_pb_blurb][\/et_pb_column][et_pb_column type=\u00bb1_3&#8243; _builder_version=\u00bb4.16&#8243; custom_padding=\u00bb|||\u00bb global_colors_info=\u00bb{}\u00bb custom_padding__hover=\u00bb|||\u00bb][et_pb_blurb title=\u00bbAparcamiento gratuito\u00bb _builder_version=\u00bb4.27.4&#8243; body_font=\u00bb||||||||\u00bb global_colors_info=\u00bb{}\u00bb]<\/p>\n<p>Nuestros hu\u00e9spedes pueden aparcar gratuitamente en la propiedad, justo delante de las entradas.<\/p>\n<p>[\/et_pb_blurb][\/et_pb_column][et_pb_column type=\u00bb1_3&#8243; _builder_version=\u00bb4.16&#8243; custom_padding=\u00bb|||\u00bb global_colors_info=\u00bb{}\u00bb custom_padding__hover=\u00bb|||\u00bb][et_pb_blurb title=\u00bbHabitaci\u00f3n en la pensi\u00f3n\u00bb _builder_version=\u00bb4.27.4&#8243; body_font=\u00bb||||||||\u00bb locked=\u00bboff\u00bb global_colors_info=\u00bb{}\u00bb]<\/p>\n<p>Todas las camas tienen colchones nuevos y todas las habitaciones de la pensi\u00f3n disponen de lavabo.<\/p>\n<p>[\/et_pb_blurb][\/et_pb_column][\/et_pb_row][et_pb_row column_structure=\u00bb1_3,1_3,1_3&#8243; _builder_version=\u00bb4.16&#8243; global_colors_info=\u00bb{}\u00bb][et_pb_column type=\u00bb1_3&#8243; _builder_version=\u00bb4.16&#8243; custom_padding=\u00bb|||\u00bb global_colors_info=\u00bb{}\u00bb custom_padding__hover=\u00bb|||\u00bb][et_pb_blurb title=\u00bbSala com\u00fan \u00bb _builder_version=\u00bb4.27.4&#8243; body_font=\u00bb||||||||\u00bb global_colors_info=\u00bb{}\u00bb]<\/p>\n<p>Nuestro sal\u00f3n en la casa de hu\u00e9spedes tiene una cocina con fregadero, lavavajillas, microondas, 1 placa y horno\/parrilla.<\/p>\n<p>[\/et_pb_blurb][\/et_pb_column][et_pb_column type=\u00bb1_3&#8243; _builder_version=\u00bb4.16&#8243; custom_padding=\u00bb|||\u00bb global_colors_info=\u00bb{}\u00bb custom_padding__hover=\u00bb|||\u00bb][et_pb_blurb title=\u00bbAlbornoces\u00bb _builder_version=\u00bb4.27.4&#8243; body_font=\u00bb||||||||\u00bb global_colors_info=\u00bb{}\u00bb]<\/p>\n<p>Todas las habitaciones disponen de albornoces gratuitos.<\/p>\n<p>[\/et_pb_blurb][\/et_pb_column][et_pb_column type=\u00bb1_3&#8243; _builder_version=\u00bb4.16&#8243; custom_padding=\u00bb|||\u00bb global_colors_info=\u00bb{}\u00bb custom_padding__hover=\u00bb|||\u00bb][et_pb_blurb title=\u00bbRopa de cama y toallas\u00bb _builder_version=\u00bb4.27.4&#8243; body_font=\u00bb||||||||\u00bb global_colors_info=\u00bb{}\u00bb]<\/p>\n<p>Si lo desea, puede cambiar las toallas y la ropa de cama para estancias de m\u00e1s de 7 d\u00edas.<\/p>\n<p>[\/et_pb_blurb][\/et_pb_column][\/et_pb_row][et_pb_row column_structure=\u00bb1_3,1_3,1_3&#8243; _builder_version=\u00bb4.16&#8243; global_colors_info=\u00bb{}\u00bb][et_pb_column type=\u00bb1_3&#8243; _builder_version=\u00bb4.16&#8243; custom_padding=\u00bb|||\u00bb global_colors_info=\u00bb{}\u00bb custom_padding__hover=\u00bb|||\u00bb][et_pb_blurb title=\u00bbSecador de pelo\u00bb _builder_version=\u00bb4.27.4&#8243; body_font=\u00bb||||||||\u00bb locked=\u00bboff\u00bb global_colors_info=\u00bb{}\u00bb]<\/p>\n<p>Encontrar\u00e1 un secador de pelo en todas las habitaciones y en todos los cuartos de ba\u00f1o.<\/p>\n<p>[\/et_pb_blurb][\/et_pb_column][et_pb_column type=\u00bb1_3&#8243; _builder_version=\u00bb4.16&#8243; custom_padding=\u00bb|||\u00bb global_colors_info=\u00bb{}\u00bb custom_padding__hover=\u00bb|||\u00bb][et_pb_blurb title=\u00bbCaf\u00e9 y t\u00e9\u00bb _builder_version=\u00bb4.27.4&#8243; body_font=\u00bb||||||||\u00bb global_colors_info=\u00bb{}\u00bb]<\/p>\n<p>En la sala de estar hay instalaciones adecuadas para la preparaci\u00f3n.<\/p>\n<p>[\/et_pb_blurb][\/et_pb_column][et_pb_column type=\u00bb1_3&#8243; _builder_version=\u00bb4.16&#8243; custom_padding=\u00bb|||\u00bb global_colors_info=\u00bb{}\u00bb custom_padding__hover=\u00bb|||\u00bb][et_pb_blurb title=\u00bbEl entorno\u00bb _builder_version=\u00bb4.27.4&#8243; body_font=\u00bb||||||||\u00bb global_colors_info=\u00bb{}\u00bb][\/et_pb_blurb][et_pb_button button_url=\u00bb@ET-DC@eyJkeW5hbWljIjp0cnVlLCJjb250ZW50IjoicG9zdF9saW5rX3VybF9wYWdlIiwic2V0dGluZ3MiOnsicG9zdF9pZCI6IjkxIn19@\u00bb button_text=\u00bbm\u00e1s informaci\u00f3n\u00bb _builder_version=\u00bb4.27.4&#8243; _dynamic_attributes=\u00bbbutton_url\u00bb button_text_size=\u00bb16px\u00bb button_border_radius_hover=\u00bb0px\u00bb locked=\u00bboff\u00bb global_colors_info=\u00bb{}\u00bb button_text_size__hover_enabled=\u00bboff\u00bb button_one_text_size__hover_enabled=\u00bboff\u00bb button_two_text_size__hover_enabled=\u00bboff\u00bb button_text_color__hover_enabled=\u00bboff\u00bb button_one_text_color__hover_enabled=\u00bboff\u00bb button_two_text_color__hover_enabled=\u00bboff\u00bb button_border_width__hover_enabled=\u00bboff\u00bb button_one_border_width__hover_enabled=\u00bboff\u00bb button_two_border_width__hover_enabled=\u00bboff\u00bb button_border_color__hover_enabled=\u00bboff\u00bb button_one_border_color__hover_enabled=\u00bboff\u00bb button_two_border_color__hover_enabled=\u00bboff\u00bb button_one_border_radius__hover_enabled=\u00bboff\u00bb button_two_border_radius__hover_enabled=\u00bboff\u00bb button_letter_spacing__hover_enabled=\u00bboff\u00bb button_one_letter_spacing__hover_enabled=\u00bboff\u00bb button_two_letter_spacing__hover_enabled=\u00bboff\u00bb button_bg_color__hover_enabled=\u00bboff\u00bb button_one_bg_color__hover_enabled=\u00bboff\u00bb button_two_bg_color__hover_enabled=\u00bboff\u00bb][\/et_pb_button][\/et_pb_column][\/et_pb_row][et_pb_row column_structure=\u00bb1_2,1_2&#8243; _builder_version=\u00bb4.16&#8243; custom_margin=\u00bb40px|||\u00bb custom_padding=\u00bb60px|||\u00bb border_color_all=\u00bb#f5f5f5&#8243; border_width_top=\u00bb2px\u00bb locked=\u00bboff\u00bb global_colors_info=\u00bb{}\u00bb][et_pb_column type=\u00bb1_2&#8243; _builder_version=\u00bb4.16&#8243; custom_padding=\u00bb|||\u00bb global_colors_info=\u00bb{}\u00bb custom_padding__hover=\u00bb|||\u00bb][et_pb_blurb title=\u00bbEntrada y salida\u00bb _builder_version=\u00bb4.27.4&#8243; body_font=\u00bb||||||||\u00bb custom_margin=\u00bb||10px|\u00bb global_colors_info=\u00bb{}\u00bb]<\/p>\n<p>La entrada es posible a partir de las 15.00 horas del d\u00eda de llegada y la salida antes de las 11.00 horas del d\u00eda de salida.<\/p>\n<p>[\/et_pb_blurb][et_pb_button button_url=\u00bb@ET-DC@eyJkeW5hbWljIjp0cnVlLCJjb250ZW50IjoicG9zdF9saW5rX3VybF9wYWdlIiwic2V0dGluZ3MiOnsicG9zdF9pZCI6IjkyIn19@\u00bb button_text=\u00bbSi lo desea, puede consultar otros horarios.\u00bb _builder_version=\u00bb4.27.4&#8243; _dynamic_attributes=\u00bbbutton_url\u00bb button_text_size=\u00bb16px\u00bb button_text_color=\u00bb#b2b9c4&#8243; button_bg_color=\u00bbrgba(178,185,196,0)\u00bb custom_padding=\u00bb|||0px\u00bb button_border_radius_hover=\u00bb0px\u00bb locked=\u00bboff\u00bb global_colors_info=\u00bb{}\u00bb button_text_size__hover_enabled=\u00bboff\u00bb button_one_text_size__hover_enabled=\u00bboff\u00bb button_two_text_size__hover_enabled=\u00bboff\u00bb button_text_color__hover_enabled=\u00bboff\u00bb button_one_text_color__hover_enabled=\u00bboff\u00bb button_two_text_color__hover_enabled=\u00bboff\u00bb button_border_width__hover_enabled=\u00bboff\u00bb button_one_border_width__hover_enabled=\u00bboff\u00bb button_two_border_width__hover_enabled=\u00bboff\u00bb button_border_color__hover_enabled=\u00bboff\u00bb button_one_border_color__hover_enabled=\u00bboff\u00bb button_two_border_color__hover_enabled=\u00bboff\u00bb button_one_border_radius__hover_enabled=\u00bboff\u00bb button_two_border_radius__hover_enabled=\u00bboff\u00bb button_letter_spacing__hover_enabled=\u00bboff\u00bb button_one_letter_spacing__hover_enabled=\u00bboff\u00bb button_two_letter_spacing__hover_enabled=\u00bboff\u00bb button_bg_color__hover_enabled=\u00bboff\u00bb button_one_bg_color__hover_enabled=\u00bboff\u00bb button_two_bg_color__hover_enabled=\u00bboff\u00bb][\/et_pb_button][\/et_pb_column][et_pb_column type=\u00bb1_2&#8243; _builder_version=\u00bb4.16&#8243; custom_padding=\u00bb|||\u00bb global_colors_info=\u00bb{}\u00bb custom_padding__hover=\u00bb|||\u00bb][et_pb_blurb title=\u00bbAnulaci\u00f3n\u00bb _builder_version=\u00bb4.27.4&#8243; body_font=\u00bb||||||||\u00bb custom_margin=\u00bb||10px|\u00bb global_colors_info=\u00bb{}\u00bb]<\/p>\n<p>Las siguientes tasas de cancelaci\u00f3n\/terminaci\u00f3n se aplican a Die Pension Auw:<\/p>\n<ul>\n<li>Sin gastos de cancelaci\u00f3n hasta 1 mes antes de la llegada<\/li>\n<li>hasta 1 semana antes de la llegada 50% de la tarifa<\/li>\n<li>en el plazo de 1 semana antes de la llegada 75% de la cuota<\/li>\n<li>despu\u00e9s de la llegada 100% del plazo<\/li>\n<\/ul>\n<p>Una reserva s\u00f3lo es v\u00e1lida si disponemos de la direcci\u00f3n completa y el n\u00famero de tel\u00e9fono del hu\u00e9sped.<\/p>\n<p>[\/et_pb_blurb][et_pb_button button_url=\u00bb@ET-DC@eyJkeW5hbWljIjp0cnVlLCJjb250ZW50IjoicG9zdF9saW5rX3VybF9wYWdlIiwic2V0dGluZ3MiOnsicG9zdF9pZCI6IjEyNiJ9fQ==@\u00bb url_new_window=\u00bbon\u00bb button_text=\u00bbPuede consultar nuestras condiciones completas aqu\u00ed.\u00bb _builder_version=\u00bb4.27.4&#8243; _dynamic_attributes=\u00bbbutton_url\u00bb button_text_size=\u00bb16px\u00bb button_text_color=\u00bb#b2b9c4&#8243; button_bg_color=\u00bbrgba(178,185,196,0)\u00bb custom_padding=\u00bb|||0px\u00bb button_border_radius_hover=\u00bb0px\u00bb locked=\u00bboff\u00bb global_colors_info=\u00bb{}\u00bb button_text_size__hover_enabled=\u00bboff\u00bb button_one_text_size__hover_enabled=\u00bboff\u00bb button_two_text_size__hover_enabled=\u00bboff\u00bb button_text_color__hover_enabled=\u00bboff\u00bb button_one_text_color__hover_enabled=\u00bboff\u00bb button_two_text_color__hover_enabled=\u00bboff\u00bb button_border_width__hover_enabled=\u00bboff\u00bb button_one_border_width__hover_enabled=\u00bboff\u00bb button_two_border_width__hover_enabled=\u00bboff\u00bb button_border_color__hover_enabled=\u00bboff\u00bb button_one_border_color__hover_enabled=\u00bboff\u00bb button_two_border_color__hover_enabled=\u00bboff\u00bb button_one_border_radius__hover_enabled=\u00bboff\u00bb button_two_border_radius__hover_enabled=\u00bboff\u00bb button_letter_spacing__hover_enabled=\u00bboff\u00bb button_one_letter_spacing__hover_enabled=\u00bboff\u00bb button_two_letter_spacing__hover_enabled=\u00bboff\u00bb button_bg_color__hover_enabled=\u00bboff\u00bb button_one_bg_color__hover_enabled=\u00bboff\u00bb button_two_bg_color__hover_enabled=\u00bboff\u00bb][\/et_pb_button][\/et_pb_column][\/et_pb_row][et_pb_row column_structure=\u00bb1_2,1_2&#8243; _builder_version=\u00bb4.16&#8243; locked=\u00bboff\u00bb global_colors_info=\u00bb{}\u00bb][et_pb_column type=\u00bb1_2&#8243; _builder_version=\u00bb4.16&#8243; custom_padding=\u00bb|||\u00bb global_colors_info=\u00bb{}\u00bb custom_padding__hover=\u00bb|||\u00bb][et_pb_blurb title=\u00bbNormas de la casa\u00bb _builder_version=\u00bb4.27.4&#8243; body_font=\u00bb||||||||\u00bb custom_margin=\u00bb||10px|\u00bb locked=\u00bboff\u00bb global_colors_info=\u00bb{}\u00bb]<\/p>\n<p>Dado que nuestra pensi\u00f3n es un edificio de uso mixto, pedimos a todos los hu\u00e9spedes que respeten las normas expuestas en el edificio. Tambi\u00e9n puede descargarlas con antelaci\u00f3n. <\/p>\n<p>[\/et_pb_blurb][et_pb_button button_url=\u00bbhttps:\/\/die-pension-auw.de\/wp-content\/uploads\/2024\/09\/Hausordnung_DiePension.pdf\u00bb url_new_window=\u00bbon\u00bb button_text=\u00bbDescargar las normas de la casa\u00bb _builder_version=\u00bb4.27.4&#8243; button_text_size=\u00bb16px\u00bb button_text_color=\u00bb#b2b9c4&#8243; button_bg_color=\u00bbrgba(178,185,196,0)\u00bb custom_padding=\u00bb|||0px\u00bb button_border_radius_hover=\u00bb0px\u00bb locked=\u00bboff\u00bb global_colors_info=\u00bb{}\u00bb button_text_size__hover_enabled=\u00bboff\u00bb button_one_text_size__hover_enabled=\u00bboff\u00bb button_two_text_size__hover_enabled=\u00bboff\u00bb button_text_color__hover_enabled=\u00bboff\u00bb button_one_text_color__hover_enabled=\u00bboff\u00bb button_two_text_color__hover_enabled=\u00bboff\u00bb button_border_width__hover_enabled=\u00bboff\u00bb button_one_border_width__hover_enabled=\u00bboff\u00bb button_two_border_width__hover_enabled=\u00bboff\u00bb button_border_color__hover_enabled=\u00bboff\u00bb button_one_border_color__hover_enabled=\u00bboff\u00bb button_two_border_color__hover_enabled=\u00bboff\u00bb button_one_border_radius__hover_enabled=\u00bboff\u00bb button_two_border_radius__hover_enabled=\u00bboff\u00bb button_letter_spacing__hover_enabled=\u00bboff\u00bb button_one_letter_spacing__hover_enabled=\u00bboff\u00bb button_two_letter_spacing__hover_enabled=\u00bboff\u00bb button_bg_color__hover_enabled=\u00bboff\u00bb button_one_bg_color__hover_enabled=\u00bboff\u00bb button_two_bg_color__hover_enabled=\u00bboff\u00bb][\/et_pb_button][\/et_pb_column][et_pb_column type=\u00bb1_2&#8243; _builder_version=\u00bb4.16&#8243; custom_padding=\u00bb|||\u00bb global_colors_info=\u00bb{}\u00bb custom_padding__hover=\u00bb|||\u00bb][et_pb_blurb title=\u00bbCarpetas para hu\u00e9spedes\u00bb _builder_version=\u00bb4.27.4&#8243; body_font=\u00bb||||||||\u00bb custom_margin=\u00bb||10px|\u00bb locked=\u00bboff\u00bb global_colors_info=\u00bb{}\u00bb]<\/p>\n<p>En cada habitaci\u00f3n y en el apartamento de vacaciones hay una carpeta para hu\u00e9spedes con informaci\u00f3n \u00fatil sobre la casa, los alrededores y los destinos de las excursiones.<\/p>\n<p>[\/et_pb_blurb][\/et_pb_column][\/et_pb_row][\/et_pb_section][et_pb_section fb_built=\u00bb1&#8243; admin_label=\u00bbReservations\u00bb _builder_version=\u00bb4.27.0&#8243; use_background_color_gradient=\u00bbon\u00bb background_color_gradient_direction=\u00bb150deg\u00bb background_color_gradient_stops=\u00bb#2f3a44 25%|rgba(38,46,53,0) 100%\u00bb background_color_gradient_overlays_image=\u00bbon\u00bb background_color_gradient_start=\u00bb#2f3a44&#8243; background_color_gradient_start_position=\u00bb25%\u00bb background_color_gradient_end=\u00bbrgba(38,46,53,0)\u00bb background_image=\u00bbhttps:\/\/die-pension-auw.de\/wp-content\/uploads\/2024\/09\/Scheune_Sicht1.jpg\u00bb custom_padding=\u00bb8vw|0px|280px|0px|false|false\u00bb global_colors_info=\u00bb{}\u00bb][et_pb_row column_structure=\u00bb1_2,1_2&#8243; use_custom_gutter=\u00bbon\u00bb make_equal=\u00bbon\u00bb _builder_version=\u00bb4.16&#8243; global_colors_info=\u00bb{}\u00bb][et_pb_column type=\u00bb1_2&#8243; _builder_version=\u00bb4.16&#8243; custom_padding=\u00bb|||\u00bb global_colors_info=\u00bb{}\u00bb custom_padding__hover=\u00bb|||\u00bb][et_pb_text _builder_version=\u00bb4.27.4&#8243; text_font=\u00bb||||||||\u00bb header_font=\u00bb&#8211;et_global_heading_font|&#8211;et_global_heading_font_weight|||||||\u00bb header_2_font=\u00bb&#8211;et_global_heading_font|&#8211;et_global_heading_font_weight|||||||\u00bb header_2_line_height=\u00bb1.2em\u00bb background_layout=\u00bbdark\u00bb max_width_tablet=\u00bb\u00bb max_width_phone=\u00bb\u00bb max_width_last_edited=\u00bbon|desktop\u00bb locked=\u00bboff\u00bb global_colors_info=\u00bb{}\u00bb]<\/p>\n<h6>Visite el Eifel<\/h6>\n<h2>Cons\u00faltenos ahora<\/h2>\n<p>\u00bfTiene alguna pregunta? \u00bfDesea reservar una habitaci\u00f3n o el apartamento de vacaciones? P\u00f3ngase en contacto con nosotros.  <\/p>\n<p>[\/et_pb_text][\/et_pb_column][et_pb_column type=\u00bb1_2&#8243; _builder_version=\u00bb4.16&#8243; custom_padding=\u00bb|||\u00bb custom_padding_tablet=\u00bb0px||0px||true\u00bb global_colors_info=\u00bb{}\u00bb padding_tablet=\u00bb0px||0px||true\u00bb custom_padding__hover=\u00bb|||\u00bb][et_pb_button button_url=\u00bb@ET-DC@eyJkeW5hbWljIjp0cnVlLCJjb250ZW50IjoicG9zdF9saW5rX3VybF9wYWdlIiwic2V0dGluZ3MiOnsicG9zdF9pZCI6IjkyIn19@\u00bb button_text=\u00bbReservar\u00bb button_alignment=\u00bbright\u00bb _builder_version=\u00bb4.27.4&#8243; _dynamic_attributes=\u00bbbutton_url\u00bb button_text_color=\u00bb#000000&#8243; button_bg_color=\u00bb#ffffff\u00bb button_border_width=\u00bb10px\u00bb button_border_radius_hover=\u00bb0px\u00bb locked=\u00bboff\u00bb global_colors_info=\u00bb{}\u00bb button_text_size__hover_enabled=\u00bboff\u00bb button_one_text_size__hover_enabled=\u00bboff\u00bb button_two_text_size__hover_enabled=\u00bboff\u00bb button_text_color__hover_enabled=\u00bboff\u00bb button_one_text_color__hover_enabled=\u00bboff\u00bb button_two_text_color__hover_enabled=\u00bboff\u00bb button_border_width__hover_enabled=\u00bboff\u00bb button_one_border_width__hover_enabled=\u00bboff\u00bb button_two_border_width__hover_enabled=\u00bboff\u00bb button_border_color__hover_enabled=\u00bboff\u00bb button_one_border_color__hover_enabled=\u00bboff\u00bb button_two_border_color__hover_enabled=\u00bboff\u00bb button_one_border_radius__hover_enabled=\u00bboff\u00bb button_two_border_radius__hover_enabled=\u00bboff\u00bb button_letter_spacing__hover_enabled=\u00bboff\u00bb button_one_letter_spacing__hover_enabled=\u00bboff\u00bb button_two_letter_spacing__hover_enabled=\u00bboff\u00bb button_bg_color__hover_enabled=\u00bboff\u00bb button_one_bg_color__hover_enabled=\u00bboff\u00bb button_two_bg_color__hover_enabled=\u00bboff\u00bb][\/et_pb_button][\/et_pb_column][\/et_pb_row][\/et_pb_section][et_pb_section fb_built=\u00bb1&#8243; admin_label=\u00bbContact Info\u00bb _builder_version=\u00bb4.16&#8243; background_color=\u00bb#ffffff\u00bb max_width=\u00bb90%\u00bb max_width_tablet=\u00bb\u00bb max_width_phone=\u00bb100%\u00bb max_width_last_edited=\u00bbon|phone\u00bb custom_margin=\u00bb-160px|||\u00bb border_color_all=\u00bb#ffffff\u00bb border_width_left=\u00bb10vw\u00bb global_colors_info=\u00bb{}\u00bb][et_pb_row column_structure=\u00bb1_3,1_3,1_3&#8243; _builder_version=\u00bb4.16&#8243; custom_width_px=\u00bb800px\u00bb locked=\u00bboff\u00bb global_colors_info=\u00bb{}\u00bb][et_pb_column type=\u00bb1_3&#8243; _builder_version=\u00bb4.16&#8243; custom_padding=\u00bb|||\u00bb global_colors_info=\u00bb{}\u00bb custom_padding__hover=\u00bb|||\u00bb][et_pb_blurb title=\u00bb+49 151 158 988 14&#8243; use_icon=\u00bbon\u00bb font_icon=\u00bb&#xe090;||divi||400&#8243; _builder_version=\u00bb4.27.4&#8243; _module_preset=\u00bb9dc798cd-a5e4-4323-86ba-566659fc6462&#8243; header_line_height=\u00bb1.4em\u00bb icon_font_size=\u00bb24px\u00bb global_colors_info=\u00bb{}\u00bb][\/et_pb_blurb][\/et_pb_column][et_pb_column type=\u00bb1_3&#8243; _builder_version=\u00bb4.16&#8243; custom_padding=\u00bb|||\u00bb global_colors_info=\u00bb{}\u00bb custom_padding__hover=\u00bb|||\u00bb][et_pb_blurb title=\u00bbM\u00fchlenweg 8, 54597 Auw bei Pr\u00fcm\u00bb use_icon=\u00bbon\u00bb font_icon=\u00bb&#xe081;||divi||400&#8243; _builder_version=\u00bb4.27.4&#8243; header_line_height=\u00bb1.4em\u00bb icon_font_size=\u00bb24px\u00bb global_colors_info=\u00bb{}\u00bb][\/et_pb_blurb][\/et_pb_column][et_pb_column type=\u00bb1_3&#8243; _builder_version=\u00bb4.16&#8243; custom_padding=\u00bb|||\u00bb global_colors_info=\u00bb{}\u00bb custom_padding__hover=\u00bb|||\u00bb][et_pb_blurb title=\u00bbinfo@die-pension-auw.de\u00bb use_icon=\u00bbon\u00bb font_icon=\u00bb&#xe076;||divi||400&#8243; _builder_version=\u00bb4.27.4&#8243; header_line_height=\u00bb1.4em\u00bb icon_font_size=\u00bb24px\u00bb global_colors_info=\u00bb{}\u00bb][\/et_pb_blurb][\/et_pb_column][\/et_pb_row][et_pb_row _builder_version=\u00bb4.16&#8243; custom_width_px=\u00bb800px\u00bb global_colors_info=\u00bb{}\u00bb][et_pb_column type=\u00bb4_4&#8243; _builder_version=\u00bb4.16&#8243; custom_padding=\u00bb|||\u00bb global_colors_info=\u00bb{}\u00bb custom_padding__hover=\u00bb|||\u00bb][et_pb_code _builder_version=\u00bb4.27.0&#8243; _module_preset=\u00bbdefault\u00bb global_colors_info=\u00bb{}\u00bb]<div id=\"quform-a12e89\" class=\"quform quform-3 quform-theme-light quform-support-page-caching\"><form id=\"quform-form-a12e89\" class=\"quform-form quform-form-3\" action=\"\/es\/wp-json\/wp\/v2\/pages\/331#quform-a12e89\" method=\"post\" enctype=\"multipart\/form-data\" novalidate=\"novalidate\" data-options=\"{&quot;id&quot;:3,&quot;uniqueId&quot;:&quot;a12e89&quot;,&quot;theme&quot;:&quot;light&quot;,&quot;ajax&quot;:true,&quot;logic&quot;:{&quot;logic&quot;:[],&quot;dependents&quot;:[],&quot;elementIds&quot;:[],&quot;dependentElementIds&quot;:[],&quot;animate&quot;:true},&quot;currentPageId&quot;:1,&quot;errorsIcon&quot;:&quot;&quot;,&quot;updateFancybox&quot;:true,&quot;hasPages&quot;:false,&quot;pages&quot;:[1],&quot;pageProgressType&quot;:&quot;numbers&quot;,&quot;tooltipsEnabled&quot;:true,&quot;tooltipClasses&quot;:&quot;qtip-quform-dark qtip-shadow&quot;,&quot;tooltipMy&quot;:&quot;left center&quot;,&quot;tooltipAt&quot;:&quot;right center&quot;,&quot;isRtl&quot;:false,&quot;scrollOffset&quot;:-50,&quot;scrollSpeed&quot;:800}\"><button class=\"quform-default-submit\" name=\"quform_submit\" type=\"submit\" value=\"submit\" aria-hidden=\"true\" tabindex=\"-1\"><\/button><div class=\"quform-form-inner quform-form-inner-3\"><input type=\"hidden\" name=\"quform_form_id\" value=\"3\" \/><input type=\"hidden\" name=\"quform_form_uid\" value=\"a12e89\" \/><input type=\"hidden\" name=\"quform_count\" value=\"1\" \/><input type=\"hidden\" name=\"form_url\" value=\"https:\/\/die-pension-auw.de\/es\/wp-json\/wp\/v2\/pages\/331\" \/><input type=\"hidden\" name=\"referring_url\" value=\"\" \/><input type=\"hidden\" name=\"post_id\" value=\"\" \/><input type=\"hidden\" name=\"post_title\" value=\"\" \/><input type=\"hidden\" name=\"quform_current_page_id\" value=\"1\" \/><input type=\"hidden\" name=\"quform_loaded\" value=\"1777565136|8bd6cf1fb41a0776ea1215aabc2f02ba\" \/><input type=\"hidden\" name=\"quform_csrf_token\" value=\"F0gyTUktVczk9s18Owa0P0CoI4nNnBlvfXrcY5zP\" \/><div class=\"quform-elements quform-elements-3 quform-cf quform-responsive-elements-phone-landscape\"><div class=\"quform-element quform-element-page quform-page-1 quform-page-3_1 quform-cf quform-group-style-plain quform-first-page quform-last-page quform-current-page\"><div class=\"quform-child-elements\"><div class=\"quform-element quform-element-textarea quform-element-3_607620 quform-sr-only quform-cf\" style=\"clip: rect(1px, 1px, 1px, 1px); clip-path: inset(50%); position: absolute !important; height: 1px; width: 1px; overflow: hidden;\"><div class=\"quform-spacer\"><div class=\"quform-label quform-label-3_607620\"><label class=\"quform-label-text\" for=\"quform_3_607620_a12e89\">Email<span class=\"quform-required\">*<\/span><\/label><\/div><div class=\"quform-inner quform-inner-3_607620\"><textarea id=\"quform_3_607620_a12e89\" name=\"quform_3_607620\" class=\"quform-field quform-field-textarea quform-field-3_607620\" tabindex=\"-1\" autocomplete=\"new-password\"><\/textarea><\/div><\/div><\/div><div class=\"quform-element quform-element-name quform-element-3_3 quform-cf quform-element-required\"><div class=\"quform-spacer\"><div class=\"quform-label quform-label-3_3\"><label class=\"quform-label-text\" id=\"quform_3_3_a12e89_label\">Apellidos<span class=\"quform-required\">*<\/span><\/label><\/div><div class=\"quform-inner quform-inner-name quform-inner-3_3\"><div class=\"quform-input quform-input-name quform-input-3_3 quform-cf\"><div class=\"quform-element-row quform-2-columns quform-element-row-size-fixed quform-responsive-columns-phone-landscape\"><div class=\"quform-element-column\"><div class=\"quform-element quform-element-text quform-element-3_3_2 quform-cf quform-element-required\"><div class=\"quform-spacer\"><div class=\"quform-inner quform-inner-text quform-inner-3_3_2\"><label id=\"quform_3_3_2_a12e89_sub_label_above\" class=\"quform-sub-label quform-sub-label-above\">Nombre<\/label><div class=\"quform-input quform-input-text quform-input-3_3_2 quform-cf\"><input type=\"text\" id=\"quform_3_3_2_a12e89\" name=\"quform_3_3[2]\" class=\"quform-field quform-field-text quform-field-3_3_2\" aria-labelledby=\"quform_3_3_a12e89_label quform_3_3_2_a12e89_sub_label_above\" \/><\/div><\/div><\/div><\/div><\/div><div class=\"quform-element-column\"><div class=\"quform-element quform-element-text quform-element-3_3_4 quform-cf quform-element-required\"><div class=\"quform-spacer\"><div class=\"quform-inner quform-inner-text quform-inner-3_3_4\"><label id=\"quform_3_3_4_a12e89_sub_label_above\" class=\"quform-sub-label quform-sub-label-above\">Apellido(s)<\/label><div class=\"quform-input quform-input-text quform-input-3_3_4 quform-cf\"><input type=\"text\" id=\"quform_3_3_4_a12e89\" name=\"quform_3_3[4]\" class=\"quform-field quform-field-text quform-field-3_3_4\" aria-labelledby=\"quform_3_3_a12e89_label quform_3_3_4_a12e89_sub_label_above\" \/><\/div><\/div><\/div><\/div><\/div><\/div><\/div><\/div><\/div><\/div><div class=\"quform-element quform-element-email quform-element-3_37 quform-cf quform-element-required\"><div class=\"quform-spacer\"><div class=\"quform-label quform-label-3_37\"><label class=\"quform-label-text\" for=\"quform_3_37_a12e89\">Correo electr\u00f3nico<span class=\"quform-required\">*<\/span><\/label><\/div><div class=\"quform-inner quform-inner-email quform-inner-3_37\"><div class=\"quform-input quform-input-email quform-input-3_37 quform-cf\"><input type=\"email\" id=\"quform_3_37_a12e89\" name=\"quform_3_37\" class=\"quform-field quform-field-email quform-field-3_37\" \/><\/div><\/div><\/div><\/div><div class=\"quform-element quform-element-textarea quform-element-3_10 quform-cf quform-element-required\"><div class=\"quform-spacer\"><div class=\"quform-label quform-label-3_10\"><label class=\"quform-label-text\" for=\"quform_3_10_a12e89\">Su mensaje, pregunta o comentario para nosotros<span class=\"quform-required\">*<\/span><\/label><\/div><div class=\"quform-inner quform-inner-textarea quform-inner-3_10\"><div class=\"quform-input quform-input-textarea quform-input-3_10 quform-cf\"><textarea id=\"quform_3_10_a12e89\" name=\"quform_3_10\" class=\"quform-field quform-field-textarea quform-field-3_10\"><\/textarea><\/div><\/div><\/div><\/div><div class=\"quform-element quform-element-checkbox quform-element-3_12 quform-cf quform-element-required\"><div class=\"quform-spacer\"><div class=\"quform-label quform-label-3_12\"><label class=\"quform-label-text\" id=\"quform_3_12_a12e89_label\">Su consentimiento para la protecci\u00f3n de datos<span class=\"quform-required\">*<\/span><\/label><\/div><div class=\"quform-inner quform-inner-checkbox quform-inner-3_12\"><div class=\"quform-input quform-input-checkbox quform-input-3_12 quform-cf\"><div class=\"quform-options quform-cf quform-options-block quform-options-simple\" role=\"group\" aria-labelledby=\"quform_3_12_a12e89_label\"><div class=\"quform-option\"><input type=\"checkbox\" name=\"quform_3_12[]\" id=\"quform_3_12_a12e89_1\" class=\"quform-field quform-field-checkbox quform-field-3_12 quform-field-3_12_1\" value=\"Ich stimme zu, dass meine Angaben aus dem Kontaktformular zur Beantwortung meiner Anfrage erhoben und verarbeitet werden. Die Daten werden nach abgeschlossener Bearbeitung Ihrer Anfrage gel\u00f6scht. Hinweis: Sie k\u00f6nnen Ihre Einwilligung jederzeit f\u00fcr die Zukunft per E-Mail an info@die-pension-auw.de widerrufen. Detaillierte Informationen zum Umgang mit Nutzerdaten finden Sie in unserer &lt;a href=&quot;https:\/\/die-pension-auw.de\/datenschutz&quot;&gt;Datenschutzerkl\u00e4rung&lt;\/a&gt;.\" \/><label for=\"quform_3_12_a12e89_1\" class=\"quform-option-label quform-option-label-3_12_1\"><span class=\"quform-option-text\">Acepto que mis datos del formulario de contacto se recopilen y procesen para responder a mi consulta. Los datos se eliminar\u00e1n una vez procesada su consulta. Nota: Puede revocar su consentimiento en cualquier momento para el futuro enviando un correo electr\u00f3nico a info@die-pension-auw.de. Encontrar\u00e1 informaci\u00f3n detallada sobre el tratamiento de los datos de los usuarios en nuestra <a href=\"\">pol\u00edtica de privacidad<\/a>.   <\/span><\/label><\/div><\/div><\/div><\/div><\/div><\/div><div class=\"quform-element quform-element-captcha quform-element-3_11 quform-cf quform-element-required\"><div class=\"quform-spacer\"><div class=\"quform-label quform-label-3_11\"><label class=\"quform-label-text\" for=\"quform_3_11_a12e89\">Por razones de seguridad, introduzca los siguientes caracteres<span class=\"quform-required\">*<\/span><\/label><\/div><div class=\"quform-inner quform-inner-captcha quform-inner-3_11\"><div class=\"quform-input quform-input-captcha quform-input-3_11 quform-cf\"><input type=\"text\" id=\"quform_3_11_a12e89\" name=\"quform_3_11\" class=\"quform-field quform-field-captcha quform-field-3_11\" \/><\/div><div class=\"quform-captcha quform-cf\"><div class=\"quform-captcha-image quform-captcha-image-3_11\"><img loading=\"lazy\" decoding=\"async\" class=\"quform-captcha-image-img\" src=\"data:image\/png;base64,iVBORw0KGgoAAAANSUhEUgAAAOYAAABQBAMAAAD\/1xTgAAAAG1BMVEX\/\/\/8iIiLHx8d0dHSQkJDj4+M9PT1ZWVmsrKxOybLJAAAACXBIWXMAAA7EAAAOxAGVKw4bAAADwUlEQVRoge1YTVPbMBA1thX72C3B6dEmZYYjhkzLEU+mHY5JGAJHRClccWkTjjGhmf7sSlrZlmNjk0xMe\/C7EGlkPe2H3q7QtAYNGjRo0KBB3Rhoo8EbUy6Aws4bcwJD+x9wbudmLz9Pj+vz+OIWoLM82RUnqTHMQ3CWZs5A4Ht9nC2A7IROkTNn\/uZgAQzIfOL8jH0ZATi9PiOd1cZpAOz53K4PONaZha6mXQDc18ZpAvjozBMxbskfFN7VxmlDjPdiHEiDgxq1Qud0N3vdOGmo9GlUIyeRoQxYLuHwh5gP4Ko2Ti5Fribi6MojCDJaY96yzYVTDXk5KAbWzknFJhFi0tgyX1kS80B66+pQ98srFvnIyZx6wP+OBbcOzpp6S+Gm+stAFjMpAuTTo8bN\/FW42H6YVWwXsgtQaWokixkoiWrzubMHN7eYZdpjuRk2V5iDCk4vuZip8AQsn\/Siam4BVN0hg18+e5aMz6ZHObvjYhamImDANW7v5nZk17hCEy3ohDsBPCpfbHcpfJspa7ZkMfOl+PGfnQFyZnxE9p9Eeldov8Xdwxy8LQ8cSWntKDFpoQAlQsu\/4tuaQDPb2yw72gMtrgXlnCZb7OBCsssLMs00AZZ0oZdw+hjgj0GGU1Sfa12e8GUYIg14VONYheC4ZKE2AYbkHEJ79FsYBDsLVrb3RlT1rSUc5BiV\/QNyBtChV3KGchMJVQ5rI+co4HvyiRZM4\/LmpluxsHQmAFHijZdgck7mjnsSc6CqBoqAM87jZ3ecknhJRVW6UCJuzmtacME5VHUMTYnSRLj8KhoT2SsMtDTRMmmLJYCE1S2LyT1BlYwheBlTThN3b3PPOneHmnACwy0F51DZaQuNHla3ZjbjtNSwEEyB1Lct2ZdcTE\/P5RSzMy\/THvrUWu5MizkDNeo6HtfPct71VI4hFOSJbBtaBS+NJehM+TLeSDhdOUH6vaclo5gt+XrtY3C9VKxKOL2MUts4CguUNAGhBXcwRM6gugMl0M5c7JSzTEzGBT2CtJOWl6n5DDuqzJlNDBUtF7Dd\/BTGkxSVmhQWJ0u6uBxnGWURMERmeWfm8SMxTrWvIZMJtJ8458pNnSVScVyethEXFTP7jDTEXbz32UP3dLYaJxNQ53QO5Wk75F6Msu0bis4VrPNfBKmIpWnL9u99Wn4tn+8\/949cfx1OOyfBBfCXKoNKvfunf7Iip3zy37ilB6P4et0YLicvWxFD7\/cq2ohVcU6LZLFmsD6sUuM3j3nxm6JBgwYNGjRo0OC\/wV\/PVZR7QEUG6AAAAABJRU5ErkJggg==\" alt=\"CAPTCHA image\" data-element-id=\"11\" width=\"115\" height=\"40\" \/><\/div><\/div><\/div><\/div><\/div><div class=\"quform-element quform-element-submit quform-element-3_2 quform-cf quform-button-style-sexy-silver\"><div class=\"quform-button-submit quform-button-submit-default quform-button-submit-3_2\"><button name=\"quform_submit\" type=\"submit\" class=\"quform-submit\" value=\"submit\"><span class=\"quform-button-text quform-button-submit-text\">Send<\/span><\/button><\/div><div class=\"quform-loading quform-loading-position-left quform-loading-type-spinner-1\"><div class=\"quform-loading-inner\"><div class=\"quform-loading-spinner\"><div class=\"quform-loading-spinner-inner\"><\/div><\/div><\/div><\/div><\/div><\/div><\/div><\/div><\/div><\/form><\/div>[\/et_pb_code][\/et_pb_column][\/et_pb_row][\/et_pb_section]<\/p>\n","protected":false},"excerpt":{"rendered":"<p>UN HOGAR LEJOS DE CASA Habitaci\u00f3nes y piso de vacacionesUN HOGAR LEJOS DE CASA Unas vacaciones de invierno diferentesUN HOGAR LEJOS DE CASA Disfrute de la paz y la tranquilidadUN HOGAR LEJOS DE CASA Observe animales poco comunesUN HOGAR LEJOS DE CASA Contemple la b\u00f3veda celesteUN HOGAR LEJOS DE CASA Deje que su alma cuelgue [&hellip;]<\/p>\n","protected":false},"author":1,"featured_media":0,"parent":0,"menu_order":0,"comment_status":"closed","ping_status":"closed","template":"","meta":{"_et_pb_use_builder":"on","_et_pb_old_content":"","_et_gb_content_width":"","footnotes":""},"class_list":["post-331","page","type-page","status-publish","hentry"],"_links":{"self":[{"href":"https:\/\/die-pension-auw.de\/es\/wp-json\/wp\/v2\/pages\/331","targetHints":{"allow":["GET"]}}],"collection":[{"href":"https:\/\/die-pension-auw.de\/es\/wp-json\/wp\/v2\/pages"}],"about":[{"href":"https:\/\/die-pension-auw.de\/es\/wp-json\/wp\/v2\/types\/page"}],"author":[{"embeddable":true,"href":"https:\/\/die-pension-auw.de\/es\/wp-json\/wp\/v2\/users\/1"}],"replies":[{"embeddable":true,"href":"https:\/\/die-pension-auw.de\/es\/wp-json\/wp\/v2\/comments?post=331"}],"version-history":[{"count":45,"href":"https:\/\/die-pension-auw.de\/es\/wp-json\/wp\/v2\/pages\/331\/revisions"}],"predecessor-version":[{"id":2104,"href":"https:\/\/die-pension-auw.de\/es\/wp-json\/wp\/v2\/pages\/331\/revisions\/2104"}],"wp:attachment":[{"href":"https:\/\/die-pension-auw.de\/es\/wp-json\/wp\/v2\/media?parent=331"}],"curies":[{"name":"wp","href":"https:\/\/api.w.org\/{rel}","templated":true}]}}